{"id":1860,"date":"2020-06-01T13:16:35","date_gmt":"2020-06-01T11:16:35","guid":{"rendered":"http:\/\/nmc.sk\/?page_id=1860"},"modified":"2020-09-23T12:28:46","modified_gmt":"2020-09-23T10:28:46","slug":"enviro2020","status":"publish","type":"page","link":"https:\/\/nmc.sk\/en\/enviro2020\/","title":{"rendered":"enviro2020"},"content":{"rendered":"<div class=\"wpb-content-wrapper\"><p>[vc_row full_width=&#8221;stretch_row&#8221; css=&#8221;.vc_custom_1600243462198{background-color: #f0ca43 !important;}&#8221;][vc_column][vc_custom_heading text=&#8221;TAKING PLACE IN NEW DATE&#8221; font_container=&#8221;tag:h2|font_size:38|text_align:center|color:%23ad643a|line_height:1&#8243; google_fonts=&#8221;font_family:Open%20Sans%3A300%2C300italic%2Cregular%2Citalic%2C600%2C600italic%2C700%2C700italic%2C800%2C800italic&#8221; css_animation=&#8221;none&#8221;][vc_custom_heading text=&#8221;due to Covid-19 pandemic&#8221; font_container=&#8221;tag:h3|font_size:26|text_align:center|color:%230a0a0a|line_height:1&#8243; google_fonts=&#8221;font_family:Open%20Sans%3A300%2C300italic%2Cregular%2Citalic%2C600%2C600italic%2C700%2C700italic%2C800%2C800italic&#8221;][\/vc_column][\/vc_row][vc_row full_width=&#8221;stretch_row&#8221; full_height=&#8221;yes&#8221; equal_height=&#8221;yes&#8221; content_placement=&#8221;middle&#8221; remove_padding=&#8221;no-padding-vc-row&#8221; bg_type=&#8221;grad&#8221; css=&#8221;.vc_custom_1600243846975{background-position: center !important;background-repeat: no-repeat !important;background-size: cover !important;}&#8221; bg_grad=&#8221;background: -webkit-gradient(linear, left top, left bottom, color-stop(0%, #F0CA43), color-stop(53%, #EFC942), color-stop(59%, #D79F28), color-stop(67%, #D79F28), color-stop(99%, #EFC942));background: -moz-linear-gradient(top,#F0CA43 0%,#EFC942 53%,#D79F28 59%,#D79F28 67%,#EFC942 99%);background: -webkit-linear-gradient(top,#F0CA43 0%,#EFC942 53%,#D79F28 59%,#D79F28 67%,#EFC942 99%);background: -o-linear-gradient(top,#F0CA43 0%,#EFC942 53%,#D79F28 59%,#D79F28 67%,#EFC942 99%);background: -ms-linear-gradient(top,#F0CA43 0%,#EFC942 53%,#D79F28 59%,#D79F28 67%,#EFC942 99%);background: linear-gradient(top,#F0CA43 0%,#EFC942 53%,#D79F28 59%,#D79F28 67%,#EFC942 99%);&#8221;][vc_column width=&#8221;1\/2&#8243;][vc_single_image image=&#8221;2226&#8243; img_size=&#8221;full&#8221; alignment=&#8221;center&#8221; onclick=&#8221;custom_link&#8221; css_animation=&#8221;right-to-left&#8221; css=&#8221;.vc_custom_1600437603040{padding-top: 20px !important;}&#8221; link=&#8221;https:\/\/nmc.sk\/en\/enviro2021\/&#8221;][vc_empty_space height=&#8221;200&#8243;][\/vc_column][vc_column width=&#8221;1\/2&#8243;][vc_empty_space height=&#8221;10&#8243;][vc_custom_heading text=&#8221;11th INTERNATIONAL EXPERTS&#8217; CONFERENCE&#8221; font_container=&#8221;tag:h3|font_size:26|text_align:left|color:%230a0a0a|line_height:1&#8243; google_fonts=&#8221;font_family:Open%20Sans%3A300%2C300italic%2Cregular%2Citalic%2C600%2C600italic%2C700%2C700italic%2C800%2C800italic|font_style:600%20bold%20regular%3A600%3Anormal&#8221;][vc_custom_heading text=&#8221;ENVIROMANAGEMENT 2021&#8243; font_container=&#8221;tag:h2|font_size:40|text_align:left|color:%23ad643a|line_height:1&#8243; google_fonts=&#8221;font_family:Open%20Sans%3A300%2C300italic%2Cregular%2Citalic%2C600%2C600italic%2C700%2C700italic%2C800%2C800italic&#8221; css_animation=&#8221;none&#8221; link=&#8221;url:https%3A%2F%2Fnmc.sk%2Fen%2Fenviro2021%2F|||&#8221;][vc_empty_space height=&#8221;20&#8243;][vc_custom_heading text=&#8221;WASTE INFRASTRUCTURE&#8221; font_container=&#8221;tag:h3|font_size:38|text_align:left|line_height:1&#8243; google_fonts=&#8221;font_family:Open%20Sans%3A300%2C300italic%2Cregular%2Citalic%2C600%2C600italic%2C700%2C700italic%2C800%2C800italic&#8221;][vc_empty_space height=&#8221;25&#8243;][vc_custom_heading text=&#8221;DEALING WITH THE COVID-19 EXPERIENCE&#8221; font_container=&#8221;tag:h3|font_size:38|text_align:left|color:%23ad643a|line_height:1&#8243; google_fonts=&#8221;font_family:Open%20Sans%3A300%2C300italic%2Cregular%2Citalic%2C600%2C600italic%2C700%2C700italic%2C800%2C800italic&#8221;][vc_empty_space height=&#8221;5&#8243;][vc_custom_heading text=&#8221;MAY 6 \u2013 7, 2021<br \/>\nHOTEL PATRIA****, \u0160TRBSK\u00c9 PLESO, HIGH TATRAS, SLOVAKIA&#8221; font_container=&#8221;tag:h4|font_size:20|text_align:left|color:%23000000|line_height:1.5&#8243; google_fonts=&#8221;font_family:Open%20Sans%3A300%2C300italic%2Cregular%2Citalic%2C600%2C600italic%2C700%2C700italic%2C800%2C800italic&#8221;][vc_empty_space height=&#8221;200&#8243;][\/vc_column][\/vc_row][vc_row full_width=&#8221;stretch_row&#8221; content_placement=&#8221;middle&#8221; remove_padding=&#8221;no-padding-vc-row&#8221; bg_type=&#8221;bg_color&#8221; css=&#8221;.vc_custom_1580418612169{padding-bottom: 0px !important;background-position: 0 0 !important;background-repeat: repeat !important;}&#8221; bg_color_value=&#8221;#efc942&#8243;][vc_column css=&#8221;.vc_custom_1580462907650{padding-top: 0px !important;}&#8221;]<div class=\"ult-content-box-container \" >\t\t<div class=\"ult-content-box\" style=\"box-shadow: px px px px none;-webkit-transition: all 700ms ease;-moz-transition: all 700ms ease;-ms-transition: all 700ms ease;-o-transition: all 700ms ease;transition: all 700ms ease;\"  data-hover_box_shadow=\"none\"    >[vc_column_text]<\/p>\n<p style=\"text-align: center;\">Due to the ever-changing situation of the Covid pandemic and traveling restrictions between European countries, the Program Committee has decided to postpone<\/p>\n<p style=\"text-align: center;\">the 11th international experts\u2019 conference<\/p>\n<h2 id=\"enviromanagement-2020\" style=\"text-align: center;\"><span style=\"color: #9f643c;\"><strong>Enviromanagement 2020<\/strong><\/span><\/h2>\n<p style=\"text-align: center;\">to the <strong>date of May 6 &#8211; 7, 2021.<\/strong><\/p>\n<p style=\"text-align: center;\">We believe one of the key benefits of holding the conference in a location where participants can meet and network with many other industry colleagues is key the success of past conferences.\u00a0 Sadly, this would not be the case if the conference was to go as originally planned.<\/p>\n<p style=\"text-align: center;\">The main topics of the conference will remain largely unchanged and up-to-date information on lecturers and presentations can be found on the Enviromanagement 2021 conference website.<\/p>\n<p style=\"text-align: center;\">Yours sincerely<\/p>\n<p style=\"text-align: center;\"><strong>Gabriela Stuchl\u00e1<\/strong><br \/>\nConference Manager<\/p>\n<p>[\/vc_column_text][vc_single_image image=&#8221;138&#8243; alignment=&#8221;center&#8221; style=&#8221;vc_box_border_circle_2&#8243; border_color=&#8221;white&#8221; css=&#8221;.vc_custom_1554074858152{padding-top: 50px !important;padding-bottom: 50px !important;}&#8221;][vc_custom_heading text=&#8221;\u201cWASTE &amp; RESOURCES MANAGEMENT TECHNOLOGIES AND INFRASTRUCTURE<br \/>\n&#8211; THE CHALLENGE OF MEETING CURRENT AND FUTURE DEMANDS\u201d&#8221; font_container=&#8221;tag:h4|font_size:20|text_align:center|line_height:1%2C5&#8243; google_fonts=&#8221;font_family:Open%20Sans%3A300%2C300italic%2Cregular%2Citalic%2C600%2C600italic%2C700%2C700italic%2C800%2C800italic&#8221;][vc_row_inner equal_height=&#8221;yes&#8221; disable_element=&#8221;yes&#8221;][vc_column_inner width=&#8221;1\/3&#8243;][\/vc_column_inner][vc_column_inner width=&#8221;1\/3&#8243;][vc_btn title=&#8221;Registration Form&#8221; style=&#8221;outline&#8221; color=&#8221;white&#8221; align=&#8221;center&#8221; link=&#8221;url:http%3A%2F%2Fnmc.sk%2Fwp-content%2Fuploads%2F2019%2F04%2FEnvi2019-Registration-form-20190410.docx||target:%20_blank|&#8221; css=&#8221;.vc_custom_1566297355090{margin-top: 20px !important;}&#8221;][\/vc_column_inner][vc_column_inner width=&#8221;1\/3&#8243;][\/vc_column_inner][\/vc_row_inner][vc_row_inner equal_height=&#8221;yes&#8221; content_placement=&#8221;middle&#8221;][vc_column_inner width=&#8221;1\/2&#8243; css=&#8221;.vc_custom_1588107246674{margin-top: 50px !important;margin-right: 50px !important;margin-bottom: 50px !important;margin-left: 50px !important;border-top-width: 1px !important;border-right-width: 1px !important;border-bottom-width: 1px !important;border-left-width: 1px !important;border-left-color: #ad643a !important;border-left-style: solid !important;border-right-color: #ad643a !important;border-right-style: solid !important;border-top-color: #ad643a !important;border-top-style: solid !important;border-bottom-color: #ad643a !important;border-bottom-style: solid !important;}&#8221;][vc_custom_heading text=&#8221;WASTE INFRASTRUCTURE&#8221; font_container=&#8221;tag:h3|font_size:30|text_align:center|color:%23000000|line_height:1&#8243; google_fonts=&#8221;font_family:Open%20Sans%3A300%2C300italic%2Cregular%2Citalic%2C600%2C600italic%2C700%2C700italic%2C800%2C800italic&#8221;][vc_custom_heading text=&#8221;TAILORED DEVELOPMENT, ON-TIME DELIVERY<br \/>\nAND SUSTAINABLE OPERATIONS&#8221; font_container=&#8221;tag:h4|font_size:20|text_align:center|color:%23ad643a|line_height:1.5&#8243; google_fonts=&#8221;font_family:Open%20Sans%3A300%2C300italic%2Cregular%2Citalic%2C600%2C600italic%2C700%2C700italic%2C800%2C800italic&#8221;][\/vc_column_inner][vc_column_inner width=&#8221;1\/2&#8243; css=&#8221;.vc_custom_1588107179497{margin: 50px !important;border: 1px solid #ad643a !important;}&#8221;][vc_custom_heading text=&#8221;DEALING WITH THE COVID-19 EXPERIENCE&#8221; font_container=&#8221;tag:h3|font_size:30|text_align:center|color:%23000000|line_height:1&#8243; google_fonts=&#8221;font_family:Open%20Sans%3A300%2C300italic%2Cregular%2Citalic%2C600%2C600italic%2C700%2C700italic%2C800%2C800italic&#8221;][vc_custom_heading text=&#8221;A NEW CHALLENGE FOR THE WASTE &amp; RESOURCES INDUSTRY&#8221; font_container=&#8221;tag:h4|font_size:20|text_align:center|color:%23ad643a|line_height:1.5&#8243; google_fonts=&#8221;font_family:Open%20Sans%3A300%2C300italic%2Cregular%2Citalic%2C600%2C600italic%2C700%2C700italic%2C800%2C800italic&#8221;][\/vc_column_inner][\/vc_row_inner]\t\t<\/div><\/div>[\/vc_column][\/vc_row][vc_row full_width=&#8221;stretch_row&#8221; equal_height=&#8221;yes&#8221; content_placement=&#8221;middle&#8221; color_style=&#8221;light&#8221; remove_padding=&#8221;no-padding-vc-row&#8221; css=&#8221;.vc_custom_1580418800657{padding-top: 50px !important;padding-bottom: 50px !important;background-color: #9f643c !important;}&#8221;][vc_column width=&#8221;1\/3&#8243;][vc_separator el_width=&#8221;90&#8243;][\/vc_column][vc_column width=&#8221;1\/3&#8243; color_style=&#8221;light&#8221;][vc_custom_heading text=&#8221;MAIN TOPICS&#8221; font_container=&#8221;tag:h2|font_size:30|text_align:center&#8221; google_fonts=&#8221;font_family:Open%20Sans%3A300%2C300italic%2Cregular%2Citalic%2C600%2C600italic%2C700%2C700italic%2C800%2C800italic|font_style:600%20bold%20regular%3A600%3Anormal&#8221;][\/vc_column][vc_column width=&#8221;1\/3&#8243;][vc_separator el_width=&#8221;90&#8243;][\/vc_column][\/vc_row][vc_row full_width=&#8221;stretch_row&#8221; content_placement=&#8221;top&#8221; color_style=&#8221;light&#8221; remove_padding=&#8221;no-padding-vc-row&#8221; bg_type=&#8221;bg_color&#8221; css=&#8221;.vc_custom_1588285347988{padding-top: 0px !important;padding-bottom: 0px !important;}&#8221; bg_color_value=&#8221;#9f643c&#8221; offset=&#8221;vc_hidden-sm vc_hidden-xs&#8221;][vc_column][vc_row_inner][vc_column_inner width=&#8221;1\/4&#8243;][\/vc_column_inner][vc_column_inner width=&#8221;1\/2&#8243; css=&#8221;.vc_custom_1588107719059{margin-top: 0px !important;margin-right: 0px !important;margin-bottom: 0px !important;margin-left: 0px !important;}&#8221;][vc_custom_heading text=&#8221;WASTE INFRASTRUCTURE&#8221; font_container=&#8221;tag:h3|font_size:30|text_align:center|color:%23ffffff|line_height:1&#8243; google_fonts=&#8221;font_family:Open%20Sans%3A300%2C300italic%2Cregular%2Citalic%2C600%2C600italic%2C700%2C700italic%2C800%2C800italic&#8221; css=&#8221;.vc_custom_1588114393304{margin: 50px !important;padding: 20px !important;border: 1px solid #ffffff !important;}&#8221;][\/vc_column_inner][vc_column_inner width=&#8221;1\/4&#8243;][\/vc_column_inner][\/vc_row_inner][vc_empty_space height=&#8221;50&#8243;]<div class=\"smile_icon_list_wrap ult_info_list_container ult-adjust-bottom-margin   vc_custom_1580163372772\"><ul class=\"smile_icon_list left circle with_bg\"><li class=\"icon_list_item\" style=\" font-size:105px;\"><div class=\"icon_list_icon\" data-animation=\"\" data-animation-delay=\"03\" style=\"font-size:35px;border-width:1px;border-style:none;background:rgba(255,255,255,0.01);color:#333333;border-color:#333333;\"><img decoding=\"async\" class=\"list-img-icon\" alt=\"null\" src=\"https:\/\/nmc.sk\/wp-content\/uploads\/2020\/01\/development-topic.png\"\/><\/div><div class=\"icon_description\" id=\"Info-list-wrap-3804\" style=\"font-size:35px;\"><h3 class=\"ult-responsive info-list-heading\"  data-ultimate-target='#Info-list-wrap-3804 h3'  data-responsive-json-new='{\"font-size\":\"desktop:18px;\",\"line-height\":\"desktop:25px;\"}'  style=\"font-weight:bold;color:#ffffff;\">INFRASTRUCTURE DEVELOPMENT<\/h3><div class=\"icon_description_text ult-responsive\"  data-ultimate-target='#Info-list-wrap-3804 .icon_description_text'  data-responsive-json-new='{\"font-size\":\"desktop:17px;\",\"line-height\":\"desktop:23px;\"}'  style=\"color:#ffffff;\"><p style=\"text-align: left;\">Infrastructure development for waste &amp; resource management:<\/p>\n<ul style=\"text-align: left;\">\n<li>Current economic and environmental needs.<\/li>\n<li>National strategies and goals and European environmental policy.<\/li>\n<li>Relevant legal framework for the area of waste and resource infrastructure projects.<\/li>\n<li>Funding of infrastructure &#8211; economic and financial considerations.<\/li>\n<li>Financial performance of waste treatment projects.<\/li>\n<li>Reduction of pollution and environmental burdens.<\/li>\n<li>Newly available and potential methods of treatment and disposal.<\/li>\n<\/ul>\n<\/div><\/div><div class=\"icon_list_connector\"  style=\"border: none !important;\"><\/div><\/li><li class=\"icon_list_item\" style=\" font-size:105px;\"><div class=\"icon_list_icon\" data-animation=\"\" data-animation-delay=\"03\" style=\"font-size:35px;border-width:1px;border-style:none;background:rgba(255,255,255,0.01);color:#333333;border-color:#333333;\"><img decoding=\"async\" class=\"list-img-icon\" alt=\"null\" src=\"https:\/\/nmc.sk\/wp-content\/uploads\/2020\/01\/delivery-topic.png\"\/><\/div><div class=\"icon_description\" id=\"Info-list-wrap-2747\" style=\"font-size:35px;\"><h3 class=\"ult-responsive info-list-heading\"  data-ultimate-target='#Info-list-wrap-2747 h3'  data-responsive-json-new='{\"font-size\":\"desktop:18px;\",\"line-height\":\"desktop:25px;\"}'  style=\"font-weight:bold;color:#ffffff;\">DELIVERY OF INFRASTRUCTURE<\/h3><div class=\"icon_description_text ult-responsive\"  data-ultimate-target='#Info-list-wrap-2747 .icon_description_text'  data-responsive-json-new='{\"font-size\":\"desktop:17px;\",\"line-height\":\"desktop:23px;\"}'  style=\"color:#ffffff;\"><p>Conditions, possibilities and external factors:<\/p>\n<ul>\n<li>Current processing capacity and ensuring future requirements are met.<\/li>\n<li>New built facilities and emerging technologies.<\/li>\n<li>Infrastructure for the transport and delivery of waste and resources.<\/li>\n<li>Recent operational experiences.<\/li>\n<li>State-of-the-art waste treatment technologies: Features, opportunities, limitations.<\/li>\n<\/ul>\n<\/div><\/div><div class=\"icon_list_connector\"  style=\"border: none !important;\"><\/div><\/li><li class=\"icon_list_item\" style=\" font-size:105px;\"><div class=\"icon_list_icon\" data-animation=\"\" data-animation-delay=\"03\" style=\"font-size:35px;border-width:1px;border-style:none;background:rgba(255,255,255,0.01);color:#333333;border-color:#333333;\"><img decoding=\"async\" class=\"list-img-icon\" alt=\"null\" src=\"https:\/\/nmc.sk\/wp-content\/uploads\/2020\/01\/operationt-topic.png\"\/><\/div><div class=\"icon_description\" id=\"Info-list-wrap-6870\" style=\"font-size:35px;\"><h3 class=\"ult-responsive info-list-heading\"  data-ultimate-target='#Info-list-wrap-6870 h3'  data-responsive-json-new='{\"font-size\":\"desktop:18px;\",\"line-height\":\"desktop:25px;\"}'  style=\"font-weight:bold;color:#ffffff;\">OPERATION OF INFRASTRUCTURE<\/h3><div class=\"icon_description_text ult-responsive\"  data-ultimate-target='#Info-list-wrap-6870 .icon_description_text'  data-responsive-json-new='{\"font-size\":\"desktop:17px;\",\"line-height\":\"desktop:23px;\"}'  style=\"color:#ffffff;\"><p style=\"text-align: left;\">Operation of facilities and the role of technology:<\/p>\n<ul style=\"text-align: left;\">\n<li>Current capacity, limits and limitations vs. required and planned outputs.<\/li>\n<li>Expected and planned technological changes and innovations.<\/li>\n<li>Public Relations &#8211; negative attitudes of the public and how to overcome them<\/li>\n<li>Case studies from recent projects<\/li>\n<\/ul>\n<\/div><\/div><div class=\"icon_list_connector\"  style=\"border: none !important;\"><\/div><\/li><\/ul><\/div>[vc_row_inner][vc_column_inner width=&#8221;1\/4&#8243;][\/vc_column_inner][vc_column_inner width=&#8221;1\/2&#8243; css=&#8221;.vc_custom_1588107719059{margin-top: 0px !important;margin-right: 0px !important;margin-bottom: 0px !important;margin-left: 0px !important;}&#8221;][vc_custom_heading text=&#8221;COVID-19 EXPERIENCE&#8221; font_container=&#8221;tag:h3|font_size:30|text_align:center|color:%23ffffff|line_height:1&#8243; google_fonts=&#8221;font_family:Open%20Sans%3A300%2C300italic%2Cregular%2Citalic%2C600%2C600italic%2C700%2C700italic%2C800%2C800italic&#8221; css=&#8221;.vc_custom_1588114403990{margin: 50px !important;padding: 20px !important;border: 1px solid #ffffff !important;}&#8221;][\/vc_column_inner][vc_column_inner width=&#8221;1\/4&#8243;][\/vc_column_inner][\/vc_row_inner][vc_column_text css=&#8221;.vc_custom_1588108386051{padding-bottom: 50px !important;}&#8221;]<\/p>\n<p style=\"text-align: left;\"><strong>The year 2020 will forever be remembered for the COVID-19 pandemic.<br \/>\n<\/strong>The pandemic COVID-19 exposed just how vulnerable a modern global society is\u00a0and at the same time provided a stark warning that:<\/p>\n<ul>\n<li>in times of national crisis, response plans must not overlook the ongoing importance of managing waste; and<\/li>\n<li>that the waste and resource industry must have its own crisis management plans together with resilient infrastructure able to operate throughout a crisis.<\/li>\n<\/ul>\n<p>We now see that each country chose a different approach to managing its waste during the pandemic. We would therefore like to use this opportunity to compare the effectiveness of different responses and strategies within the sector. \u00a0This is a unique chance reflect, and also prepare the waste and resource industry for future crises management.[\/vc_column_text]<div class=\"smile_icon_list_wrap ult_info_list_container ult-adjust-bottom-margin   vc_custom_1580163372772\"><ul class=\"smile_icon_list left circle with_bg\"><li class=\"icon_list_item\" style=\" font-size:105px;\"><div class=\"icon_list_icon\" data-animation=\"\" data-animation-delay=\"03\" style=\"font-size:35px;border-width:1px;border-style:none;background:rgba(255,255,255,0.01);color:#333333;border-color:#333333;\"><img decoding=\"async\" class=\"list-img-icon\" alt=\"null\" src=\"https:\/\/nmc.sk\/wp-content\/uploads\/2020\/04\/covid19-topic.png\"\/><\/div><div class=\"icon_description\" id=\"Info-list-wrap-1499\" style=\"font-size:35px;\"><h3 class=\"ult-responsive info-list-heading\"  data-ultimate-target='#Info-list-wrap-1499 h3'  data-responsive-json-new='{\"font-size\":\"desktop:18px;\",\"line-height\":\"desktop:25px;\"}'  style=\"font-weight:bold;color:#ffffff;\">DEALING WITH THE COVID-19 EXPERIENCE<\/h3><div class=\"icon_description_text ult-responsive\"  data-ultimate-target='#Info-list-wrap-1499 .icon_description_text'  data-responsive-json-new='{\"font-size\":\"desktop:17px;\",\"line-height\":\"desktop:23px;\"}'  style=\"color:#ffffff;\"><p style=\"text-align: left;\">A New Challenge for the Waste &amp; Resources Industry:<\/p>\n<ul style=\"text-align: left;\">\n<li>Importance of the waste and resource sector in crisis management.<\/li>\n<li>Continuity of essential services and workforce management.<\/li>\n<li>Implementing crisis operations and returning to normal services.<\/li>\n<li>Impact of preemptive and quarantine measures on operations.<\/li>\n<li>Maintaining up to date crisis management plans.<\/li>\n<li>Financial considerations during a crisis situation.<\/li>\n<li>International responses to the pandemic and the effectiveness of adopted measures.<\/li>\n<\/ul>\n<\/div><\/div><div class=\"icon_list_connector\"  style=\"border: none !important;\"><\/div><\/li><\/ul><\/div>[vc_row_inner][vc_column_inner css=&#8221;.vc_custom_1580418847555{padding-top: 50px !important;}&#8221;][vc_single_image image=&#8221;1525&#8243; img_size=&#8221;full&#8221; alignment=&#8221;center&#8221; css=&#8221;.vc_custom_1580165836692{padding-bottom: 100px !important;}&#8221;][\/vc_column_inner][\/vc_row_inner][\/vc_column][\/vc_row][vc_row full_width=&#8221;stretch_row&#8221; content_placement=&#8221;top&#8221; color_style=&#8221;light&#8221; remove_padding=&#8221;no-padding-vc-row&#8221; bg_type=&#8221;bg_color&#8221; css=&#8221;.vc_custom_1588285359778{padding-top: 0px !important;padding-bottom: 0px !important;}&#8221; bg_color_value=&#8221;#9f643c&#8221; offset=&#8221;vc_hidden-lg vc_hidden-md&#8221;][vc_column][vc_row_inner][vc_column_inner width=&#8221;1\/4&#8243;][\/vc_column_inner][vc_column_inner width=&#8221;1\/2&#8243; css=&#8221;.vc_custom_1588107719059{margin-top: 0px !important;margin-right: 0px !important;margin-bottom: 0px !important;margin-left: 0px !important;}&#8221;][vc_custom_heading text=&#8221;WASTE INFRASTRUCTURE&#8221; font_container=&#8221;tag:h3|font_size:30|text_align:center|color:%23ffffff|line_height:1&#8243; google_fonts=&#8221;font_family:Open%20Sans%3A300%2C300italic%2Cregular%2Citalic%2C600%2C600italic%2C700%2C700italic%2C800%2C800italic&#8221; css=&#8221;.vc_custom_1588114393304{margin: 50px !important;padding: 20px !important;border: 1px solid #ffffff !important;}&#8221;][\/vc_column_inner][vc_column_inner width=&#8221;1\/4&#8243;][\/vc_column_inner][\/vc_row_inner][vc_empty_space height=&#8221;50&#8243;]<div class=\"smile_icon_list_wrap ult_info_list_container ult-adjust-bottom-margin   vc_custom_1588285367899\"><ul class=\"smile_icon_list top circle with_bg\"><li class=\"icon_list_item\" style=\" font-size:105px;\"><div class=\"icon_list_icon\" data-animation=\"\" data-animation-delay=\"03\" style=\"font-size:35px;border-width:1px;border-style:none;background:rgba(255,255,255,0.01);color:#333333;border-color:#333333;\"><img decoding=\"async\" class=\"list-img-icon\" alt=\"null\" src=\"https:\/\/nmc.sk\/wp-content\/uploads\/2020\/01\/development-topic.png\"\/><\/div><div class=\"icon_description\" id=\"Info-list-wrap-3417\" style=\"font-size:35px;\"><h3 class=\"ult-responsive info-list-heading\"  data-ultimate-target='#Info-list-wrap-3417 h3'  data-responsive-json-new='{\"font-size\":\"desktop:18px;\",\"line-height\":\"desktop:25px;\"}'  style=\"font-weight:bold;color:#ffffff;\">INFRASTRUCTURE DEVELOPMENT<\/h3><div class=\"icon_description_text ult-responsive\"  data-ultimate-target='#Info-list-wrap-3417 .icon_description_text'  data-responsive-json-new='{\"font-size\":\"desktop:17px;\",\"line-height\":\"desktop:23px;\"}'  style=\"color:#ffffff;\"><p style=\"text-align: center;\">Infrastructure development for waste &amp; resource management:<\/p>\n<p style=\"text-align: center;\">Current economic and environmental needs.<\/p>\n<p style=\"text-align: center;\">National strategies and goals and European environmental policy.<\/p>\n<p style=\"text-align: center;\">Relevant legal framework for the area of waste and resource infrastructure projects.<\/p>\n<p style=\"text-align: center;\">Funding of infrastructure &#8211; economic and financial considerations.<\/p>\n<p style=\"text-align: center;\">Financial performance of waste treatment projects.<\/p>\n<p style=\"text-align: center;\">Reduction of pollution and environmental burdens.<\/p>\n<p style=\"text-align: center;\">Newly available and potential methods of treatment and disposal.<\/p>\n<\/div><\/div><div class=\"icon_list_connector\" data-animation=\"fadeInLeft\" data-animation-delay=\"03\" style=\"border: none !important;\"><\/div><\/li><li class=\"icon_list_item\" style=\" font-size:105px;\"><div class=\"icon_list_icon\" data-animation=\"\" data-animation-delay=\"03\" style=\"font-size:35px;border-width:1px;border-style:none;background:rgba(255,255,255,0.01);color:#333333;border-color:#333333;\"><img decoding=\"async\" class=\"list-img-icon\" alt=\"null\" src=\"https:\/\/nmc.sk\/wp-content\/uploads\/2020\/01\/delivery-topic.png\"\/><\/div><div class=\"icon_description\" id=\"Info-list-wrap-5806\" style=\"font-size:35px;\"><h3 class=\"ult-responsive info-list-heading\"  data-ultimate-target='#Info-list-wrap-5806 h3'  data-responsive-json-new='{\"font-size\":\"desktop:18px;\",\"line-height\":\"desktop:25px;\"}'  style=\"font-weight:bold;color:#ffffff;\">DELIVERY OF INFRASTRUCTURE<\/h3><div class=\"icon_description_text ult-responsive\"  data-ultimate-target='#Info-list-wrap-5806 .icon_description_text'  data-responsive-json-new='{\"font-size\":\"desktop:17px;\",\"line-height\":\"desktop:23px;\"}'  style=\"color:#ffffff;\"><p style=\"text-align: center;\">Conditions, possibilities and external factors:<\/p>\n<p style=\"text-align: center;\">Current processing capacity and ensuring future requirements are met.<\/p>\n<p style=\"text-align: center;\">New built facilities and emerging technologies.<\/p>\n<p style=\"text-align: center;\">Infrastructure for the transport and delivery of waste and resources.<\/p>\n<p style=\"text-align: center;\">Recent operational experiences.<\/p>\n<p style=\"text-align: center;\">State-of-the-art waste treatment technologies: Features, opportunities, limitations.<\/p>\n<\/div><\/div><div class=\"icon_list_connector\" data-animation=\"fadeInLeft\" data-animation-delay=\"03\" style=\"border: none !important;\"><\/div><\/li><li class=\"icon_list_item\" style=\" font-size:105px;\"><div class=\"icon_list_icon\" data-animation=\"\" data-animation-delay=\"03\" style=\"font-size:35px;border-width:1px;border-style:none;background:rgba(255,255,255,0.01);color:#333333;border-color:#333333;\"><img decoding=\"async\" class=\"list-img-icon\" alt=\"null\" src=\"https:\/\/nmc.sk\/wp-content\/uploads\/2020\/01\/operationt-topic.png\"\/><\/div><div class=\"icon_description\" id=\"Info-list-wrap-5576\" style=\"font-size:35px;\"><h3 class=\"ult-responsive info-list-heading\"  data-ultimate-target='#Info-list-wrap-5576 h3'  data-responsive-json-new='{\"font-size\":\"desktop:18px;\",\"line-height\":\"desktop:25px;\"}'  style=\"font-weight:bold;color:#ffffff;\">OPERATION OF INFRASTRUCTURE<\/h3><div class=\"icon_description_text ult-responsive\"  data-ultimate-target='#Info-list-wrap-5576 .icon_description_text'  data-responsive-json-new='{\"font-size\":\"desktop:17px;\",\"line-height\":\"desktop:23px;\"}'  style=\"color:#ffffff;\"><p style=\"text-align: center;\">Operation of facilities and the role of technology:<\/p>\n<p style=\"text-align: center;\">Current capacity, limits and limitations vs. required and planned outputs.<\/p>\n<p style=\"text-align: center;\">Expected and planned technological changes and innovations.<\/p>\n<p style=\"text-align: center;\">Public Relations &#8211; negative attitudes of the public and how to overcome them<\/p>\n<p style=\"text-align: center;\">Case studies from recent projects<\/p>\n<\/div><\/div><div class=\"icon_list_connector\" data-animation=\"fadeInLeft\" data-animation-delay=\"03\" style=\"border: none !important;\"><\/div><\/li><\/ul><\/div>[vc_row_inner][vc_column_inner width=&#8221;1\/4&#8243;][\/vc_column_inner][vc_column_inner width=&#8221;1\/2&#8243; css=&#8221;.vc_custom_1588107719059{margin-top: 0px !important;margin-right: 0px !important;margin-bottom: 0px !important;margin-left: 0px !important;}&#8221;][vc_custom_heading text=&#8221;COVID-19 EXPERIENCE&#8221; font_container=&#8221;tag:h3|font_size:30|text_align:center|color:%23ffffff|line_height:1&#8243; google_fonts=&#8221;font_family:Open%20Sans%3A300%2C300italic%2Cregular%2Citalic%2C600%2C600italic%2C700%2C700italic%2C800%2C800italic&#8221; css=&#8221;.vc_custom_1588114403990{margin: 50px !important;padding: 20px !important;border: 1px solid #ffffff !important;}&#8221;][\/vc_column_inner][vc_column_inner width=&#8221;1\/4&#8243;][\/vc_column_inner][\/vc_row_inner][vc_column_text css=&#8221;.vc_custom_1588285416734{padding-bottom: 50px !important;}&#8221;]<\/p>\n<p style=\"text-align: center;\"><strong>The year 2020 will forever be remembered for the COVID-19 pandemic.<br \/>\n<\/strong>The pandemic COVID-19 exposed just how vulnerable a modern global society is\u00a0and at the same time provided a stark warning that:<\/p>\n<ul style=\"text-align: center;\">\n<li>in times of national crisis, response plans must not overlook the ongoing importance of managing waste; and<\/li>\n<li>that the waste and resource industry must have its own crisis management plans together with resilient infrastructure able to operate throughout a crisis.<\/li>\n<\/ul>\n<p style=\"text-align: center;\">We now see that each country chose a different approach to managing its waste during the pandemic. We would therefore like to use this opportunity to compare the effectiveness of different responses and strategies within the sector. \u00a0This is a unique chance reflect, and also prepare the waste and resource industry for future crises management.<\/p>\n<p>[\/vc_column_text]<div class=\"smile_icon_list_wrap ult_info_list_container ult-adjust-bottom-margin   vc_custom_1588285438127\"><ul class=\"smile_icon_list top circle with_bg\"><li class=\"icon_list_item\" style=\" font-size:105px;\"><div class=\"icon_list_icon\" data-animation=\"\" data-animation-delay=\"03\" style=\"font-size:35px;border-width:1px;border-style:none;background:rgba(255,255,255,0.01);color:#333333;border-color:#333333;\"><img decoding=\"async\" class=\"list-img-icon\" alt=\"null\" src=\"https:\/\/nmc.sk\/wp-content\/uploads\/2020\/04\/covid19-topic.png\"\/><\/div><div class=\"icon_description\" id=\"Info-list-wrap-9749\" style=\"font-size:35px;\"><h3 class=\"ult-responsive info-list-heading\"  data-ultimate-target='#Info-list-wrap-9749 h3'  data-responsive-json-new='{\"font-size\":\"desktop:18px;\",\"line-height\":\"desktop:25px;\"}'  style=\"font-weight:bold;color:#ffffff;\">DEALING WITH THE COVID-19 EXPERIENCE<\/h3><div class=\"icon_description_text ult-responsive\"  data-ultimate-target='#Info-list-wrap-9749 .icon_description_text'  data-responsive-json-new='{\"font-size\":\"desktop:17px;\",\"line-height\":\"desktop:23px;\"}'  style=\"color:#ffffff;\"><p style=\"text-align: center;\">A New Challenge for the Waste &amp; Resources Industry:<\/p>\n<p style=\"text-align: center;\">Importance of the of waste and resource sector in crisis management.<\/p>\n<p style=\"text-align: center;\">Continuity of essential services and workforce management.<\/p>\n<p style=\"text-align: center;\">Implementing crisis operations and returning to normal services.<\/p>\n<p style=\"text-align: center;\">Impact of preemptive and quarantine measures on operations.<\/p>\n<p style=\"text-align: center;\">Maintaining up to date crisis management plans.<\/p>\n<p style=\"text-align: center;\">Financial considerations during a crisis situation.<\/p>\n<p style=\"text-align: center;\">International responses to the pandemic and the effectiveness of adopted measures.<\/p>\n<\/div><\/div><div class=\"icon_list_connector\" data-animation=\"fadeInLeft\" data-animation-delay=\"03\" style=\"border: none !important;\"><\/div><\/li><\/ul><\/div>[vc_row_inner][vc_column_inner css=&#8221;.vc_custom_1580418847555{padding-top: 50px !important;}&#8221;][vc_single_image image=&#8221;1525&#8243; img_size=&#8221;full&#8221; alignment=&#8221;center&#8221; css=&#8221;.vc_custom_1580165836692{padding-bottom: 100px !important;}&#8221;][\/vc_column_inner][\/vc_row_inner][\/vc_column][\/vc_row][vc_row full_width=&#8221;stretch_row&#8221; content_placement=&#8221;middle&#8221; disable_element=&#8221;yes&#8221; color_style=&#8221;light&#8221; remove_padding=&#8221;no-padding-vc-row&#8221; css=&#8221;.vc_custom_1580163730283{padding-bottom: 100px !important;background-color: #569f39 !important;}&#8221;][vc_column css=&#8221;.vc_custom_1554732137554{padding-top: 50px !important;padding-bottom: 0px !important;}&#8221;][vc_single_image image=&#8221;1131&#8243; img_size=&#8221;full&#8221; alignment=&#8221;center&#8221; css=&#8221;.vc_custom_1554747474180{padding-bottom: 100px !important;}&#8221;][vc_column_text]<\/p>\n<h3 id=\"\u00a0mo\u017dnosti-odbornej-a-firemne\" style=\"text-align: center;\">\u00a0Possibilies of professional and\/or corporate (commercial) presentation<\/h3>\n<h5 id=\"inform\u00e1cie-o-mo\u017enostiach-a-p\" style=\"text-align: center;\">Information on possibilities and conditions for expert and commercial presentation is available from the organizer of the conference.<\/h5>\n<p>[\/vc_column_text][\/vc_column][\/vc_row][vc_section full_width=&#8221;stretch_row&#8221; content_placement=&#8221;middle&#8221; css=&#8221;.vc_custom_1580419833211{background-image: url(http:\/\/nmc.sk\/wp-content\/uploads\/2019\/04\/ep_naturalwhiter.png?id=1180) !important;background-position: 0 0 !important;background-repeat: repeat !important;}&#8221;][vc_row full_width=&#8221;stretch_row&#8221; equal_height=&#8221;yes&#8221; content_placement=&#8221;middle&#8221; remove_padding=&#8221;no-padding-vc-row&#8221; css=&#8221;.vc_custom_1580420192608{padding-top: 50px !important;background-image: url(http:\/\/nmc.sk\/wp-content\/uploads\/2019\/04\/ep_naturalwhiter.png?id=1180) !important;background-position: 0 0 !important;background-repeat: repeat !important;}&#8221; offset=&#8221;vc_hidden-sm vc_hidden-xs&#8221;][vc_column]<div class=\"ult-content-box-container \" >\t\t<div class=\"ult-content-box\" style=\"box-shadow: px px px px none;-webkit-transition: all 700ms ease;-moz-transition: all 700ms ease;-ms-transition: all 700ms ease;-o-transition: all 700ms ease;transition: all 700ms ease;\"  data-hover_box_shadow=\"none\"    >[vc_row_inner][vc_column_inner width=&#8221;1\/4&#8243;][vc_separator color=&#8221;custom&#8221; el_width=&#8221;90&#8243; accent_color=&#8221;#c08c3d&#8221;][\/vc_column_inner][vc_column_inner width=&#8221;1\/2&#8243;][vc_custom_heading text=&#8221;PROGRAM COMMITTEE&#8221; font_container=&#8221;tag:h2|font_size:30|text_align:center|color:%239b6411&#8243; google_fonts=&#8221;font_family:Open%20Sans%3A300%2C300italic%2Cregular%2Citalic%2C600%2C600italic%2C700%2C700italic%2C800%2C800italic&#8221;][vc_column_text]<\/p>\n<h4 id=\"in-alphabetical-order\" style=\"text-align: center;\"><span style=\"color: #9b6411;\">(in alphabetical order)<\/span><\/h4>\n<p>[\/vc_column_text][\/vc_column_inner][vc_column_inner width=&#8221;1\/4&#8243;][vc_separator color=&#8221;custom&#8221; el_width=&#8221;90&#8243; accent_color=&#8221;#c08c3d&#8221;][\/vc_column_inner][\/vc_row_inner][vc_row_inner equal_height=&#8221;yes&#8221; content_placement=&#8221;middle&#8221; css=&#8221;.vc_custom_1580419919111{padding-top: 50px !important;padding-bottom: 50px !important;}&#8221;][vc_column_inner width=&#8221;1\/4&#8243;][vc_single_image image=&#8221;158&#8243; alignment=&#8221;center&#8221; style=&#8221;vc_box_border_circle_2&#8243; border_color=&#8221;white&#8221;][\/vc_column_inner][vc_column_inner width=&#8221;1\/4&#8243;][vc_column_text]<span style=\"color: #9b6411;\"><strong><u>Ing. Petr Havelka<\/u><\/strong><\/span><\/p>\n<p><span style=\"color: #9b6411;\">Executive Director<\/span><\/p>\n<p><span style=\"color: #9b6411;\">\u010cAOH \u2013 The Czech Waste Management Association, Prague, Czech Republic<\/span>[\/vc_column_text][\/vc_column_inner][vc_column_inner width=&#8221;1\/4&#8243;][vc_single_image image=&#8221;168&#8243; alignment=&#8221;center&#8221; style=&#8221;vc_box_border_circle_2&#8243; border_color=&#8221;white&#8221;][\/vc_column_inner][vc_column_inner width=&#8221;1\/4&#8243;][vc_column_text]<span style=\"color: #9b6411;\"><strong><u>Dipl.-Ing. Peter Hoffmeyer<\/u><\/strong><\/span><\/p>\n<p><span style=\"color: #9b6411;\">CEO<\/span><\/p>\n<p><span style=\"color: #9b6411;\">Nehlsen AG, Bremen, Germany<\/span>[\/vc_column_text][\/vc_column_inner][\/vc_row_inner][vc_row_inner equal_height=&#8221;yes&#8221; content_placement=&#8221;middle&#8221; css=&#8221;.vc_custom_1580419913404{padding-top: 50px !important;padding-bottom: 50px !important;}&#8221;][vc_column_inner width=&#8221;1\/4&#8243;][vc_single_image image=&#8221;1526&#8243; alignment=&#8221;center&#8221; style=&#8221;vc_box_border_circle_2&#8243; border_color=&#8221;white&#8221;][\/vc_column_inner][vc_column_inner width=&#8221;1\/4&#8243;][vc_column_text]<span style=\"color: #9b6411;\"><strong><u>Euston Ling, BE(Chem), MBT, FCIWM<\/u><\/strong><\/span><\/p>\n<p><span style=\"color: #9b6411;\">Head of Technical Assurance for the North London Heat &amp; Power Project<\/span><\/p>\n<p><span style=\"color: #9b6411;\">North London Waste Authority, London, UK<\/span>[\/vc_column_text][\/vc_column_inner][vc_column_inner width=&#8221;1\/4&#8243;][vc_single_image image=&#8221;171&#8243; alignment=&#8221;center&#8221; style=&#8221;vc_box_border_circle_2&#8243; border_color=&#8221;white&#8221;][\/vc_column_inner][vc_column_inner width=&#8221;1\/4&#8243;][vc_column_text]<span style=\"color: #9b6411;\"><strong><u>Mgr. Jozef Seman\u010d\u00edn, LL.M.<\/u><\/strong><\/span><\/p>\n<p><span style=\"color: #9b6411;\">Managing Partner<\/span><\/p>\n<p><span style=\"color: #9b6411;\">SEMAN\u010c\u00cdN &amp; PARTNERS s.r.o., Bratislava, Slovakia<\/span>[\/vc_column_text][\/vc_column_inner][\/vc_row_inner][vc_row_inner equal_height=&#8221;yes&#8221; content_placement=&#8221;middle&#8221; css=&#8221;.vc_custom_1580419905347{padding-top: 50px !important;padding-bottom: 50px !important;}&#8221;][vc_column_inner width=&#8221;1\/4&#8243;][vc_single_image image=&#8221;1527&#8243; alignment=&#8221;center&#8221; style=&#8221;vc_box_border_circle_2&#8243; border_color=&#8221;white&#8221;][\/vc_column_inner][vc_column_inner width=&#8221;1\/4&#8243;][vc_column_text]<span style=\"color: #9b6411;\"><strong><u>Dipl.-Ing. Reinhard Siebenhandl<\/u><\/strong><\/span><\/p>\n<p><span style=\"color: #9b6411;\">Chairman of the Technical Committee for Waste Management and City Cleaning<\/span><\/p>\n<p><span style=\"color: #9b6411;\">Association of Austrian Cities and Towns, Vienna, Austria<\/span>[\/vc_column_text][\/vc_column_inner][vc_column_inner width=&#8221;1\/4&#8243;][vc_single_image image=&#8221;170&#8243; alignment=&#8221;center&#8221; style=&#8221;vc_box_border_circle_2&#8243; border_color=&#8221;white&#8221;][\/vc_column_inner][vc_column_inner width=&#8221;1\/4&#8243;][vc_column_text]<span style=\"color: #9b6411;\"><strong><u>Dipl.-Ing. Martin Steiner<\/u><\/strong><\/span><\/p>\n<p><span style=\"color: #9b6411;\">CEO<\/span><\/p>\n<p><span style=\"color: #9b6411;\">TBU Environmental Engineering Consultants, Innsbruck, Austria<\/span>[\/vc_column_text][\/vc_column_inner][\/vc_row_inner][vc_row_inner][vc_column_inner width=&#8221;1\/4&#8243;][vc_separator color=&#8221;custom&#8221; el_width=&#8221;90&#8243; accent_color=&#8221;#c08c3d&#8221;][\/vc_column_inner][vc_column_inner width=&#8221;1\/2&#8243;][vc_custom_heading text=&#8221;ORGANIZER AND CONFERENCE MANAGER&#8221; font_container=&#8221;tag:h2|font_size:30|text_align:center|color:%239b6411&#8243; google_fonts=&#8221;font_family:Open%20Sans%3A300%2C300italic%2Cregular%2Citalic%2C600%2C600italic%2C700%2C700italic%2C800%2C800italic&#8221;][\/vc_column_inner][vc_column_inner width=&#8221;1\/4&#8243;][vc_separator color=&#8221;custom&#8221; el_width=&#8221;90&#8243; accent_color=&#8221;#c08c3d&#8221;][\/vc_column_inner][\/vc_row_inner][vc_row_inner equal_height=&#8221;yes&#8221; content_placement=&#8221;middle&#8221; css=&#8221;.vc_custom_1600244150069{margin-top: 50px !important;margin-bottom: 50px !important;}&#8221;][vc_column_inner width=&#8221;1\/4&#8243;][\/vc_column_inner][vc_column_inner width=&#8221;1\/4&#8243;][vc_single_image image=&#8221;1585&#8243; alignment=&#8221;center&#8221; style=&#8221;vc_box_border_circle_2&#8243; border_color=&#8221;white&#8221;][\/vc_column_inner][vc_column_inner width=&#8221;1\/4&#8243;][vc_column_text]<span style=\"color: #9b6411;\"><strong><u>Gabriela Stuchl\u00e1<\/u><\/strong><\/span><\/p>\n<p><span style=\"color: #9b6411;\">CEO<\/span><\/p>\n<p><span style=\"color: #9b6411;\">NMC spol. s r.o., \u017dilina, Slovakia<br \/>\n<\/span>[\/vc_column_text][\/vc_column_inner][vc_column_inner width=&#8221;1\/4&#8243;][\/vc_column_inner][\/vc_row_inner]\t\t<\/div><\/div>[vc_column_text]<a name=\"programovyvybor\"><\/a><\/p>\n<div id=\"programovyvybor\"><\/div>\n<p>[\/vc_column_text][\/vc_column][\/vc_row][vc_row full_width=&#8221;stretch_row&#8221; equal_height=&#8221;yes&#8221; content_placement=&#8221;middle&#8221; remove_padding=&#8221;no-padding-vc-row&#8221; css=&#8221;.vc_custom_1580420200763{padding-top: 50px !important;background-image: url(http:\/\/nmc.sk\/wp-content\/uploads\/2019\/04\/ep_naturalwhiter.png?id=1180) !important;background-position: 0 0 !important;background-repeat: repeat !important;}&#8221; offset=&#8221;vc_hidden-lg vc_hidden-md&#8221;][vc_column]<div class=\"ult-content-box-container \" >\t\t<div class=\"ult-content-box\" style=\"box-shadow: px px px px none;-webkit-transition: all 700ms ease;-moz-transition: all 700ms ease;-ms-transition: all 700ms ease;-o-transition: all 700ms ease;transition: all 700ms ease;\"  data-hover_box_shadow=\"none\"    >[vc_row_inner][vc_column_inner width=&#8221;1\/4&#8243;][vc_separator color=&#8221;custom&#8221; el_width=&#8221;90&#8243; accent_color=&#8221;#c08c3d&#8221;][\/vc_column_inner][vc_column_inner width=&#8221;1\/2&#8243;][vc_custom_heading text=&#8221;ORGANIZATIONAL AND PROGRAM COMMITTEE&#8221; font_container=&#8221;tag:h2|font_size:30|text_align:center|color:%239b6411&#8243; google_fonts=&#8221;font_family:Open%20Sans%3A300%2C300italic%2Cregular%2Citalic%2C600%2C600italic%2C700%2C700italic%2C800%2C800italic|font_style:600%20bold%20regular%3A600%3Anormal&#8221;][vc_column_text]<\/p>\n<h4 id=\"in-alphabetical-order-0\" style=\"text-align: center;\"><span style=\"color: #9b6411;\">(in alphabetical order)<\/span><\/h4>\n<p>[\/vc_column_text][\/vc_column_inner][vc_column_inner width=&#8221;1\/4&#8243;][vc_separator color=&#8221;custom&#8221; el_width=&#8221;90&#8243; accent_color=&#8221;#c08c3d&#8221;][\/vc_column_inner][\/vc_row_inner][vc_row_inner equal_height=&#8221;yes&#8221; content_placement=&#8221;middle&#8221; css=&#8221;.vc_custom_1580419919111{padding-top: 50px !important;padding-bottom: 50px !important;}&#8221;][vc_column_inner width=&#8221;1\/4&#8243;][vc_single_image image=&#8221;158&#8243; alignment=&#8221;center&#8221; style=&#8221;vc_box_border_circle_2&#8243; border_color=&#8221;white&#8221;][\/vc_column_inner][vc_column_inner width=&#8221;1\/4&#8243;][vc_column_text]<\/p>\n<p style=\"text-align: center;\"><span style=\"color: #9b6411;\"><strong><u>Ing. Petr Havelka<\/u><\/strong><\/span><\/p>\n<p style=\"text-align: center;\"><span style=\"color: #9b6411;\">Executive Director<\/span><\/p>\n<p style=\"text-align: center;\"><span style=\"color: #9b6411;\">\u010cAOH \u2013 The Czech Waste Management Association, Prague, Czech Republic<\/span><\/p>\n<p>[\/vc_column_text][\/vc_column_inner][vc_column_inner width=&#8221;1\/4&#8243;][vc_single_image image=&#8221;168&#8243; alignment=&#8221;center&#8221; style=&#8221;vc_box_border_circle_2&#8243; border_color=&#8221;white&#8221;][\/vc_column_inner][vc_column_inner width=&#8221;1\/4&#8243;][vc_column_text]<\/p>\n<p style=\"text-align: center;\"><span style=\"color: #9b6411;\"><strong><u>Dipl.-Ing. Peter Hoffmeyer<\/u><\/strong><\/span><\/p>\n<p style=\"text-align: center;\"><span style=\"color: #9b6411;\">CEO<\/span><\/p>\n<p style=\"text-align: center;\"><span style=\"color: #9b6411;\">Nehlsen AG, Bremen, Germany<\/span><\/p>\n<p>[\/vc_column_text][\/vc_column_inner][\/vc_row_inner][vc_row_inner equal_height=&#8221;yes&#8221; content_placement=&#8221;middle&#8221; css=&#8221;.vc_custom_1580419913404{padding-top: 50px !important;padding-bottom: 50px !important;}&#8221;][vc_column_inner width=&#8221;1\/4&#8243;][vc_single_image image=&#8221;1526&#8243; alignment=&#8221;center&#8221; style=&#8221;vc_box_border_circle_2&#8243; border_color=&#8221;white&#8221;][\/vc_column_inner][vc_column_inner width=&#8221;1\/4&#8243;][vc_column_text]<\/p>\n<p style=\"text-align: center;\"><span style=\"color: #9b6411;\"><strong><u>Euston Ling<\/u><\/strong><\/span><\/p>\n<p style=\"text-align: center;\"><span style=\"color: #9b6411;\">Manager \u2013 Planning and Technical Solutions<\/span><\/p>\n<p style=\"text-align: center;\"><span style=\"color: #9b6411;\">Head of Technical Assurance for the North London Heat &amp; Power Project<\/span><\/p>\n<p style=\"text-align: center;\"><span style=\"color: #9b6411;\">North London Waste Authority, London, UK<\/span><\/p>\n<p>[\/vc_column_text][\/vc_column_inner][vc_column_inner width=&#8221;1\/4&#8243;][vc_single_image image=&#8221;171&#8243; alignment=&#8221;center&#8221; style=&#8221;vc_box_border_circle_2&#8243; border_color=&#8221;white&#8221;][\/vc_column_inner][vc_column_inner width=&#8221;1\/4&#8243;][vc_column_text]<\/p>\n<p style=\"text-align: center;\"><span style=\"color: #9b6411;\"><strong><u>Mgr. Jozef Seman\u010d\u00edn, LL.M.<\/u><\/strong><\/span><\/p>\n<p style=\"text-align: center;\"><span style=\"color: #9b6411;\">Managing Partner<\/span><\/p>\n<p style=\"text-align: center;\"><span style=\"color: #9b6411;\">SEMAN\u010c\u00cdN &amp; PARTNERS s.r.o., Bratislava, Slovakia<\/span><\/p>\n<p>[\/vc_column_text][\/vc_column_inner][\/vc_row_inner][vc_row_inner equal_height=&#8221;yes&#8221; content_placement=&#8221;middle&#8221; css=&#8221;.vc_custom_1580419905347{padding-top: 50px !important;padding-bottom: 50px !important;}&#8221;][vc_column_inner width=&#8221;1\/4&#8243;][vc_single_image image=&#8221;1527&#8243; alignment=&#8221;center&#8221; style=&#8221;vc_box_border_circle_2&#8243; border_color=&#8221;white&#8221;][\/vc_column_inner][vc_column_inner width=&#8221;1\/4&#8243;][vc_column_text]<\/p>\n<p style=\"text-align: center;\"><span style=\"color: #9b6411;\"><strong><u>Dipl.-Ing. Reinhard Siebenhandl<\/u><\/strong><\/span><\/p>\n<p style=\"text-align: center;\"><span style=\"color: #9b6411;\">Chairman of the Technical Committee for Waste Management and City Cleaning<\/span><\/p>\n<p style=\"text-align: center;\"><span style=\"color: #9b6411;\">Association of Austrian Cities and Towns, Vienna, Austria<\/span><\/p>\n<p>[\/vc_column_text][\/vc_column_inner][vc_column_inner width=&#8221;1\/4&#8243;][vc_single_image image=&#8221;170&#8243; alignment=&#8221;center&#8221; style=&#8221;vc_box_border_circle_2&#8243; border_color=&#8221;white&#8221;][\/vc_column_inner][vc_column_inner width=&#8221;1\/4&#8243;][vc_column_text]<\/p>\n<p style=\"text-align: center;\"><span style=\"color: #9b6411;\"><strong><u>Dipl.-Ing. Martin Steiner<\/u><\/strong><\/span><\/p>\n<p style=\"text-align: center;\"><span style=\"color: #9b6411;\">CEO<\/span><\/p>\n<p style=\"text-align: center;\"><span style=\"color: #9b6411;\">TBU Environmental Engineering Consultants, Innsbruck, Austria<\/span><\/p>\n<p>[\/vc_column_text][\/vc_column_inner][\/vc_row_inner][vc_row_inner][vc_column_inner width=&#8221;1\/4&#8243;][vc_separator color=&#8221;custom&#8221; el_width=&#8221;90&#8243; accent_color=&#8221;#c08c3d&#8221;][\/vc_column_inner][vc_column_inner width=&#8221;1\/2&#8243;][vc_custom_heading text=&#8221;ORGANIZER AND CONFERENCE MANAGER&#8221; font_container=&#8221;tag:h2|font_size:30|text_align:center|color:%239b6411&#8243; google_fonts=&#8221;font_family:Open%20Sans%3A300%2C300italic%2Cregular%2Citalic%2C600%2C600italic%2C700%2C700italic%2C800%2C800italic&#8221;][\/vc_column_inner][vc_column_inner width=&#8221;1\/4&#8243;][vc_separator color=&#8221;custom&#8221; el_width=&#8221;90&#8243; accent_color=&#8221;#c08c3d&#8221;][\/vc_column_inner][\/vc_row_inner][vc_row_inner equal_height=&#8221;yes&#8221; content_placement=&#8221;middle&#8221; css=&#8221;.vc_custom_1600437699106{margin-top: 50px !important;margin-bottom: 50px !important;}&#8221;][vc_column_inner width=&#8221;1\/4&#8243;][\/vc_column_inner][vc_column_inner width=&#8221;1\/4&#8243;][vc_single_image image=&#8221;1585&#8243; alignment=&#8221;center&#8221; style=&#8221;vc_box_border_circle_2&#8243; border_color=&#8221;white&#8221;][\/vc_column_inner][vc_column_inner width=&#8221;1\/4&#8243;][vc_column_text]<\/p>\n<p style=\"text-align: center;\"><span style=\"color: #9b6411;\"><strong><u>Gabriela Stuchl\u00e1<\/u><\/strong><\/span><\/p>\n<p style=\"text-align: center;\"><span style=\"color: #9b6411;\">CEO<\/span><\/p>\n<p style=\"text-align: center;\"><span style=\"color: #9b6411;\">NMC spol. s r.o., \u017dilina, Slovakia<br \/>\n<\/span><\/p>\n<p>[\/vc_column_text][\/vc_column_inner][vc_column_inner width=&#8221;1\/4&#8243;][\/vc_column_inner][\/vc_row_inner]\t\t<\/div><\/div>[vc_column_text]<a name=\"programovyvybor\"><\/a><\/p>\n<div id=\"programovyvybor\"><\/div>\n<p>[\/vc_column_text][\/vc_column][\/vc_row][\/vc_section][vc_section css=&#8221;.vc_custom_1580424230335{background-color: #518ca4 !important;}&#8221;][vc_row full_width=&#8221;stretch_row&#8221; gap=&#8221;15&#8243; content_placement=&#8221;middle&#8221; remove_padding=&#8221;no-padding-vc-row&#8221;][vc_column][vc_column_text]<a name=\"partners2019\"><\/a><\/p>\n<div id=\"partners2019\"><\/div>\n<p>[\/vc_column_text][\/vc_column][\/vc_row][vc_row full_width=&#8221;stretch_row&#8221; equal_height=&#8221;yes&#8221; content_placement=&#8221;middle&#8221; remove_padding=&#8221;no-padding-vc-row&#8221; css=&#8221;.vc_custom_1524691432276{padding-top: 50px !important;padding-bottom: 30px !important;}&#8221;][vc_column width=&#8221;1\/3&#8243;][vc_separator color=&#8221;custom&#8221; el_width=&#8221;90&#8243; accent_color=&#8221;#ffffff&#8221;][\/vc_column][vc_column width=&#8221;1\/3&#8243; color_style=&#8221;light&#8221;][vc_custom_heading text=&#8221;CONFERENCE PARTNERS&#8221; font_container=&#8221;tag:h2|font_size:30|text_align:center|color:%23ffffff&#8221; google_fonts=&#8221;font_family:Open%20Sans%3A300%2C300italic%2Cregular%2Citalic%2C600%2C600italic%2C700%2C700italic%2C800%2C800italic|font_style:600%20bold%20regular%3A600%3Anormal&#8221;][\/vc_column][vc_column width=&#8221;1\/3&#8243;][vc_separator color=&#8221;custom&#8221; el_width=&#8221;90&#8243; accent_color=&#8221;#ffffff&#8221;][\/vc_column][\/vc_row][vc_row full_width=&#8221;stretch_row&#8221; disable_element=&#8221;yes&#8221; remove_padding=&#8221;no-padding-vc-row&#8221; css=&#8221;.vc_custom_1523271646402{padding-top: 100px !important;}&#8221;][vc_column][vc_column_text]<\/p>\n<h4 id=\"gener\u00c1lny-partner\" style=\"text-align: center;\"><span style=\"color: #c8f5c4;\">GENER\u00c1LNY PARTNER<\/span><\/h4>\n<p>[\/vc_column_text][\/vc_column][\/vc_row][vc_row full_width=&#8221;stretch_row&#8221; disable_element=&#8221;yes&#8221; remove_padding=&#8221;no-padding-vc-row&#8221;][vc_column][\/vc_column][\/vc_row][vc_row full_width=&#8221;stretch_row&#8221; color_style=&#8221;light&#8221; remove_padding=&#8221;no-padding-vc-row&#8221; css=&#8221;.vc_custom_1580424206227{padding-top: 50px !important;padding-bottom: 50px !important;background-color: #518ca4 !important;}&#8221;][vc_column css=&#8221;.vc_custom_1558111286797{padding-bottom: 50px !important;}&#8221;][vc_column_text css=&#8221;.vc_custom_1580168026339{padding-bottom: 50px !important;}&#8221;]<\/p>\n<h3 id=\"partner-konferencie--\" style=\"text-align: center;\"><span style=\"color: #f8e15c;\">CONFERENCE PARTNERS<br \/>\n<\/span><\/h3>\n<p>[\/vc_column_text][vc_row_inner disable_element=&#8221;yes&#8221;][vc_column_inner width=&#8221;1\/3&#8243;][vc_single_image image=&#8221;215&#8243; img_size=&#8221;full&#8221; alignment=&#8221;center&#8221; onclick=&#8221;custom_link&#8221; img_link_target=&#8221;_blank&#8221; css=&#8221;.vc_custom_1523864436918{padding-bottom: 20px !important;}&#8221; link=&#8221;http:\/\/www.semancin.sk&#8221;][vc_column_text]<\/p>\n<h4 id=\"seman\u010c\u00cdn-amp;-partners-sro\" style=\"text-align: center;\"><strong>SEMAN\u010c\u00cdN &amp; PARTNERS s.r.o.<\/strong><\/h4>\n<p style=\"text-align: center;\">Bratislava, Slovakia<br \/>\nThe Slovak law firm providing guidance in environmental regulation.<\/p>\n<p>[\/vc_column_text][\/vc_column_inner][vc_column_inner width=&#8221;1\/3&#8243;][vc_single_image image=&#8221;1331&#8243; img_size=&#8221;full&#8221; alignment=&#8221;center&#8221; onclick=&#8221;custom_link&#8221; img_link_target=&#8221;_blank&#8221; css=&#8221;.vc_custom_1559839195565{padding-bottom: 20px !important;}&#8221; link=&#8221;https:\/\/www.sick.com\/cz\/en\/&#8221;][vc_column_text]<\/p>\n<h4 id=\"seman\u010c\u00cdn-amp;-partners-sro\" style=\"text-align: center;\"><strong>SICK spol. s r.o.<\/strong><\/h4>\n<p style=\"text-align: center;\">Prague, Czech Republic<\/p>\n<p>[\/vc_column_text][\/vc_column_inner][vc_column_inner width=&#8221;1\/3&#8243;][vc_single_image image=&#8221;1455&#8243; img_size=&#8221;full&#8221; alignment=&#8221;center&#8221; onclick=&#8221;custom_link&#8221; img_link_target=&#8221;_blank&#8221; css=&#8221;.vc_custom_1566252035694{padding-bottom: 20px !important;}&#8221; link=&#8221;https:\/\/www.ipmllp.com\/case-study\/ipm-avanea-eco\/&#8221;][vc_column_text]<\/p>\n<h4 id=\"seman\u010c\u00cdn-amp;-partners-sro\" style=\"text-align: center;\"><strong>IPM Avanea Eco Management a.s.<\/strong><\/h4>\n<p style=\"text-align: center;\">Bratislava, Slovakia<\/p>\n<p>[\/vc_column_text][\/vc_column_inner][\/vc_row_inner][vc_row_inner][vc_column_inner width=&#8221;1\/2&#8243;][vc_single_image image=&#8221;215&#8243; img_size=&#8221;full&#8221; alignment=&#8221;center&#8221; onclick=&#8221;custom_link&#8221; img_link_target=&#8221;_blank&#8221; css=&#8221;.vc_custom_1523864436918{padding-bottom: 20px !important;}&#8221; link=&#8221;http:\/\/www.semancin.sk&#8221;][vc_column_text]<\/p>\n<h4 id=\"seman\u010c\u00cdn-amp;-partners-sro\" style=\"text-align: center;\"><strong>SEMAN\u010c\u00cdN &amp; PARTNERS s.r.o.<\/strong><\/h4>\n<p style=\"text-align: center;\">Bratislava, Slovakia<br \/>\nThe Slovak law firm providing guidance in environmental regulation.<\/p>\n<p>[\/vc_column_text][\/vc_column_inner][vc_column_inner width=&#8221;1\/2&#8243;][vc_single_image image=&#8221;1906&#8243; img_size=&#8221;full&#8221; alignment=&#8221;center&#8221; onclick=&#8221;custom_link&#8221; img_link_target=&#8221;_blank&#8221; css=&#8221;.vc_custom_1593782287309{padding-bottom: 20px !important;}&#8221; link=&#8221;https:\/\/www.tomra.com\/en\/sorting\/recycling&#8221;][vc_column_text]<\/p>\n<h4 id=\"seman\u010c\u00cdn-amp;-partners-sro\" style=\"text-align: center;\"><strong>TOMRA Sorting Sp. z o.o.<\/strong><\/h4>\n<p style=\"text-align: center;\">Katowice, Poland<br \/>\nRecycling and sensor-based waste sorting<\/p>\n<p>[\/vc_column_text][\/vc_column_inner][\/vc_row_inner][vc_row_inner disable_element=&#8221;yes&#8221;][vc_column_inner width=&#8221;1\/3&#8243;][vc_single_image image=&#8221;2208&#8243; img_size=&#8221;full&#8221; alignment=&#8221;center&#8221; onclick=&#8221;custom_link&#8221; img_link_target=&#8221;_blank&#8221; css=&#8221;.vc_custom_1598347224996{padding-bottom: 20px !important;}&#8221; link=&#8221;https:\/\/www.hofstetter-gt.ch\/&#8221;][vc_column_text]<\/p>\n<h4 id=\"seman\u010c\u00cdn-amp;-partners-sro\" style=\"text-align: center;\"><strong>Hofstetter Gastechnik AG<\/strong><\/h4>\n<p style=\"text-align: center;\">Hindelbank, Switzerland<\/p>\n<p>[\/vc_column_text][\/vc_column_inner][vc_column_inner width=&#8221;1\/3&#8243;][vc_single_image image=&#8221;215&#8243; img_size=&#8221;full&#8221; alignment=&#8221;center&#8221; onclick=&#8221;custom_link&#8221; img_link_target=&#8221;_blank&#8221; css=&#8221;.vc_custom_1523864436918{padding-bottom: 20px !important;}&#8221; link=&#8221;http:\/\/www.semancin.sk&#8221;][vc_column_text]<\/p>\n<h4 id=\"seman\u010c\u00cdn-amp;-partners-sro\" style=\"text-align: center;\"><strong>SEMAN\u010c\u00cdN &amp; PARTNERS s.r.o.<\/strong><\/h4>\n<p style=\"text-align: center;\">Bratislava, Slovakia<br \/>\nThe Slovak law firm providing guidance in environmental regulation.<\/p>\n<p>[\/vc_column_text][\/vc_column_inner][vc_column_inner width=&#8221;1\/3&#8243;][vc_single_image image=&#8221;1906&#8243; img_size=&#8221;full&#8221; alignment=&#8221;center&#8221; onclick=&#8221;custom_link&#8221; img_link_target=&#8221;_blank&#8221; css=&#8221;.vc_custom_1593782287309{padding-bottom: 20px !important;}&#8221; link=&#8221;https:\/\/www.tomra.com\/en\/sorting\/recycling&#8221;][vc_column_text]<\/p>\n<h4 id=\"seman\u010c\u00cdn-amp;-partners-sro\" style=\"text-align: center;\"><strong>TOMRA Sorting Sp. z o.o.<\/strong><\/h4>\n<p style=\"text-align: center;\">Katowice, Poland<br \/>\nRecycling and sensor-based waste sorting<\/p>\n<p>[\/vc_column_text][\/vc_column_inner][\/vc_row_inner][vc_row_inner disable_element=&#8221;yes&#8221;][vc_column_inner width=&#8221;1\/6&#8243;][\/vc_column_inner][vc_column_inner width=&#8221;2\/6&#8243;][vc_single_image image=&#8221;215&#8243; img_size=&#8221;full&#8221; alignment=&#8221;center&#8221; onclick=&#8221;custom_link&#8221; img_link_target=&#8221;_blank&#8221; css=&#8221;.vc_custom_1523864436918{padding-bottom: 20px !important;}&#8221; link=&#8221;http:\/\/www.semancin.sk&#8221;][vc_column_text]<\/p>\n<h4 id=\"seman\u010c\u00cdn-amp;-partners-sro\" style=\"text-align: center;\"><strong>SEMAN\u010c\u00cdN &amp; PARTNERS s.r.o.<\/strong><\/h4>\n<p style=\"text-align: center;\">Bratislava, Slovensko<br \/>\nThe Slovak law firm providing guidance in environmental regulation.<\/p>\n<p>[\/vc_column_text][\/vc_column_inner][vc_column_inner width=&#8221;2\/6&#8243;][vc_single_image image=&#8221;763&#8243; img_size=&#8221;full&#8221; alignment=&#8221;center&#8221; onclick=&#8221;custom_link&#8221; img_link_target=&#8221;_blank&#8221; css=&#8221;.vc_custom_1530193550595{padding-bottom: 20px !important;}&#8221; link=&#8221;http:\/\/www.covspol.sk\/sk\/&#8221;][vc_column_text]<\/p>\n<h4 id=\"\u010covspol-as\" style=\"text-align: center;\"><strong>\u010cOVSPOL, a.s.<\/strong><\/h4>\n<p style=\"text-align: center;\">Bratislava, Slovensko<\/p>\n<p>[\/vc_column_text][\/vc_column_inner][vc_column_inner width=&#8221;1\/6&#8243;][\/vc_column_inner][\/vc_row_inner][vc_row_inner disable_element=&#8221;yes&#8221;][vc_column_inner width=&#8221;1\/6&#8243;][\/vc_column_inner][vc_column_inner width=&#8221;2\/6&#8243;][vc_single_image image=&#8221;765&#8243; img_size=&#8221;full&#8221; alignment=&#8221;center&#8221; onclick=&#8221;custom_link&#8221; img_link_target=&#8221;_blank&#8221; css=&#8221;.vc_custom_1530193759419{padding-bottom: 20px !important;}&#8221; link=&#8221;http:\/\/www.sutco.de\/&#8221;][vc_column_text]<\/p>\n<h4 id=\"sutco-recyclingtechnik-gmbh\" style=\"text-align: center;\"><span style=\"color: #000000;\"><strong>Sutco RecyclingTechnik GmbH<\/strong><\/span><\/h4>\n<p style=\"text-align: center;\"><span style=\"color: #ffffff;\">Bergisch Gladbach, Nemecko<\/span><\/p>\n<p>[\/vc_column_text][\/vc_column_inner][vc_column_inner width=&#8221;2\/6&#8243;][vc_column_text]<\/p>\n<h4 id=\"envi-pak-as\" style=\"text-align: center;\"><strong>ENVI-PAK, a.s.<\/strong><\/h4>\n<p style=\"text-align: center;\">Bratislava, Slovensko<br \/>\n\u010clen medzin\u00e1rodn\u00e9ho zdru\u017eenia organiz\u00e1ci\u00ed zodpovednosti v\u00fdrobcov PRO EUROPE<\/p>\n<p>[\/vc_column_text][\/vc_column_inner][vc_column_inner width=&#8221;1\/6&#8243;][\/vc_column_inner][\/vc_row_inner][\/vc_column][\/vc_row][vc_row full_width=&#8221;stretch_row&#8221; disable_element=&#8221;yes&#8221; remove_padding=&#8221;no-padding-vc-row&#8221;][vc_column][vc_column_text]<\/p>\n<h4 id=\"reklamn\u00dd-partner\" style=\"text-align: center;\"><span style=\"color: #c8f5c4;\">REKLAMN\u00dd PARTNER<\/span><\/h4>\n<p>[\/vc_column_text][\/vc_column][\/vc_row][vc_row full_width=&#8221;stretch_row&#8221; remove_padding=&#8221;no-padding-vc-row&#8221; css=&#8221;.vc_custom_1583168053106{padding-top: 50px !important;padding-bottom: 50px !important;}&#8221;][vc_column][vc_column_text]<\/p>\n<h3 id=\"medi\u00c1lni-partneri\" style=\"text-align: center;\"><span style=\"color: #f8e15c;\">MEDIA PARTNERS<\/span><\/h3>\n<p>[\/vc_column_text][\/vc_column][\/vc_row][vc_row full_width=&#8221;stretch_row&#8221; equal_height=&#8221;yes&#8221; content_placement=&#8221;bottom&#8221; disable_element=&#8221;yes&#8221; remove_padding=&#8221;no-padding-vc-row&#8221; css=&#8221;.vc_custom_1580167606191{padding-bottom: 100px !important;}&#8221;][vc_column width=&#8221;1\/2&#8243;][vc_single_image image=&#8221;1311&#8243; img_size=&#8221;140&#215;70&#8243; alignment=&#8221;center&#8221; onclick=&#8221;custom_link&#8221; img_link_target=&#8221;_blank&#8221; css=&#8221;.vc_custom_1558605742617{padding-bottom: 20px !important;}&#8221; link=&#8221;http:\/\/www.cewep.eu&#8221;][vc_column_text]<\/p>\n<p style=\"text-align: center;\"><span style=\"color: #ffffff;\"><strong>Confederation of European Waste-to-Energy Plants<\/strong><\/span><br \/>\n<span style=\"color: #ffffff;\">Brussels, Belgium<\/span><\/p>\n<p>[\/vc_column_text][\/vc_column][vc_column width=&#8221;1\/2&#8243;][vc_single_image image=&#8221;1435&#8243; img_size=&#8221;167&#215;70&#8243; alignment=&#8221;center&#8221; onclick=&#8221;custom_link&#8221; img_link_target=&#8221;_blank&#8221; css=&#8221;.vc_custom_1563811441778{padding-bottom: 20px !important;}&#8221; link=&#8221;http:\/\/nmc.sk\/eswet\/&#8221;][vc_column_text]<\/p>\n<p style=\"text-align: center;\"><span style=\"color: #ffffff;\"><strong>European Suppliers of Waste-to-Energy Technology<\/strong><\/span><br \/>\n<span style=\"color: #ffffff;\">Brussels, Belgium<\/span><\/p>\n<p>[\/vc_column_text][\/vc_column][\/vc_row][vc_row full_width=&#8221;stretch_row&#8221; equal_height=&#8221;yes&#8221; content_placement=&#8221;bottom&#8221; remove_padding=&#8221;no-padding-vc-row&#8221; css=&#8221;.vc_custom_1583168102000{padding-bottom: 100px !important;}&#8221;][vc_column width=&#8221;1\/3&#8243;][vc_single_image image=&#8221;315&#8243; img_size=&#8221;80&#215;80&#8243; alignment=&#8221;center&#8221; onclick=&#8221;custom_link&#8221; img_link_target=&#8221;_blank&#8221; css=&#8221;.vc_custom_1523949817108{padding-bottom: 30px !important;}&#8221; link=&#8221;http:\/\/www.apoh.sk&#8221;][vc_column_text]<\/p>\n<p style=\"text-align: center;\"><span style=\"color: #ffffff;\"><strong>The Slovak Association of Waste Management<\/strong><\/span><br \/>\n<span style=\"color: #ffffff;\">Bratislava, Slovakia<\/span><\/p>\n<p>[\/vc_column_text][\/vc_column][vc_column width=&#8221;1\/3&#8243;][vc_single_image image=&#8221;316&#8243; img_size=&#8221;200&#215;110&#8243; alignment=&#8221;center&#8221; onclick=&#8221;custom_link&#8221; img_link_target=&#8221;_blank&#8221; css=&#8221;.vc_custom_1558605707919{padding-bottom: 0px !important;}&#8221; link=&#8221;http:\/\/www.caoh.cz\/english.html&#8221;][vc_column_text]<\/p>\n<p style=\"text-align: center;\"><span style=\"color: #ffffff;\"><strong>The Czech Waste Management Association<\/strong><\/span><br \/>\n<span style=\"color: #ffffff;\">Prague, Czech Republic<\/span><\/p>\n<p>[\/vc_column_text][\/vc_column][vc_column width=&#8221;1\/3&#8243;][vc_single_image image=&#8221;743&#8243; img_size=&#8221;85&#215;85&#8243; alignment=&#8221;center&#8221; onclick=&#8221;custom_link&#8221; img_link_target=&#8221;_blank&#8221; css=&#8221;.vc_custom_1559642791663{padding-bottom: 10px !important;}&#8221; link=&#8221;https:\/\/hosz.org\/en\/&#8221;][vc_column_text]<\/p>\n<p style=\"text-align: center;\"><span style=\"color: #ffffff;\"><strong>Hungarian Waste Management Federation (HOSZ)<br \/>\n<\/strong>Budapest, Hungary<\/span><\/p>\n<p>[\/vc_column_text][\/vc_column][\/vc_row][vc_row full_width=&#8221;stretch_row&#8221; equal_height=&#8221;yes&#8221; content_placement=&#8221;bottom&#8221; remove_padding=&#8221;no-padding-vc-row&#8221; css=&#8221;.vc_custom_1583168218743{padding-bottom: 100px !important;}&#8221;][vc_column width=&#8221;1\/3&#8243;][vc_single_image image=&#8221;903&#8243; img_size=&#8221;180&#215;34&#8243; alignment=&#8221;center&#8221; onclick=&#8221;custom_link&#8221; img_link_target=&#8221;_blank&#8221; css=&#8221;.vc_custom_1534938541943{padding-bottom: 20px !important;}&#8221; link=&#8221;https:\/\/odpady-online.cz&#8221;][vc_column_text]<\/p>\n<p style=\"text-align: center;\"><span style=\"color: #ffffff;\"><strong>Profi Press s.r.o. and portal Odpady-online.cz<\/strong><\/span><br \/>\n<span style=\"color: #ffffff;\">Prague, Czech Republic<\/span><\/p>\n<p>[\/vc_column_text][\/vc_column][vc_column width=&#8221;1\/3&#8243;][vc_single_image image=&#8221;904&#8243; img_size=&#8221;150&#215;45&#8243; alignment=&#8221;center&#8221; onclick=&#8221;custom_link&#8221; img_link_target=&#8221;_blank&#8221; css=&#8221;.vc_custom_1534939189462{padding-bottom: 30px !important;}&#8221; link=&#8221;https:\/\/www.odpady-portal.sk\/&#8221;][vc_column_text]<\/p>\n<p style=\"text-align: center;\"><span style=\"color: #ffffff;\"><strong>odpady-portal.sk and the Waste Management magazine<\/strong><\/span><br \/>\n<span style=\"color: #ffffff;\">Bratislava, Slovakia<\/span><\/p>\n<p>[\/vc_column_text][\/vc_column][vc_column width=&#8221;1\/3&#8243;][vc_single_image image=&#8221;1327&#8243; img_size=&#8221;145&#215;34&#8243; alignment=&#8221;center&#8221; onclick=&#8221;custom_link&#8221; img_link_target=&#8221;_blank&#8221; css=&#8221;.vc_custom_1559827777500{padding-bottom: 30px !important;}&#8221; link=&#8221;http:\/\/www.prumyslovaekologie.cz\/default.aspx&#8221;][vc_column_text]<\/p>\n<p style=\"text-align: center;\"><span style=\"color: #ffffff;\"><strong>Pr\u016fmyslov\u00e1 ekologie s.r.o.<\/strong><\/span><br \/>\n<span style=\"color: #ffffff;\">Prague, Czech Republic<\/span><\/p>\n<p>[\/vc_column_text][\/vc_column][\/vc_row][vc_row full_width=&#8221;stretch_row&#8221; equal_height=&#8221;yes&#8221; content_placement=&#8221;bottom&#8221; disable_element=&#8221;yes&#8221; remove_padding=&#8221;no-padding-vc-row&#8221; css=&#8221;.vc_custom_1583168245917{padding-bottom: 100px !important;}&#8221;][vc_column width=&#8221;1\/3&#8243;][vc_single_image image=&#8221;1268&#8243; img_size=&#8221;140&#215;80&#8243; alignment=&#8221;center&#8221; onclick=&#8221;custom_link&#8221; img_link_target=&#8221;_blank&#8221; css=&#8221;.vc_custom_1557761648002{padding-bottom: 20px !important;}&#8221; link=&#8221;https:\/\/www.plasticportal.eu\/en&#8221;][vc_column_text]<\/p>\n<p style=\"text-align: center;\"><span style=\"color: #ffffff;\"><strong>Professional portal for the plastics industry<\/strong><\/span><br \/>\n<span style=\"color: #ffffff;\">Nitra, Slovakia<\/span><\/p>\n<p>[\/vc_column_text][\/vc_column][vc_column width=&#8221;1\/3&#8243;][vc_single_image image=&#8221;900&#8243; img_size=&#8221;75&#215;60&#8243; alignment=&#8221;center&#8221; onclick=&#8221;custom_link&#8221; img_link_target=&#8221;_blank&#8221; css=&#8221;.vc_custom_1534939144224{padding-bottom: 30px !important;}&#8221; link=&#8221;http:\/\/www.promestaaobce.eu\/&#8221;][vc_column_text]<\/p>\n<p style=\"text-align: center;\"><span style=\"color: #ffffff;\"><strong>City PH Publishing, s.r.o and monthly PRO m\u011bsta a obce<\/strong><\/span><br \/>\n<span style=\"color: #ffffff;\">Prague, Czech Republic<\/span><\/p>\n<p>[\/vc_column_text][\/vc_column][vc_column width=&#8221;1\/3&#8243;][vc_single_image image=&#8221;314&#8243; img_size=&#8221;150&#215;90&#8243; alignment=&#8221;center&#8221; onclick=&#8221;custom_link&#8221; img_link_target=&#8221;_blank&#8221; css=&#8221;.vc_custom_1523864420376{padding-bottom: 20px !important;}&#8221; link=&#8221;http:\/\/www.cemc.cz&#8221;][vc_column_text]<\/p>\n<p style=\"text-align: center;\"><span style=\"color: #ffffff;\"><strong>Czech Environmental Management Centre<\/strong><\/span><br \/>\n<span style=\"color: #ffffff;\">Prague, Czech Republic<\/span><\/p>\n<p>[\/vc_column_text][\/vc_column][\/vc_row][\/vc_section][vc_row full_width=&#8221;stretch_row&#8221; content_placement=&#8221;middle&#8221; remove_padding=&#8221;no-padding-vc-row&#8221; css=&#8221;.vc_custom_1580420294457{padding-top: 50px !important;padding-bottom: 50px !important;background-color: #efc942 !important;background-position: 0 0 !important;background-repeat: repeat !important;}&#8221;][vc_column][vc_column_text]<\/p>\n<h2 id=\"na-konferenciu-s\u00da-pozvan\u00cd\" style=\"text-align: center;\"><span style=\"color: #9f643c;\"><strong>INVITED ARE<\/strong><\/span><\/h2>\n<p style=\"text-align: center;\"><span style=\"color: #9f643c;\">\u2022<\/span><br \/>\n<span style=\"color: #9f643c;\">Representatives of public institutions, cities, and municipalities responsible for protection of environment and waste management<\/span><br \/>\n<span style=\"color: #9f643c;\">\u2022<\/span><br \/>\n<span style=\"color: #9f643c;\">Representatives of significant waste originators and processors, waste collecting companies, organizations for accountability of producers<\/span><br \/>\n<span style=\"color: #9f643c;\">(unit: technology, economy, production, and management processes)<\/span><br \/>\n<span style=\"color: #9f643c;\">\u2022<\/span><br \/>\n<span style=\"color: #9f643c;\">Scientific and research organizations, independent experts and specialists participating in significant enviro projects<\/span><br \/>\n<span style=\"color: #9f643c;\">\u2022<\/span><br \/>\n<span style=\"color: #9f643c;\">Institutions participating in financing of enviro projects<\/span><\/p>\n<p>[\/vc_column_text][\/vc_column][\/vc_row][vc_row full_width=&#8221;stretch_row&#8221; content_placement=&#8221;middle&#8221; color_style=&#8221;light&#8221; remove_padding=&#8221;no-padding-vc-row&#8221; css=&#8221;.vc_custom_1581373011084{padding-top: 50px !important;background-color: #9f643c !important;}&#8221;][vc_column][vc_column_text]<a name=\"program\"><\/a><\/p>\n<div id=\"program\"><\/div>\n<p>[\/vc_column_text][vc_column_text]<\/p>\n<h2 id=\"program-konferencie\" style=\"text-align: center;\"><span style=\"color: #c8f5c4;\"><strong>CONFERENCE PROGRAM<\/strong><\/span><\/h2>\n<p style=\"text-align: center;\">Change of the date<br \/>\n<strong>ENVIROMANAGEMENT 2021<\/strong><br \/>\nMay 6 &#8211; 7, 2021<\/p>\n<p style=\"text-align: center;\"><a href=\"https:\/\/nmc.sk\/en\/enviro2021\/\"><img loading=\"lazy\" decoding=\"async\" class=\"alignnone wp-image-2233\" src=\"https:\/\/nmc.sk\/wp-content\/uploads\/2020\/09\/EM_male_final2021-w-300x195.png\" alt=\"\" width=\"119\" height=\"77\" srcset=\"https:\/\/nmc.sk\/wp-content\/uploads\/2020\/09\/EM_male_final2021-w-300x195.png 300w, https:\/\/nmc.sk\/wp-content\/uploads\/2020\/09\/EM_male_final2021-w.png 307w\" sizes=\"auto, (max-width: 119px) 100vw, 119px\" \/><\/a><\/p>\n<p>[\/vc_column_text][vc_row_inner equal_height=&#8221;yes&#8221; content_placement=&#8221;top&#8221; gap=&#8221;20&#8243; disable_element=&#8221;yes&#8221;][vc_column_inner][vc_column_text]<\/p>\n<h2 id=\"program-konferencie\" style=\"text-align: center;\"><span style=\"color: #c8f5c4;\"><strong>AWAITING CONFIRMATION<\/strong><\/span><\/h2>\n<p>[\/vc_column_text][\/vc_column_inner][\/vc_row_inner][\/vc_column][\/vc_row][vc_row full_width=&#8221;stretch_row&#8221; color_style=&#8221;light&#8221; remove_padding=&#8221;no-padding-vc-row&#8221; css=&#8221;.vc_custom_1580420402217{padding-top: 50px !important;padding-bottom: 50px !important;background-color: #9f643c !important;}&#8221;][vc_column offset=&#8221;vc_hidden-sm vc_hidden-xs&#8221;]<div class=\"ult-content-box-container \" >\t\t<div class=\"ult-content-box\" style=\"box-shadow: px px px px none;-webkit-transition: all 700ms ease;-moz-transition: all 700ms ease;-ms-transition: all 700ms ease;-o-transition: all 700ms ease;transition: all 700ms ease;\"  data-hover_box_shadow=\"none\"    >[vc_column_text]<\/p>\n<h2 id=\"ubytovanie-0\" style=\"text-align: center;\"><span style=\"color: #efc942;\">ACCOMMODATION<\/span><\/h2>\n<p>[\/vc_column_text][vc_column_text]<a name=\"ubytovanie\"><\/a><\/p>\n<div id=\"ubytovanie\"><\/div>\n<p>[\/vc_column_text][vc_row_inner][vc_column_inner width=&#8221;1\/2&#8243;][vc_single_image image=&#8221;684&#8243; img_size=&#8221;full&#8221; alignment=&#8221;center&#8221; css=&#8221;.vc_custom_1526896636404{border-top-width: 3px !important;border-right-width: 3px !important;border-bottom-width: 3px !important;border-left-width: 3px !important;border-left-color: #ffffff !important;border-left-style: solid !important;border-right-color: #ffffff !important;border-right-style: solid !important;border-top-color: #ffffff !important;border-top-style: solid !important;border-bottom-color: #ffffff !important;border-bottom-style: solid !important;}&#8221;][\/vc_column_inner][vc_column_inner width=&#8221;1\/4&#8243;][vc_column_text]<\/p>\n<h4 id=\"hotel-patria\"><strong>Hotel Patria****<\/strong><\/h4>\n<p>\u0160trbsk\u00e9 Pleso 33<br \/>\n059 85 High Tatras<br \/>\nSlovakia<\/p>\n<p>GPS: 49\u00b0 7\u2032 28.5\u2033 N. 20\u00b0 3\u2032 40.94\u2033 E<br \/>\n<a href=\"http:\/\/www.hotelpatria.sk\/en\">www.hotelpatria.sk\/en<\/a>[\/vc_column_text][\/vc_column_inner][vc_column_inner width=&#8221;1\/4&#8243;][vc_column_text]<strong>Reception<\/strong><\/p>\n<p>Phone: +421 -52 7848 999<br \/>\n<a href=\"mailto:recepcia@hotelpatria.sk\" target=\"_blank\" rel=\"noopener\">recepcia@hotelpatria.sk<\/a>[\/vc_column_text][\/vc_column_inner][\/vc_row_inner][vc_row_inner][vc_column_inner width=&#8221;1\/3&#8243;][\/vc_column_inner][vc_column_inner width=&#8221;1\/3&#8243;][\/vc_column_inner][vc_column_inner width=&#8221;1\/3&#8243;][\/vc_column_inner][\/vc_row_inner]\t\t<\/div><\/div>[\/vc_column][\/vc_row][vc_row full_width=&#8221;stretch_row_content&#8221; color_style=&#8221;light&#8221; remove_padding=&#8221;no-padding-vc-row&#8221; css=&#8221;.vc_custom_1580420376829{padding-top: 25px !important;padding-bottom: 100px !important;background-color: #9f643c !important;}&#8221; offset=&#8221;vc_hidden-lg vc_hidden-md&#8221;][vc_column width=&#8221;1\/2&#8243;][vc_column_text]<\/p>\n<h2 id=\"ubytovanie-0\" style=\"text-align: center;\"><span style=\"color: #efc942;\">ACCOMMODATION<\/span><\/h2>\n<p>[\/vc_column_text][vc_single_image image=&#8221;684&#8243; img_size=&#8221;full&#8221; alignment=&#8221;center&#8221; css=&#8221;.vc_custom_1526896661631{border-top-width: 3px !important;border-right-width: 3px !important;border-bottom-width: 3px !important;border-left-width: 3px !important;border-left-color: #ffffff !important;border-left-style: solid !important;border-right-color: #ffffff !important;border-right-style: solid !important;border-top-color: #ffffff !important;border-top-style: solid !important;border-bottom-color: #ffffff !important;border-bottom-style: solid !important;}&#8221;][\/vc_column][vc_column width=&#8221;1\/4&#8243; color_style=&#8221;light&#8221; css=&#8221;.vc_custom_1523360353718{padding-left: 20px !important;}&#8221;][vc_column_text]<\/p>\n<h4 id=\"hotel-patria-0\" style=\"text-align: center;\"><strong>Hotel Patria****<\/strong><\/h4>\n<p style=\"text-align: center;\">\u0160trbsk\u00e9 Pleso 33<br \/>\n059 85 High Tatras<br \/>\nSlovakia<\/p>\n<p style=\"text-align: center;\">GPS: 49\u00b0 7\u2032 28.5\u2033 N. 20\u00b0 3\u2032 40.94\u2033 E<br \/>\n<a href=\"www.hotelpatria.sk\/en\" target=\"_blank\" rel=\"noopener\">www.hotelpatria.sk\/en<\/a><\/p>\n<p>[\/vc_column_text][\/vc_column][vc_column width=&#8221;1\/4&#8243; color_style=&#8221;light&#8221;][vc_column_text]<\/p>\n<p style=\"text-align: center;\"><strong>Reception<\/strong><br \/>\nPhone: +421 -52 7848 999<br \/>\n<a href=\"mailto:recepcia@hotelpatria.sk\" target=\"_blank\" rel=\"noopener\">recepcia@hotelpatria.sk<\/a><\/p>\n<p>[\/vc_column_text][\/vc_column][\/vc_row][vc_section css=&#8221;.vc_custom_1580423621940{background-color: #9f643c !important;}&#8221;][vc_row full_width=&#8221;stretch_row&#8221; gap=&#8221;15&#8243; content_placement=&#8221;middle&#8221; remove_padding=&#8221;no-padding-vc-row&#8221;][vc_column][vc_column_text]<a name=\"kontakt\"><\/a><\/p>\n<div id=\"kontakt\"><\/div>\n<p>[\/vc_column_text][\/vc_column][\/vc_row][vc_row color_style=&#8221;light&#8221; remove_padding=&#8221;no-padding-vc-row&#8221; css=&#8221;.vc_custom_1588283847052{padding-top: 70px !important;padding-bottom: 70px !important;}&#8221; offset=&#8221;vc_hidden-sm vc_hidden-xs&#8221;][vc_column width=&#8221;1\/2&#8243; css=&#8221;.vc_custom_1523987762158{margin-bottom: 50px !important;}&#8221;][vc_column_text]<\/p>\n<h3 id=\"organized-by--\" style=\"text-align: left;\"><span style=\"color: #efc942;\">ORGANIZED BY<\/span><span style=\"color: #8edbaf;\"><br \/>\n<\/span><\/h3>\n<p style=\"text-align: left;\"><strong>NMC spol. s\u00a0r.o.<\/strong><br \/>\nMakovick\u00e9ho 10<br \/>\n010 01 \u017dilina, Slovakia<\/p>\n<p style=\"text-align: left;\">Phone: +421-41-5166661<br \/>\nFax: +421-41-5006977<br \/>\nE-mail: nmc@nmc.sk<br \/>\nWeb: www.nmc.sk<\/p>\n<p style=\"text-align: left;\">Comp. Reg. No. (ID no.): 31639135<br \/>\nTax Reg. No. (VAT no.): SK2020446890<br \/>\nCompany registered in: Business register of the County Court \u017dilina, Section: Sro, Insert No. 2953\/L<\/p>\n<p>[\/vc_column_text][\/vc_column][vc_column width=&#8221;1\/2&#8243;][vc_row_inner][vc_column_inner][vc_column_text]<\/p>\n<h3 id=\"venue--\"><span style=\"color: #efc942;\">VENUE<\/span><strong><br \/>\n<\/strong><\/h3>\n<p>Hotel Patria****, \u0160trbsk\u00e9 Pleso, High Tatras, Slovakia<br \/>\nGPS: 49\u00b0 7\u2032 28.5\u2033 N. 20\u00b0 3\u2032 40.94\u2033 E<\/p>\n<h3 id=\"conference-languages--\"><span style=\"color: #efc942;\"><strong>CONFERENCE LANGUAGES<\/strong><\/span><strong><br \/>\n<\/strong><\/h3>\n<p>English, Slovak, Czech<\/p>\n<h3 id=\"simultaneous-interpretation--\"><span style=\"color: #efc942;\">SIMULTANEOUS INTERPRETATION<\/span><strong><br \/>\n<\/strong><\/h3>\n<p>English \u2192 Slovak<br \/>\nSlovak \/ Czech \u2192 English[\/vc_column_text]<div id='wrap_map_69f1ac028b998' class='ultimate-map-wrapper ult-adjust-bottom-margin ' style='margin0px height:300px;'><div id='map_69f1ac028b998' data-map_override='0' class='ultimate_google_map wpb_content_element 0' style='width:100%;height:300px;'><\/div><\/div><script type='text\/javascript'>\n\t\t\t(function($) {\n  \t\t\t'use strict';\n\t\t\tvar map_map_69f1ac028b998 = null;\n\t\t\tvar coordinate_map_69f1ac028b998;\n\t\t\tvar isDraggable = $(document).width() > 641 ? 'true' : 'true';\n\t\t\ttry\n\t\t\t{\n\t\t\t\tvar map_map_69f1ac028b998 = null;\n\t\t\t\tvar coordinate_map_69f1ac028b998;\n\t\t\t\tcoordinate_map_69f1ac028b998 = new google.maps.LatLng(49.12506, 20.0611);\n\t\t\t\tvar mapOptions=\n\t\t\t\t{\n\t\t\t\t\tzoom: 18,\n\t\t\t\t\tcenter: coordinate_map_69f1ac028b998,\n\t\t\t\t\tscaleControl: true,\n\t\t\t\t\tstreetViewControl: false,\n\t\t\t\t\tmapTypeControl: false,\n\t\t\t\t\tpanControl: false,\n\t\t\t\t\tzoomControl: false,\n\t\t\t\t\tscrollwheel: true,\n\t\t\t\t\tdraggable: isDraggable,\n\t\t\t\t\tzoomControlOptions: {\n\t\t\t\t\t\tposition: google.maps.ControlPosition.right_bottom\n\t\t\t\t\t},mapTypeId: google.maps.MapTypeId.roadmap,};var map_map_69f1ac028b998 = new google.maps.Map(document.getElementById('map_69f1ac028b998'),mapOptions);\n\t\t\t\t\t\tvar x = 'infowindow_open_value';\n\t\t\t\t\t\tvar marker_map_69f1ac028b998 = new google.maps.Marker({\n\t\t\t\t\t\tposition: new google.maps.LatLng('49.12506', '20.0611'),\n\t\t\t\t\t\tanimation:  google.maps.Animation.DROP,\n\t\t\t\t\t\tmap: map_map_69f1ac028b998,\n\t\t\t\t\t\ticon: ''\n\t\t\t\t\t});\tgoogle.maps.event.addListener(marker_map_69f1ac028b998, 'click', toggleBounce);}\n\t\t\tcatch(e){};\n\t\t\tjQuery(document).ready(function($){\n\t\t\t\tgoogle.maps.event.trigger(map_map_69f1ac028b998, 'resize');\n\t\t\t\t$(window).on('resize', function(){\n\t\t\t\t\tgoogle.maps.event.trigger(map_map_69f1ac028b998, 'resize');\n\t\t\t\t\tif(map_map_69f1ac028b998!=null)\n\t\t\t\t\t\tmap_map_69f1ac028b998.setCenter(coordinate_map_69f1ac028b998);\n\t\t\t\t});\n\t\t\t\t$('.ui-tabs').on('tabsactivate', function(event, ui) {\n\t\t\t\t   if($(this).find('.ultimate-map-wrapper').length > 0)\n\t\t\t\t\t{\n\t\t\t\t\t\tsetTimeout(function(){\n\t\t\t\t\t\t\t$(window).trigger('resize');\n\t\t\t\t\t\t},200);\n\t\t\t\t\t}\n\t\t\t\t});\n\t\t\t\t$('.ui-accordion').on('accordionactivate', function(event, ui) {\n\t\t\t\t   if($(this).find('.ultimate-map-wrapper').length > 0)\n\t\t\t\t\t{\n\t\t\t\t\t\tsetTimeout(function(){\n\t\t\t\t\t\t\t$(window).trigger('resize');\n\t\t\t\t\t\t},200);\n\t\t\t\t\t}\n\t\t\t\t});\n\t\t\t\t$(window).on('load',function(){\n\t\t\t\t\tsetTimeout(function(){\n\t\t\t\t\t\t$(window).trigger('resize');\n\t\t\t\t\t},200);\n\t\t\t\t});\n\t\t\t\t$('.ult_exp_section').on('select', function(){\n\t\t\t\t\tif($(map_map_69f1ac028b998).parents('.ult_exp_section'))\n\t\t\t\t\t{\n\t\t\t\t\t\tsetTimeout(function(){\n\t\t\t\t\t\t\t$(window).trigger('resize');\n\t\t\t\t\t\t},200);\n\t\t\t\t\t}\n\t\t\t\t});\n\t\t\t\t$(document).on('onUVCModalPopupOpen', function(){\n\t\t\t\t\tif($(map_map_69f1ac028b998).parents('.ult_modal-content'))\n\t\t\t\t\t{\n\t\t\t\t\t\tsetTimeout(function(){\n\t\t\t\t\t\t\t$(window).trigger('resize');\n\t\t\t\t\t\t},200);\n\t\t\t\t\t}\n\t\t\t\t});\n\t\t\t\t$(document).on('click','.ult_tab_li',function(){\n\t\t\t\t\t$(window).trigger('resize');\n\t\t\t\t\tsetTimeout(function(){\n\t\t\t\t\t\t$(window).trigger('resize');\n\t\t\t\t\t},200);\n\t\t\t\t});\n\t\t\t});\n\t\t\tfunction toggleBounce() {\n\t\t\t  if (marker_map_69f1ac028b998.getAnimation() != null) {\n\t\t\t\tmarker_map_69f1ac028b998.setAnimation(null);\n\t\t\t  } else {\n\t\t\t\tmarker_map_69f1ac028b998.setAnimation(google.maps.Animation.BOUNCE);\n\t\t\t  }\n\t\t\t}\n\t\t\t})(jQuery);\n\t\t\t<\/script>[\/vc_column_inner][\/vc_row_inner][\/vc_column][\/vc_row][vc_row color_style=&#8221;light&#8221; remove_padding=&#8221;no-padding-vc-row&#8221; css=&#8221;.vc_custom_1588283868955{padding-top: 70px !important;padding-bottom: 70px !important;}&#8221; offset=&#8221;vc_hidden-lg vc_hidden-md&#8221;][vc_column width=&#8221;1\/2&#8243; css=&#8221;.vc_custom_1523987762158{margin-bottom: 50px !important;}&#8221;][vc_column_text]<\/p>\n<h3 id=\"organized-by--\" style=\"text-align: center;\"><span style=\"color: #efc942;\">ORGANIZED BY<\/span><span style=\"color: #8edbaf;\"><br \/>\n<\/span><\/h3>\n<p style=\"text-align: center;\"><strong>NMC spol. s\u00a0r.o.<\/strong><br \/>\nMakovick\u00e9ho 10<br \/>\n010 01 \u017dilina, Slovakia<\/p>\n<p style=\"text-align: center;\">Phone: +421-41-5166661<br \/>\nFax: +421-41-5006977<br \/>\nE-mail: nmc@nmc.sk<br \/>\nWeb: www.nmc.sk<\/p>\n<p style=\"text-align: center;\">Comp. Reg. No. (ID no.): 31639135<br \/>\nTax Reg. No. (VAT no.): SK2020446890<br \/>\nCompany registered in: Business register of the County Court \u017dilina, Section: Sro, Insert No. 2953\/L<\/p>\n<p>[\/vc_column_text][\/vc_column][vc_column width=&#8221;1\/2&#8243;][vc_row_inner][vc_column_inner][vc_column_text]<\/p>\n<h3 id=\"venue--\" style=\"text-align: center;\"><span style=\"color: #efc942;\">VENUE<\/span><strong><br \/>\n<\/strong><\/h3>\n<p style=\"text-align: center;\">Hotel Patria****, \u0160trbsk\u00e9 Pleso, High Tatras, Slovakia<br \/>\nGPS: 49\u00b0 7\u2032 28.5\u2033 N. 20\u00b0 3\u2032 40.94\u2033 E<\/p>\n<h3 id=\"conference-languages--\" style=\"text-align: center;\"><span style=\"color: #efc942;\"><strong>CONFERENCE LANGUAGES<\/strong><\/span><strong><br \/>\n<\/strong><\/h3>\n<p style=\"text-align: center;\">English, Slovak, Czech<\/p>\n<h3 id=\"simultaneous-interpretation--\" style=\"text-align: center;\"><span style=\"color: #efc942;\">SIMULTANEOUS INTERPRETATION<\/span><strong><br \/>\n<\/strong><\/h3>\n<p style=\"text-align: center;\">English \u2192 Slovak<br \/>\nSlovak \/ Czech \u2192 English<\/p>\n<p>[\/vc_column_text]<div id='wrap_map_69f1ac028b9eb' class='ultimate-map-wrapper ult-adjust-bottom-margin ' style='margin0px height:300px;'><div id='map_69f1ac028b9eb' data-map_override='0' class='ultimate_google_map wpb_content_element 0' style='width:100%;height:300px;'><\/div><\/div><script type='text\/javascript'>\n\t\t\t(function($) {\n  \t\t\t'use strict';\n\t\t\tvar map_map_69f1ac028b9eb = null;\n\t\t\tvar coordinate_map_69f1ac028b9eb;\n\t\t\tvar isDraggable = $(document).width() > 641 ? 'true' : 'true';\n\t\t\ttry\n\t\t\t{\n\t\t\t\tvar map_map_69f1ac028b9eb = null;\n\t\t\t\tvar coordinate_map_69f1ac028b9eb;\n\t\t\t\tcoordinate_map_69f1ac028b9eb = new google.maps.LatLng(49.12506, 20.0611);\n\t\t\t\tvar mapOptions=\n\t\t\t\t{\n\t\t\t\t\tzoom: 18,\n\t\t\t\t\tcenter: coordinate_map_69f1ac028b9eb,\n\t\t\t\t\tscaleControl: true,\n\t\t\t\t\tstreetViewControl: false,\n\t\t\t\t\tmapTypeControl: false,\n\t\t\t\t\tpanControl: false,\n\t\t\t\t\tzoomControl: false,\n\t\t\t\t\tscrollwheel: true,\n\t\t\t\t\tdraggable: isDraggable,\n\t\t\t\t\tzoomControlOptions: {\n\t\t\t\t\t\tposition: google.maps.ControlPosition.right_bottom\n\t\t\t\t\t},mapTypeId: google.maps.MapTypeId.roadmap,};var map_map_69f1ac028b9eb = new google.maps.Map(document.getElementById('map_69f1ac028b9eb'),mapOptions);\n\t\t\t\t\t\tvar x = 'infowindow_open_value';\n\t\t\t\t\t\tvar marker_map_69f1ac028b9eb = new google.maps.Marker({\n\t\t\t\t\t\tposition: new google.maps.LatLng('49.12506', '20.0611'),\n\t\t\t\t\t\tanimation:  google.maps.Animation.DROP,\n\t\t\t\t\t\tmap: map_map_69f1ac028b9eb,\n\t\t\t\t\t\ticon: ''\n\t\t\t\t\t});\tgoogle.maps.event.addListener(marker_map_69f1ac028b9eb, 'click', toggleBounce);}\n\t\t\tcatch(e){};\n\t\t\tjQuery(document).ready(function($){\n\t\t\t\tgoogle.maps.event.trigger(map_map_69f1ac028b9eb, 'resize');\n\t\t\t\t$(window).on('resize', function(){\n\t\t\t\t\tgoogle.maps.event.trigger(map_map_69f1ac028b9eb, 'resize');\n\t\t\t\t\tif(map_map_69f1ac028b9eb!=null)\n\t\t\t\t\t\tmap_map_69f1ac028b9eb.setCenter(coordinate_map_69f1ac028b9eb);\n\t\t\t\t});\n\t\t\t\t$('.ui-tabs').on('tabsactivate', function(event, ui) {\n\t\t\t\t   if($(this).find('.ultimate-map-wrapper').length > 0)\n\t\t\t\t\t{\n\t\t\t\t\t\tsetTimeout(function(){\n\t\t\t\t\t\t\t$(window).trigger('resize');\n\t\t\t\t\t\t},200);\n\t\t\t\t\t}\n\t\t\t\t});\n\t\t\t\t$('.ui-accordion').on('accordionactivate', function(event, ui) {\n\t\t\t\t   if($(this).find('.ultimate-map-wrapper').length > 0)\n\t\t\t\t\t{\n\t\t\t\t\t\tsetTimeout(function(){\n\t\t\t\t\t\t\t$(window).trigger('resize');\n\t\t\t\t\t\t},200);\n\t\t\t\t\t}\n\t\t\t\t});\n\t\t\t\t$(window).on('load',function(){\n\t\t\t\t\tsetTimeout(function(){\n\t\t\t\t\t\t$(window).trigger('resize');\n\t\t\t\t\t},200);\n\t\t\t\t});\n\t\t\t\t$('.ult_exp_section').on('select', function(){\n\t\t\t\t\tif($(map_map_69f1ac028b9eb).parents('.ult_exp_section'))\n\t\t\t\t\t{\n\t\t\t\t\t\tsetTimeout(function(){\n\t\t\t\t\t\t\t$(window).trigger('resize');\n\t\t\t\t\t\t},200);\n\t\t\t\t\t}\n\t\t\t\t});\n\t\t\t\t$(document).on('onUVCModalPopupOpen', function(){\n\t\t\t\t\tif($(map_map_69f1ac028b9eb).parents('.ult_modal-content'))\n\t\t\t\t\t{\n\t\t\t\t\t\tsetTimeout(function(){\n\t\t\t\t\t\t\t$(window).trigger('resize');\n\t\t\t\t\t\t},200);\n\t\t\t\t\t}\n\t\t\t\t});\n\t\t\t\t$(document).on('click','.ult_tab_li',function(){\n\t\t\t\t\t$(window).trigger('resize');\n\t\t\t\t\tsetTimeout(function(){\n\t\t\t\t\t\t$(window).trigger('resize');\n\t\t\t\t\t},200);\n\t\t\t\t});\n\t\t\t});\n\t\t\tfunction toggleBounce() {\n\t\t\t  if (marker_map_69f1ac028b9eb.getAnimation() != null) {\n\t\t\t\tmarker_map_69f1ac028b9eb.setAnimation(null);\n\t\t\t  } else {\n\t\t\t\tmarker_map_69f1ac028b9eb.setAnimation(google.maps.Animation.BOUNCE);\n\t\t\t  }\n\t\t\t}\n\t\t\t})(jQuery);\n\t\t\t<\/script>[\/vc_column_inner][\/vc_row_inner][\/vc_column][\/vc_row][vc_row disable_element=&#8221;yes&#8221; color_style=&#8221;light&#8221; remove_padding=&#8221;no-padding-vc-row&#8221; css=&#8221;.vc_custom_1540547351594{padding-top: 50px !important;}&#8221;][vc_column][vc_column_text]<\/p>\n<h3 id=\"kontaktn\u00dd-formul\u00c1r\">KONTAKTN\u00dd FORMUL\u00c1R<\/h3>\n<p>[\/vc_column_text][\/vc_column][\/vc_row][vc_row disable_element=&#8221;yes&#8221; color_style=&#8221;light&#8221; remove_padding=&#8221;no-padding-vc-row&#8221; offset=&#8221;vc_hidden-sm vc_hidden-xs&#8221;][vc_column]\n<div class=\"wpcf7 no-js\" id=\"wpcf7-f55-o1\" lang=\"sk-SK\" dir=\"ltr\" data-wpcf7-id=\"55\">\n<div class=\"screen-reader-response\"><p role=\"status\" aria-live=\"polite\" aria-atomic=\"true\"><\/p> <ul><\/ul><\/div>\n<form action=\"\/en\/wp-json\/wp\/v2\/pages\/1860#wpcf7-f55-o1\" method=\"post\" class=\"wpcf7-form init\" aria-label=\"Kontaktn\u00fd formul\u00e1r\" novalidate=\"novalidate\" data-status=\"init\">\n<fieldset class=\"hidden-fields-container\"><input type=\"hidden\" name=\"_wpcf7\" value=\"55\" \/><input type=\"hidden\" name=\"_wpcf7_version\" value=\"6.1.5\" \/><input type=\"hidden\" name=\"_wpcf7_locale\" value=\"sk_SK\" \/><input type=\"hidden\" name=\"_wpcf7_unit_tag\" value=\"wpcf7-f55-o1\" \/><input type=\"hidden\" name=\"_wpcf7_container_post\" value=\"0\" \/><input type=\"hidden\" name=\"_wpcf7_posted_data_hash\" value=\"\" \/>\n<\/fieldset>\n<p><label> Va\u0161e meno (povinn\u00e9)<br \/>\n<span class=\"wpcf7-form-control-wrap\" data-name=\"your-name\"><input size=\"40\" maxlength=\"400\" class=\"wpcf7-form-control wpcf7-text wpcf7-validates-as-required\" aria-required=\"true\" aria-invalid=\"false\" value=\"\" type=\"text\" name=\"your-name\" \/><\/span> <\/label>\n<\/p>\n<p><label> V\u00e1\u0161 email (povinn\u00e9)<br \/>\n<span class=\"wpcf7-form-control-wrap\" data-name=\"your-email\"><input size=\"40\" maxlength=\"400\" class=\"wpcf7-form-control wpcf7-email wpcf7-validates-as-required wpcf7-text wpcf7-validates-as-email\" aria-required=\"true\" aria-invalid=\"false\" value=\"\" type=\"email\" name=\"your-email\" \/><\/span> <\/label>\n<\/p>\n<p><label> Predmet<br \/>\n<span class=\"wpcf7-form-control-wrap\" data-name=\"your-subject\"><input size=\"40\" maxlength=\"400\" class=\"wpcf7-form-control wpcf7-text\" aria-invalid=\"false\" value=\"\" type=\"text\" name=\"your-subject\" \/><\/span> <\/label>\n<\/p>\n<p><label> M\u00e1me z\u00e1ujem o: <\/label><br \/>\n<span class=\"wpcf7-form-control-wrap\" data-name=\"your-interests\"><span class=\"wpcf7-form-control wpcf7-checkbox\"><span class=\"wpcf7-list-item first\"><input type=\"checkbox\" name=\"your-interests[]\" value=\"Pozv\u00e1nka a prihl\u00e1\u0161ka \u00fa\u010dastn\u00edka\" \/><span class=\"wpcf7-list-item-label\">Pozv\u00e1nka a prihl\u00e1\u0161ka \u00fa\u010dastn\u00edka<\/span><\/span><span class=\"wpcf7-list-item\"><input type=\"checkbox\" name=\"your-interests[]\" value=\"Prihl\u00e1\u0161ka odborn\u00e9ho pr\u00edspevku a predn\u00e1\u0161aj\u00faceho\" \/><span class=\"wpcf7-list-item-label\">Prihl\u00e1\u0161ka odborn\u00e9ho pr\u00edspevku a predn\u00e1\u0161aj\u00faceho<\/span><\/span><span class=\"wpcf7-list-item\"><input type=\"checkbox\" name=\"your-interests[]\" value=\"Partner konferencie a podmienky spolupr\u00e1ce\" \/><span class=\"wpcf7-list-item-label\">Partner konferencie a podmienky spolupr\u00e1ce<\/span><\/span><span class=\"wpcf7-list-item\"><input type=\"checkbox\" name=\"your-interests[]\" value=\"Firemn\u00e1 prezent\u00e1cia a reklama\" \/><span class=\"wpcf7-list-item-label\">Firemn\u00e1 prezent\u00e1cia a reklama<\/span><\/span><span class=\"wpcf7-list-item last\"><input type=\"checkbox\" name=\"your-interests[]\" value=\"Preprava na letisko a vlakov\u00e9 spojenie\" \/><span class=\"wpcf7-list-item-label\">Preprava na letisko a vlakov\u00e9 spojenie<\/span><\/span><\/span><\/span>\n<\/p>\n<p><label> Va\u0161a spr\u00e1va<br \/>\n<span class=\"wpcf7-form-control-wrap\" data-name=\"your-message\"><textarea cols=\"40\" rows=\"10\" maxlength=\"2000\" class=\"wpcf7-form-control wpcf7-textarea\" aria-invalid=\"false\" name=\"your-message\"><\/textarea><\/span> <\/label>\n<\/p>\n<p><label> Spracovanie osobn\u00fdch \u00fadajov (povinn\u00e9): <\/label>\n<\/p>\n<p><span class=\"wpcf7-form-control-wrap\" data-name=\"personal-data-agree\"><span class=\"wpcf7-form-control wpcf7-checkbox wpcf7-validates-as-required\"><span class=\"wpcf7-list-item first last\"><input type=\"checkbox\" name=\"personal-data-agree[]\" value=\"S\u00fahlas\u00edm so spracovan\u00edm poskytnut\u00fdch osobn\u00fdch \u00fadajov spolo\u010dnos\u0165ou NMC spol. s r.o. v rozsahu nevyhnutnom na spracovanie odpovede\" \/><span class=\"wpcf7-list-item-label\">S\u00fahlas\u00edm so spracovan\u00edm poskytnut\u00fdch osobn\u00fdch \u00fadajov spolo\u010dnos\u0165ou NMC spol. s r.o. v rozsahu nevyhnutnom na spracovanie odpovede<\/span><\/span><\/span><\/span>\n<\/p>\n<p><input class=\"wpcf7-form-control wpcf7-submit has-spinner\" type=\"submit\" value=\"Odo\u0161li\" \/>\n<\/p><div class=\"wpcf7-response-output\" aria-hidden=\"true\"><\/div>\n<\/form>\n<\/div>\n[\/vc_column][\/vc_row][vc_row full_width=&#8221;stretch_row_content&#8221; disable_element=&#8221;yes&#8221; color_style=&#8221;light&#8221; remove_padding=&#8221;no-padding-vc-row&#8221; offset=&#8221;vc_hidden-lg vc_hidden-md&#8221; css=&#8221;.vc_custom_1540547363308{padding-top: 20px !important;}&#8221;][vc_column]\n<div class=\"wpcf7 no-js\" id=\"wpcf7-f55-o2\" lang=\"sk-SK\" dir=\"ltr\" data-wpcf7-id=\"55\">\n<div class=\"screen-reader-response\"><p role=\"status\" aria-live=\"polite\" aria-atomic=\"true\"><\/p> <ul><\/ul><\/div>\n<form action=\"\/en\/wp-json\/wp\/v2\/pages\/1860#wpcf7-f55-o2\" method=\"post\" class=\"wpcf7-form init\" aria-label=\"Kontaktn\u00fd formul\u00e1r\" novalidate=\"novalidate\" data-status=\"init\">\n<fieldset class=\"hidden-fields-container\"><input type=\"hidden\" name=\"_wpcf7\" value=\"55\" \/><input type=\"hidden\" name=\"_wpcf7_version\" value=\"6.1.5\" \/><input type=\"hidden\" name=\"_wpcf7_locale\" value=\"sk_SK\" \/><input type=\"hidden\" name=\"_wpcf7_unit_tag\" value=\"wpcf7-f55-o2\" \/><input type=\"hidden\" name=\"_wpcf7_container_post\" value=\"0\" \/><input type=\"hidden\" name=\"_wpcf7_posted_data_hash\" value=\"\" \/>\n<\/fieldset>\n<p><label> Va\u0161e meno (povinn\u00e9)<br \/>\n<span class=\"wpcf7-form-control-wrap\" data-name=\"your-name\"><input size=\"40\" maxlength=\"400\" class=\"wpcf7-form-control wpcf7-text wpcf7-validates-as-required\" aria-required=\"true\" aria-invalid=\"false\" value=\"\" type=\"text\" name=\"your-name\" \/><\/span> <\/label>\n<\/p>\n<p><label> V\u00e1\u0161 email (povinn\u00e9)<br \/>\n<span class=\"wpcf7-form-control-wrap\" data-name=\"your-email\"><input size=\"40\" maxlength=\"400\" class=\"wpcf7-form-control wpcf7-email wpcf7-validates-as-required wpcf7-text wpcf7-validates-as-email\" aria-required=\"true\" aria-invalid=\"false\" value=\"\" type=\"email\" name=\"your-email\" \/><\/span> <\/label>\n<\/p>\n<p><label> Predmet<br \/>\n<span class=\"wpcf7-form-control-wrap\" data-name=\"your-subject\"><input size=\"40\" maxlength=\"400\" class=\"wpcf7-form-control wpcf7-text\" aria-invalid=\"false\" value=\"\" type=\"text\" name=\"your-subject\" \/><\/span> <\/label>\n<\/p>\n<p><label> M\u00e1me z\u00e1ujem o: <\/label><br \/>\n<span class=\"wpcf7-form-control-wrap\" data-name=\"your-interests\"><span class=\"wpcf7-form-control wpcf7-checkbox\"><span class=\"wpcf7-list-item first\"><input type=\"checkbox\" name=\"your-interests[]\" value=\"Pozv\u00e1nka a prihl\u00e1\u0161ka \u00fa\u010dastn\u00edka\" \/><span class=\"wpcf7-list-item-label\">Pozv\u00e1nka a prihl\u00e1\u0161ka \u00fa\u010dastn\u00edka<\/span><\/span><span class=\"wpcf7-list-item\"><input type=\"checkbox\" name=\"your-interests[]\" value=\"Prihl\u00e1\u0161ka odborn\u00e9ho pr\u00edspevku a predn\u00e1\u0161aj\u00faceho\" \/><span class=\"wpcf7-list-item-label\">Prihl\u00e1\u0161ka odborn\u00e9ho pr\u00edspevku a predn\u00e1\u0161aj\u00faceho<\/span><\/span><span class=\"wpcf7-list-item\"><input type=\"checkbox\" name=\"your-interests[]\" value=\"Partner konferencie a podmienky spolupr\u00e1ce\" \/><span class=\"wpcf7-list-item-label\">Partner konferencie a podmienky spolupr\u00e1ce<\/span><\/span><span class=\"wpcf7-list-item\"><input type=\"checkbox\" name=\"your-interests[]\" value=\"Firemn\u00e1 prezent\u00e1cia a reklama\" \/><span class=\"wpcf7-list-item-label\">Firemn\u00e1 prezent\u00e1cia a reklama<\/span><\/span><span class=\"wpcf7-list-item last\"><input type=\"checkbox\" name=\"your-interests[]\" value=\"Preprava na letisko a vlakov\u00e9 spojenie\" \/><span class=\"wpcf7-list-item-label\">Preprava na letisko a vlakov\u00e9 spojenie<\/span><\/span><\/span><\/span>\n<\/p>\n<p><label> Va\u0161a spr\u00e1va<br \/>\n<span class=\"wpcf7-form-control-wrap\" data-name=\"your-message\"><textarea cols=\"40\" rows=\"10\" maxlength=\"2000\" class=\"wpcf7-form-control wpcf7-textarea\" aria-invalid=\"false\" name=\"your-message\"><\/textarea><\/span> <\/label>\n<\/p>\n<p><label> Spracovanie osobn\u00fdch \u00fadajov (povinn\u00e9): <\/label>\n<\/p>\n<p><span class=\"wpcf7-form-control-wrap\" data-name=\"personal-data-agree\"><span class=\"wpcf7-form-control wpcf7-checkbox wpcf7-validates-as-required\"><span class=\"wpcf7-list-item first last\"><input type=\"checkbox\" name=\"personal-data-agree[]\" value=\"S\u00fahlas\u00edm so spracovan\u00edm poskytnut\u00fdch osobn\u00fdch \u00fadajov spolo\u010dnos\u0165ou NMC spol. s r.o. v rozsahu nevyhnutnom na spracovanie odpovede\" \/><span class=\"wpcf7-list-item-label\">S\u00fahlas\u00edm so spracovan\u00edm poskytnut\u00fdch osobn\u00fdch \u00fadajov spolo\u010dnos\u0165ou NMC spol. s r.o. v rozsahu nevyhnutnom na spracovanie odpovede<\/span><\/span><\/span><\/span>\n<\/p>\n<p><input class=\"wpcf7-form-control wpcf7-submit has-spinner\" type=\"submit\" value=\"Odo\u0161li\" \/>\n<\/p><div class=\"wpcf7-response-output\" aria-hidden=\"true\"><\/div>\n<\/form>\n<\/div>\n[\/vc_column][\/vc_row][\/vc_section][vc_row full_width=&#8221;stretch_row&#8221; color_style=&#8221;light&#8221; remove_padding=&#8221;no-padding-vc-row&#8221; css=&#8221;.vc_custom_1588194581800{padding-top: 100px !important;padding-bottom: 100px !important;background-color: #9f643c !important;}&#8221;][vc_column][vc_column_text]<\/p>\n<h3 id=\"we-look-forward-to-welcome-you\" style=\"text-align: center;\"><strong>WE LOOK FORWARD TO WELCOME YOU!<br \/>\n<\/strong><\/h3>\n<p>[\/vc_column_text][\/vc_column][\/vc_row][vc_row full_width=&#8221;stretch_row&#8221; disable_element=&#8221;yes&#8221; remove_padding=&#8221;no-padding-vc-row&#8221; css=&#8221;.vc_custom_1580167869822{padding-bottom: 50px !important;}&#8221;][vc_column color_style=&#8221;light&#8221;][vc_empty_space height=&#8221;60&#8243;][vc_separator color=&#8221;custom&#8221; style=&#8221;dotted&#8221; border_width=&#8221;2&#8243; accent_color=&#8221;#4eadb1&#8243; css=&#8221;.vc_custom_1531087767439{margin: 10px !important;padding: 10px !important;}&#8221;][vc_column_text css=&#8221;.vc_custom_1554738614245{padding-top: 20px !important;}&#8221;]<\/p>\n<p style=\"text-align: center;\"><strong><span style=\"color: #8edbaf;\">The organizers reserve the right to change the program.<\/span><\/strong><\/p>\n<p>[\/vc_column_text][\/vc_column][\/vc_row]<\/p>\n<\/div>","protected":false},"excerpt":{"rendered":"<p>[vc_row full_width=&#8221;stretch_row&#8221; css=&#8221;.vc_custom_1600243462198{background-color: #f0ca43 !important;}&#8221;][vc_column][vc_custom_heading text=&#8221;TAKING PLACE IN NEW DATE&#8221; font_container=&#8221;tag:h2|font_size:38|text_align:center|color:%23ad643a|line_height:1&#8243; google_fonts=&#8221;font_family:Open%20Sans%3A300%2C300italic%2Cregular%2Citalic%2C600%2C600italic%2C700%2C700italic%2C800%2C800italic&#8221; css_animation=&#8221;none&#8221;][vc_custom_heading text=&#8221;due to Covid-19 pandemic&#8221; font_container=&#8221;tag:h3|font_size:26|text_align:center|color:%230a0a0a|line_height:1&#8243; google_fonts=&#8221;font_family:Open%20Sans%3A300%2C300italic%2Cregular%2Citalic%2C600%2C600italic%2C700%2C700italic%2C800%2C800italic&#8221;][\/vc_column][\/vc_row][vc_row full_width=&#8221;stretch_row&#8221; full_height=&#8221;yes&#8221; equal_height=&#8221;yes&#8221; content_placement=&#8221;middle&#8221; remove_padding=&#8221;no-padding-vc-row&#8221; bg_type=&#8221;grad&#8221; css=&#8221;.vc_custom_1600243846975{background-position: center !important;background-repeat: no-repeat !important;background-size: cover !important;}&#8221; bg_grad=&#8221;background: -webkit-gradient(linear, left top, left bottom, color-stop(0%, #F0CA43),&#8230;<\/p>\n","protected":false},"author":3,"featured_media":0,"parent":0,"menu_order":0,"comment_status":"closed","ping_status":"closed","template":"","meta":{"footnotes":""},"class_list":["post-1860","page","type-page","status-publish","hentry"],"yoast_head":"<!-- This site is optimized with the Yoast SEO plugin v27.4 - https:\/\/yoast.com\/product\/yoast-seo-wordpress\/ -->\n<title>enviro2020 - NMC<\/title>\n<meta name=\"description\" content=\"Anual environmental experts&#039; conference. ENVIROMANAGEMENT 2020. Waste infrastructure. Slovakia.\" \/>\n<meta name=\"robots\" content=\"index, follow, max-snippet:-1, max-image-preview:large, max-video-preview:-1\" \/>\n<link rel=\"canonical\" href=\"https:\/\/nmc.sk\/en\/enviro2020\/\" \/>\n<meta property=\"og:locale\" content=\"en_US\" \/>\n<meta property=\"og:type\" content=\"article\" \/>\n<meta property=\"og:title\" content=\"enviro2020 - NMC\" \/>\n<meta property=\"og:description\" content=\"Anual environmental experts&#039; conference. ENVIROMANAGEMENT 2020. Waste infrastructure. Slovakia.\" \/>\n<meta property=\"og:url\" content=\"https:\/\/nmc.sk\/en\/enviro2020\/\" \/>\n<meta property=\"og:site_name\" content=\"NMC\" \/>\n<meta property=\"article:modified_time\" content=\"2020-09-23T10:28:46+00:00\" \/>\n<meta property=\"og:image\" content=\"https:\/\/nmc.sk\/wp-content\/uploads\/2020\/09\/EM_male_final2021-w-300x195.png\" \/>\n<meta name=\"twitter:card\" content=\"summary_large_image\" \/>\n<meta name=\"twitter:label1\" content=\"Est. reading time\" \/>\n\t<meta name=\"twitter:data1\" content=\"37 minutes\" \/>\n<script type=\"application\/ld+json\" class=\"yoast-schema-graph\">{\"@context\":\"https:\\\/\\\/schema.org\",\"@graph\":[{\"@type\":\"WebPage\",\"@id\":\"https:\\\/\\\/nmc.sk\\\/en\\\/enviro2020\\\/\",\"url\":\"https:\\\/\\\/nmc.sk\\\/en\\\/enviro2020\\\/\",\"name\":\"enviro2020 - NMC\",\"isPartOf\":{\"@id\":\"https:\\\/\\\/nmc.sk\\\/en\\\/#website\"},\"primaryImageOfPage\":{\"@id\":\"https:\\\/\\\/nmc.sk\\\/en\\\/enviro2020\\\/#primaryimage\"},\"image\":{\"@id\":\"https:\\\/\\\/nmc.sk\\\/en\\\/enviro2020\\\/#primaryimage\"},\"thumbnailUrl\":\"https:\\\/\\\/nmc.sk\\\/wp-content\\\/uploads\\\/2020\\\/09\\\/EM_male_final2021-w-300x195.png\",\"datePublished\":\"2020-06-01T11:16:35+00:00\",\"dateModified\":\"2020-09-23T10:28:46+00:00\",\"description\":\"Anual environmental experts' conference. ENVIROMANAGEMENT 2020. Waste infrastructure. Slovakia.\",\"breadcrumb\":{\"@id\":\"https:\\\/\\\/nmc.sk\\\/en\\\/enviro2020\\\/#breadcrumb\"},\"inLanguage\":\"en-US\",\"potentialAction\":[{\"@type\":\"ReadAction\",\"target\":[\"https:\\\/\\\/nmc.sk\\\/en\\\/enviro2020\\\/\"]}]},{\"@type\":\"ImageObject\",\"inLanguage\":\"en-US\",\"@id\":\"https:\\\/\\\/nmc.sk\\\/en\\\/enviro2020\\\/#primaryimage\",\"url\":\"https:\\\/\\\/nmc.sk\\\/wp-content\\\/uploads\\\/2020\\\/09\\\/EM_male_final2021-w-300x195.png\",\"contentUrl\":\"https:\\\/\\\/nmc.sk\\\/wp-content\\\/uploads\\\/2020\\\/09\\\/EM_male_final2021-w-300x195.png\"},{\"@type\":\"BreadcrumbList\",\"@id\":\"https:\\\/\\\/nmc.sk\\\/en\\\/enviro2020\\\/#breadcrumb\",\"itemListElement\":[{\"@type\":\"ListItem\",\"position\":1,\"name\":\"Home\",\"item\":\"https:\\\/\\\/nmc.sk\\\/en\\\/\"},{\"@type\":\"ListItem\",\"position\":2,\"name\":\"enviro2020\"}]},{\"@type\":\"WebSite\",\"@id\":\"https:\\\/\\\/nmc.sk\\\/en\\\/#website\",\"url\":\"https:\\\/\\\/nmc.sk\\\/en\\\/\",\"name\":\"NMC\",\"description\":\"\",\"publisher\":{\"@id\":\"https:\\\/\\\/nmc.sk\\\/en\\\/#organization\"},\"potentialAction\":[{\"@type\":\"SearchAction\",\"target\":{\"@type\":\"EntryPoint\",\"urlTemplate\":\"https:\\\/\\\/nmc.sk\\\/en\\\/?s={search_term_string}\"},\"query-input\":{\"@type\":\"PropertyValueSpecification\",\"valueRequired\":true,\"valueName\":\"search_term_string\"}}],\"inLanguage\":\"en-US\"},{\"@type\":\"Organization\",\"@id\":\"https:\\\/\\\/nmc.sk\\\/en\\\/#organization\",\"name\":\"NMC\",\"url\":\"https:\\\/\\\/nmc.sk\\\/en\\\/\",\"logo\":{\"@type\":\"ImageObject\",\"inLanguage\":\"en-US\",\"@id\":\"https:\\\/\\\/nmc.sk\\\/en\\\/#\\\/schema\\\/logo\\\/image\\\/\",\"url\":\"\",\"contentUrl\":\"\",\"caption\":\"NMC\"},\"image\":{\"@id\":\"https:\\\/\\\/nmc.sk\\\/en\\\/#\\\/schema\\\/logo\\\/image\\\/\"}}]}<\/script>\n<!-- \/ Yoast SEO plugin. -->","yoast_head_json":{"title":"enviro2020 - NMC","description":"Anual environmental experts' conference. ENVIROMANAGEMENT 2020. Waste infrastructure. Slovakia.","robots":{"index":"index","follow":"follow","max-snippet":"max-snippet:-1","max-image-preview":"max-image-preview:large","max-video-preview":"max-video-preview:-1"},"canonical":"https:\/\/nmc.sk\/en\/enviro2020\/","og_locale":"en_US","og_type":"article","og_title":"enviro2020 - NMC","og_description":"Anual environmental experts' conference. ENVIROMANAGEMENT 2020. Waste infrastructure. Slovakia.","og_url":"https:\/\/nmc.sk\/en\/enviro2020\/","og_site_name":"NMC","article_modified_time":"2020-09-23T10:28:46+00:00","og_image":[{"url":"https:\/\/nmc.sk\/wp-content\/uploads\/2020\/09\/EM_male_final2021-w-300x195.png","type":"","width":"","height":""}],"twitter_card":"summary_large_image","twitter_misc":{"Est. reading time":"37 minutes"},"schema":{"@context":"https:\/\/schema.org","@graph":[{"@type":"WebPage","@id":"https:\/\/nmc.sk\/en\/enviro2020\/","url":"https:\/\/nmc.sk\/en\/enviro2020\/","name":"enviro2020 - NMC","isPartOf":{"@id":"https:\/\/nmc.sk\/en\/#website"},"primaryImageOfPage":{"@id":"https:\/\/nmc.sk\/en\/enviro2020\/#primaryimage"},"image":{"@id":"https:\/\/nmc.sk\/en\/enviro2020\/#primaryimage"},"thumbnailUrl":"https:\/\/nmc.sk\/wp-content\/uploads\/2020\/09\/EM_male_final2021-w-300x195.png","datePublished":"2020-06-01T11:16:35+00:00","dateModified":"2020-09-23T10:28:46+00:00","description":"Anual environmental experts' conference. ENVIROMANAGEMENT 2020. Waste infrastructure. Slovakia.","breadcrumb":{"@id":"https:\/\/nmc.sk\/en\/enviro2020\/#breadcrumb"},"inLanguage":"en-US","potentialAction":[{"@type":"ReadAction","target":["https:\/\/nmc.sk\/en\/enviro2020\/"]}]},{"@type":"ImageObject","inLanguage":"en-US","@id":"https:\/\/nmc.sk\/en\/enviro2020\/#primaryimage","url":"https:\/\/nmc.sk\/wp-content\/uploads\/2020\/09\/EM_male_final2021-w-300x195.png","contentUrl":"https:\/\/nmc.sk\/wp-content\/uploads\/2020\/09\/EM_male_final2021-w-300x195.png"},{"@type":"BreadcrumbList","@id":"https:\/\/nmc.sk\/en\/enviro2020\/#breadcrumb","itemListElement":[{"@type":"ListItem","position":1,"name":"Home","item":"https:\/\/nmc.sk\/en\/"},{"@type":"ListItem","position":2,"name":"enviro2020"}]},{"@type":"WebSite","@id":"https:\/\/nmc.sk\/en\/#website","url":"https:\/\/nmc.sk\/en\/","name":"NMC","description":"","publisher":{"@id":"https:\/\/nmc.sk\/en\/#organization"},"potentialAction":[{"@type":"SearchAction","target":{"@type":"EntryPoint","urlTemplate":"https:\/\/nmc.sk\/en\/?s={search_term_string}"},"query-input":{"@type":"PropertyValueSpecification","valueRequired":true,"valueName":"search_term_string"}}],"inLanguage":"en-US"},{"@type":"Organization","@id":"https:\/\/nmc.sk\/en\/#organization","name":"NMC","url":"https:\/\/nmc.sk\/en\/","logo":{"@type":"ImageObject","inLanguage":"en-US","@id":"https:\/\/nmc.sk\/en\/#\/schema\/logo\/image\/","url":"","contentUrl":"","caption":"NMC"},"image":{"@id":"https:\/\/nmc.sk\/en\/#\/schema\/logo\/image\/"}}]}},"_links":{"self":[{"href":"https:\/\/nmc.sk\/en\/wp-json\/wp\/v2\/pages\/1860","targetHints":{"allow":["GET"]}}],"collection":[{"href":"https:\/\/nmc.sk\/en\/wp-json\/wp\/v2\/pages"}],"about":[{"href":"https:\/\/nmc.sk\/en\/wp-json\/wp\/v2\/types\/page"}],"author":[{"embeddable":true,"href":"https:\/\/nmc.sk\/en\/wp-json\/wp\/v2\/users\/3"}],"replies":[{"embeddable":true,"href":"https:\/\/nmc.sk\/en\/wp-json\/wp\/v2\/comments?post=1860"}],"version-history":[{"count":36,"href":"https:\/\/nmc.sk\/en\/wp-json\/wp\/v2\/pages\/1860\/revisions"}],"predecessor-version":[{"id":2272,"href":"https:\/\/nmc.sk\/en\/wp-json\/wp\/v2\/pages\/1860\/revisions\/2272"}],"wp:attachment":[{"href":"https:\/\/nmc.sk\/en\/wp-json\/wp\/v2\/media?parent=1860"}],"curies":[{"name":"wp","href":"https:\/\/api.w.org\/{rel}","templated":true}]}}