{"id":3730,"date":"2022-09-30T23:51:25","date_gmt":"2022-09-30T21:51:25","guid":{"rendered":"https:\/\/nmc.sk\/?page_id=3730"},"modified":"2022-09-30T23:54:48","modified_gmt":"2022-09-30T21:54:48","slug":"em2022-podlesna-maria","status":"publish","type":"page","link":"https:\/\/nmc.sk\/en\/em2022-podlesna-maria\/","title":{"rendered":"EM2022-Podlesna-Maria"},"content":{"rendered":"<div class=\"wpb-content-wrapper\"><p>[vc_row full_width=&#8221;stretch_row&#8221; parallax=&#8221;content-moving&#8221; parallax_image=&#8221;2987&#8243; remove_padding=&#8221;no-padding-vc-row&#8221; bg_type=&#8221;image&#8221; parallax_style=&#8221;vcpb-hz-jquery&#8221; bg_image_new=&#8221;id^2987|url^https:\/\/nmc.sk\/wp-content\/uploads\/2022\/03\/header-bg2.jpg|caption^null|alt^null|title^header-bg2|description^null&#8221; bg_image_repeat=&#8221;no-repeat&#8221;][vc_column]<div class=\"ult-content-box-container \" >\t\t<div class=\"ult-content-box\" style=\"box-shadow: px px px px none;-webkit-transition: all 700ms ease;-moz-transition: all 700ms ease;-ms-transition: all 700ms ease;-o-transition: all 700ms ease;transition: all 700ms ease;\"  data-hover_box_shadow=\"none\"    >[vc_row_inner content_placement=&#8221;middle&#8221;][vc_column_inner width=&#8221;1\/4&#8243;][vc_single_image image=&#8221;2985&#8243; img_size=&#8221;full&#8221; alignment=&#8221;center&#8221; style=&#8221;vc_box_border_circle_2&#8243; border_color=&#8221;white&#8221; css_animation=&#8221;right-to-left&#8221; css=&#8221;.vc_custom_1664574787165{padding-top: 150px !important;}&#8221;][vc_empty_space height=&#8221;200&#8243;][\/vc_column_inner][vc_column_inner width=&#8221;3\/4&#8243; css=&#8221;.vc_custom_1596614331624{padding-left: 50px !important;}&#8221;][vc_empty_space height=&#8221;10&#8243;][vc_custom_heading text=&#8221;12th international experts\u2019 conference&#8221; font_container=&#8221;tag:h3|font_size:26|text_align:left|color:%230a0a0a|line_height:1&#8243; google_fonts=&#8221;font_family:Open%20Sans%3A300%2C300italic%2Cregular%2Citalic%2C600%2C600italic%2C700%2C700italic%2C800%2C800italic&#8221;][vc_custom_heading text=&#8221;ENVIROMANAGEMENT 2022&#8243; font_container=&#8221;tag:h2|font_size:40|text_align:left|color:%23007f2e|line_height:1&#8243; google_fonts=&#8221;font_family:Open%20Sans%3A300%2C300italic%2Cregular%2Citalic%2C600%2C600italic%2C700%2C700italic%2C800%2C800italic&#8221; css_animation=&#8221;none&#8221; css=&#8221;.vc_custom_1648558609132{padding-top: 20px !important;}&#8221;][vc_empty_space height=&#8221;20&#8243;][vc_custom_heading text=&#8221;CONTINUOUS IMPROVEMENT IN THE WASTE AND RECYCLING INDUSTRY&#8221; font_container=&#8221;tag:h3|font_size:38|text_align:left|line_height:1.1&#8243; google_fonts=&#8221;font_family:Open%20Sans%3A300%2C300italic%2Cregular%2Citalic%2C600%2C600italic%2C700%2C700italic%2C800%2C800italic&#8221;][vc_empty_space height=&#8221;10&#8243;][vc_custom_heading text=&#8221;GOALS, TARGETS, AND LIMITS&#8221; font_container=&#8221;tag:h3|font_size:28|text_align:left|color:%23007f2e|line_height:1.1&#8243; google_fonts=&#8221;font_family:Open%20Sans%3A300%2C300italic%2Cregular%2Citalic%2C600%2C600italic%2C700%2C700italic%2C800%2C800italic&#8221;][vc_empty_space height=&#8221;25&#8243;][vc_custom_heading text=&#8221;OCTOBER 3 \u2013 4, 2022<br \/>\nHOTEL PATRIA ****, \u0160TRBSK\u00c9 PLESO, HIGH TATRAS, SLOVAKIA&#8221; font_container=&#8221;tag:h4|font_size:20|text_align:left|color:%23000000|line_height:1.5&#8243; google_fonts=&#8221;font_family:Open%20Sans%3A300%2C300italic%2Cregular%2Citalic%2C600%2C600italic%2C700%2C700italic%2C800%2C800italic&#8221;][vc_empty_space height=&#8221;80&#8243;][\/vc_column_inner][\/vc_row_inner]\t\t<\/div><\/div>[\/vc_column][\/vc_row][vc_row full_width=&#8221;stretch_row&#8221; equal_height=&#8221;yes&#8221; content_placement=&#8221;top&#8221; remove_padding=&#8221;no-padding-vc-row&#8221; bg_type=&#8221;bg_color&#8221; css=&#8221;.vc_custom_1649600650914{padding-top: 50px !important;padding-bottom: 50px !important;}&#8221; bg_color_value=&#8221;#20525c&#8221;][vc_column]<div class=\"ult-content-box-container \" >\t\t<div class=\"ult-content-box\" style=\"box-shadow: px px px px none;-webkit-transition: all 700ms ease;-moz-transition: all 700ms ease;-ms-transition: all 700ms ease;-o-transition: all 700ms ease;transition: all 700ms ease;\"  data-hover_box_shadow=\"none\"    >[vc_row_inner equal_height=&#8221;yes&#8221; content_placement=&#8221;middle&#8221;][vc_column_inner width=&#8221;1\/4&#8243; css=&#8221;.vc_custom_1649600358124{border-bottom-width: 1px !important;background-color: #176770 !important;border-bottom-color: #ffffff !important;border-bottom-style: dotted !important;border-radius: 1px !important;}&#8221;][vc_column_text]<\/p>\n<p style=\"text-align: center;\"><span style=\"color: #dfe667;\"><strong>Lecturer<\/strong><\/span><\/p>\n<p>[\/vc_column_text][\/vc_column_inner][vc_column_inner width=&#8221;2\/4&#8243; css=&#8221;.vc_custom_1596615104945{border-bottom-width: 1px !important;border-left-width: 1px !important;border-left-color: #ffffff !important;border-left-style: dotted !important;border-bottom-color: #ffffff !important;border-bottom-style: dotted !important;}&#8221;][vc_column_text]<span style=\"color: #b6cbcf;\"><strong>Ing. M\u00e1ria Podlesn\u00e1<\/strong><\/span><\/p>\n<p><span style=\"color: #b6cbcf;\">Regional Director<br \/>\nENVI \u2013 PAK, a.s.<\/span><\/p>\n<p><span style=\"color: #b6cbcf;\">Bratislava<br \/>\nSlovakia<\/span>[\/vc_column_text][\/vc_column_inner][vc_column_inner width=&#8221;1\/4&#8243; css=&#8221;.vc_custom_1654188256819{border-bottom-width: 1px !important;border-bottom-color: #ffffff !important;border-bottom-style: dotted !important;}&#8221;][vc_single_image image=&#8221;2728&#8243; img_size=&#8221;full&#8221;][\/vc_column_inner][\/vc_row_inner][vc_row_inner equal_height=&#8221;yes&#8221;][vc_column_inner width=&#8221;1\/4&#8243; css=&#8221;.vc_custom_1649600366573{border-bottom-width: 1px !important;background-color: #176770 !important;border-bottom-color: #ffffff !important;border-bottom-style: dotted !important;border-radius: 1px !important;}&#8221;][vc_column_text]<\/p>\n<p style=\"text-align: center;\"><span style=\"color: #dfe667;\"><strong>Presentation<\/strong><\/span><\/p>\n<p>[\/vc_column_text][\/vc_column_inner][vc_column_inner width=&#8221;3\/4&#8243; css=&#8221;.vc_custom_1596615178119{border-bottom-width: 1px !important;border-left-width: 1px !important;border-left-color: #ffffff !important;border-left-style: dotted !important;border-bottom-color: #ffffff !important;border-bottom-style: dotted !important;border-radius: 1px !important;}&#8221;][vc_column_text]<strong><span style=\"color: #b6cbcf;\">Deposit System and Deposit Return Scheme for PET bottle and beverage cans \u2013 First experiences of Slovak Republic. <\/span><\/strong><\/p>\n<p><em><span style=\"color: #b6cbcf;\">Z\u00e1lohov\u00fd syst\u00e9m pre PET f\u013ea\u0161e a plechovky \u2013 prv\u00e9 sk\u00fasenosti.<\/span><\/em>[\/vc_column_text][\/vc_column_inner][\/vc_row_inner][vc_row_inner equal_height=&#8221;yes&#8221; disable_element=&#8221;yes&#8221;][vc_column_inner width=&#8221;1\/4&#8243; css=&#8221;.vc_custom_1649600374329{border-bottom-width: 1px !important;background-color: #176770 !important;border-bottom-color: #ffffff !important;border-bottom-style: dotted !important;border-radius: 1px !important;}&#8221;][vc_column_text]<\/p>\n<p style=\"text-align: center;\"><span style=\"color: #dfe667;\"><strong>Key Words<\/strong><\/span><\/p>\n<p>[\/vc_column_text][\/vc_column_inner][vc_column_inner width=&#8221;3\/4&#8243; css=&#8221;.vc_custom_1596615178119{border-bottom-width: 1px !important;border-left-width: 1px !important;border-left-color: #ffffff !important;border-left-style: dotted !important;border-bottom-color: #ffffff !important;border-bottom-style: dotted !important;border-radius: 1px !important;}&#8221;][vc_column_text]<span style=\"color: #b6cbcf;\">text text text<\/span>[\/vc_column_text][\/vc_column_inner][\/vc_row_inner][vc_row_inner equal_height=&#8221;yes&#8221;][vc_column_inner width=&#8221;1\/4&#8243; css=&#8221;.vc_custom_1649600398022{border-bottom-width: 1px !important;background-color: #176770 !important;border-bottom-color: #ffffff !important;border-bottom-style: dotted !important;border-radius: 1px !important;}&#8221;][vc_column_text]<\/p>\n<p style=\"text-align: center;\"><span style=\"color: #dfe667;\"><strong>Annotation<\/strong><\/span><\/p>\n<p>[\/vc_column_text][\/vc_column_inner][vc_column_inner width=&#8221;3\/4&#8243; css=&#8221;.vc_custom_1596615178119{border-bottom-width: 1px !important;border-left-width: 1px !important;border-left-color: #ffffff !important;border-left-style: dotted !important;border-bottom-color: #ffffff !important;border-bottom-style: dotted !important;border-radius: 1px !important;}&#8221;][vc_column_text]<span style=\"color: #b6cbcf;\">The deposit system in Slovakia has been in force since 1st January 2022 and includes all beverage PET bottles with a volume of 0.1 to 3 litres, as well as beverage cans, both deposited in the amount of 15 cents. Until the end of June, both types of beverage packaging (deposit and non-deposit) is in the offer of stores, and both collection methods are used for PET beverage bottles and cans side by side. From 1st July 2022, no disposable beverage packaging made of plastic and metal should end up in separate collection, with small exceptions in the case of consumption of goods purchased for stock.<\/span><\/p>\n<p><span style=\"color: #b6cbcf;\">There is a possibility that due to the deposit system the change of the structure of sorted waste in the commodity of plastics is expected. It may lead to a significant reduction in the amount of plastic and metal beverage packaging in separate collection if the quantities transferred to the deposit system are not replaced by waste diverted from mixed municipal waste. ENVI &#8211; PAK analyses the composition of containers and bags for separate collection in municipalities and in an increased extent focuses on the analysis of whether packaging to be returned by consumers within the deposit system will also end up in separate collection.<\/span><\/p>\n<p><span style=\"color: #b6cbcf;\">There are concerns that the introduction of the deposit system could lead to a decline in the willingness to sort other plastics and metals. If this is also the case in the Slovak Republic, it will certainly be more difficult to fulfil the obligations of producers. Emphasis on further sorting of waste can be a way to increase the recycling of the remaining types of waste.<\/span>[\/vc_column_text][\/vc_column_inner][\/vc_row_inner][vc_row_inner equal_height=&#8221;yes&#8221; disable_element=&#8221;yes&#8221;][vc_column_inner width=&#8221;1\/4&#8243; css=&#8221;.vc_custom_1649600434283{border-bottom-width: 1px !important;background-color: #176770 !important;border-bottom-color: #ffffff !important;border-bottom-style: dotted !important;border-radius: 1px !important;}&#8221;][vc_column_text]<\/p>\n<p style=\"text-align: center;\"><span style=\"color: #dfe667;\"><strong>Lecturer\u2019s Profile<\/strong><\/span><\/p>\n<p>[\/vc_column_text][\/vc_column_inner][vc_column_inner width=&#8221;3\/4&#8243; css=&#8221;.vc_custom_1596615178119{border-bottom-width: 1px !important;border-left-width: 1px !important;border-left-color: #ffffff !important;border-left-style: dotted !important;border-bottom-color: #ffffff !important;border-bottom-style: dotted !important;border-radius: 1px !important;}&#8221;][\/vc_column_inner][\/vc_row_inner][vc_row_inner equal_height=&#8221;yes&#8221;][vc_column_inner width=&#8221;1\/4&#8243; css=&#8221;.vc_custom_1649600441701{border-bottom-width: 1px !important;background-color: #176770 !important;border-bottom-color: #ffffff !important;border-bottom-style: dotted !important;border-radius: 1px !important;}&#8221;][vc_column_text]<\/p>\n<p style=\"text-align: center;\"><span style=\"color: #dfe667;\"><strong>Organization\u2019s Profile<\/strong><\/span><\/p>\n<p>[\/vc_column_text][\/vc_column_inner][vc_column_inner width=&#8221;3\/4&#8243; css=&#8221;.vc_custom_1596615178119{border-bottom-width: 1px !important;border-left-width: 1px !important;border-left-color: #ffffff !important;border-left-style: dotted !important;border-bottom-color: #ffffff !important;border-bottom-style: dotted !important;border-radius: 1px !important;}&#8221;][vc_column_text]<span style=\"color: #b6cbcf;\">ENVI &#8211; PAK was founded in 2003 by leading manufacturers of packaged products. Since then, ENVI &#8211; PAK provides separate waste collection and recovery and recycling. On the 20th April 2016 the Ministry of the Environment of the Slovak Republic granted ENVI &#8211; PAK an authorization for the activity of producer responsibility organization for packaging and with effect from 1st July 2016, ENVI &#8211; PAK became the producer responsibility organization (PRO). ENVI &#8211; PAK is the longest-running producer responsibility organization (originally authorized organization) in Slovakia. Therefore, it has the most practical experience, and know-how also draws on manufacturers who have many years of international experience with the management of extended producer responsibility systems. These include Coca Cola, Nestl\u00e9, Henkel, Tetra Pak, P &amp; G, Mattoni, Unilever and Mondelez.<\/span><\/p>\n<p><span style=\"color: #b6cbcf;\">ENVI &#8211; PAK provides collection, recovery and recycling of waste from packaging and non-packaging products, it finances separate waste collection in municipalities in the Slovak Republic under the Waste Act.<\/span><\/p>\n<p><span style=\"color: #b6cbcf;\">PRO ENVI &#8211; PAK operates on the principle of cooperation of all actors involved in the waste stream \u2013 from producers placing packaging and non-packaging products on the market or into circulation, through the municipalities responsible for providing separate waste collection on their territory, the collecting companies that provide collection and secondary sorting of waste, to waste recyclers who produce their products from secondary raw materials.<\/span><\/p>\n<p><span style=\"color: #b6cbcf;\">ENVI &#8211; PAK has become a member of the International Association of Producer Responsibility Organizations PRO Europe since 2003, through which it acquires and implements international know-how in Slovakia. Organizations associated with PRO Europe have been using waste collection, recovery and recycling systems for years. That is why for ENVI &#8211; PAK they are the source of recommendations that can be used in Slovakia with the fact that they have already been verified and work well with a long tradition in well-developed European countries.<\/span><\/p>\n<p><span style=\"color: #b6cbcf;\">In 2013, ENVI &#8211; PAK, together with 17 authorized organizations in the world, established the international non &#8211; profit alliance EXPRA, whose aim is to improve the systems and processes that meet the correct application of the principle of extended producer responsibility for packaging waste.<\/span>[\/vc_column_text][\/vc_column_inner][\/vc_row_inner][vc_row_inner equal_height=&#8221;yes&#8221; disable_element=&#8221;yes&#8221;][vc_column_inner width=&#8221;1\/4&#8243; css=&#8221;.vc_custom_1649600448842{border-bottom-width: 1px !important;background-color: #176770 !important;border-bottom-color: #ffffff !important;border-bottom-style: dotted !important;border-radius: 1px !important;}&#8221;][vc_column_text]<\/p>\n<p style=\"text-align: center;\"><span style=\"color: #dfe667;\"><strong>K\u013e\u00fa\u010dov\u00e9 slov\u00e1<\/strong><\/span><\/p>\n<p>[\/vc_column_text][\/vc_column_inner][vc_column_inner width=&#8221;3\/4&#8243; css=&#8221;.vc_custom_1596615178119{border-bottom-width: 1px !important;border-left-width: 1px !important;border-left-color: #ffffff !important;border-left-style: dotted !important;border-bottom-color: #ffffff !important;border-bottom-style: dotted !important;border-radius: 1px !important;}&#8221;][\/vc_column_inner][\/vc_row_inner][vc_row_inner equal_height=&#8221;yes&#8221;][vc_column_inner width=&#8221;1\/4&#8243; css=&#8221;.vc_custom_1649600456350{border-bottom-width: 1px !important;background-color: #176770 !important;border-bottom-color: #ffffff !important;border-bottom-style: dotted !important;border-radius: 1px !important;}&#8221;][vc_column_text]<\/p>\n<p style=\"text-align: center;\"><span style=\"color: #dfe667;\"><strong>Anot\u00e1cia<\/strong><\/span><\/p>\n<p>[\/vc_column_text][\/vc_column_inner][vc_column_inner width=&#8221;3\/4&#8243; css=&#8221;.vc_custom_1596615178119{border-bottom-width: 1px !important;border-left-width: 1px !important;border-left-color: #ffffff !important;border-left-style: dotted !important;border-bottom-color: #ffffff !important;border-bottom-style: dotted !important;border-radius: 1px !important;}&#8221;][vc_column_text]<span style=\"color: #b6cbcf;\">Z\u00e1lohov\u00fd syst\u00e9m na Slovensku je v \u00fa\u010dinnosti od 1. janu\u00e1ra 2022 a v r\u00e1mci neho s\u00fa v\u0161etky PET f\u013ea\u0161e s objemom 0,1 a\u017e 3 litre, ako aj plechovky na n\u00e1poje z\u00e1lohovan\u00e9 sumou 15 centov. Do konca j\u00fana s\u00fa v ponuke obchodov z\u00e1lohovan\u00e9 aj nez\u00e1lohovan\u00e9 obaly, a vyu\u017e\u00edvaj\u00fa sa pre n\u00e1pojov\u00e9 PET f\u013ea\u0161e a plechovky s\u00fabe\u017ene ved\u013ea seba aj oba sp\u00f4soby zberu. Od 1.7.2022 by v triedenom zbere nemali kon\u010di\u0165 \u017eiadne jednorazov\u00e9 n\u00e1pojov\u00e9 obaly z plastu a kovu, a\u017e na mal\u00e9 v\u00fdnimky v pr\u00edpade spotreby tovaru nak\u00fapen\u00e9ho do z\u00e1soby.<\/span><\/p>\n<p><span style=\"color: #b6cbcf;\">Predpoklad\u00e1 sa, \u017ee n\u00e1sledkom zavedenia z\u00e1loh pr\u00edde k\u00a0zmene \u0161trukt\u00fary vytrieden\u00fdch zlo\u017eiek v\u00a0komodite plast a\u00a0rovnako m\u00f4\u017ee pr\u00eds\u0165 k v\u00fdrazn\u00e9mu zn\u00ed\u017eeniu mno\u017estva plastov\u00fdch a kovov\u00fdch obalov na n\u00e1poje v triedenom zbere, ak nebud\u00fa mno\u017estv\u00e1 presunut\u00e9 do z\u00e1loh nahraden\u00e9 odpadmi odklonen\u00fdmi zo zmesov\u00e9ho komun\u00e1lneho odpadu. ENVI &#8211; PAK analyzuje zlo\u017eenie kontajnerov a vriec na trieden\u00fd zber v obciach a\u00a0 zameriava vo zv\u00fd\u0161enej miere aj na anal\u00fdzu, \u010di v triedenom zbere bud\u00fa kon\u010di\u0165 aj obaly, ktor\u00e9 maj\u00fa by\u0165 spotrebite\u013emi vracan\u00e9 v r\u00e1mci z\u00e1lohov\u00e9ho syst\u00e9mu.<\/span><\/p>\n<p><span style=\"color: #b6cbcf;\">S\u00fa obavy, \u017ee by\u00a0 zavedenie z\u00e1loh mohlo sp\u00f4sobi\u0165 pokles ochoty triedi\u0165 ostatn\u00e9 plasty a kovy. Ak to bude aj pr\u00edpad SR, ur\u010dite bude n\u00e1ro\u010dnej\u0161ie plni\u0165 povinnosti v\u00fdrobcov. D\u00f4raz na to, aby bol odpad lep\u0161ie dotrie\u010fovan\u00fd, m\u00f4\u017ee by\u0165 cestou k zv\u00fd\u0161eniu recykl\u00e1cie zost\u00e1vaj\u00facich druhov odpadu.<\/span>[\/vc_column_text][\/vc_column_inner][\/vc_row_inner][vc_row_inner equal_height=&#8221;yes&#8221; disable_element=&#8221;yes&#8221;][vc_column_inner width=&#8221;1\/4&#8243; css=&#8221;.vc_custom_1649600463074{border-bottom-width: 1px !important;background-color: #176770 !important;border-bottom-color: #ffffff !important;border-bottom-style: dotted !important;border-radius: 1px !important;}&#8221;][vc_column_text]<\/p>\n<p style=\"text-align: center;\"><span style=\"color: #dfe667;\"><strong>Profil predn\u00e1\u0161aj\u00faceho<\/strong><\/span><\/p>\n<p>[\/vc_column_text][\/vc_column_inner][vc_column_inner width=&#8221;3\/4&#8243; css=&#8221;.vc_custom_1596615178119{border-bottom-width: 1px !important;border-left-width: 1px !important;border-left-color: #ffffff !important;border-left-style: dotted !important;border-bottom-color: #ffffff !important;border-bottom-style: dotted !important;border-radius: 1px !important;}&#8221;][\/vc_column_inner][\/vc_row_inner][vc_row_inner equal_height=&#8221;yes&#8221;][vc_column_inner width=&#8221;1\/4&#8243; css=&#8221;.vc_custom_1649600470028{background-color: #176770 !important;border-radius: 1px !important;}&#8221;][vc_column_text]<\/p>\n<p style=\"text-align: center;\"><span style=\"color: #dfe667;\"><strong>Profil organiz\u00e1cie<\/strong><\/span><\/p>\n<p>[\/vc_column_text][\/vc_column_inner][vc_column_inner width=&#8221;3\/4&#8243; css=&#8221;.vc_custom_1596615533000{border-left-width: 1px !important;border-left-color: #ffffff !important;border-left-style: dotted !important;border-radius: 1px !important;}&#8221;][vc_column_text]<span style=\"color: #b6cbcf;\">Spolo\u010dnos\u0165 ENVI &#8211; PAK zalo\u017eili v roku 2003 popredn\u00ed v\u00fdrobcovia balen\u00fdch v\u00fdrobkov. Odvtedy ENVI &#8211; PAK zabezpe\u010duje trieden\u00fd zber odpadov a jeho zhodnocovanie a recykl\u00e1ciu. 20. apr\u00edla 2016 Ministerstvo \u017eivotn\u00e9ho prostredia Slovenskej republiky udelilo spolo\u010dnosti ENVI &#8211; PAK autoriz\u00e1ciu na \u010dinnos\u0165 organiz\u00e1cie zodpovednosti v\u00fdrobcov pre obaly a s \u00fa\u010dinnos\u0165ou od 1. j\u00fala 2016 sa spolo\u010dnos\u0165 ENVI &#8211; PAK stala organiz\u00e1ciou zodpovednosti v\u00fdrobcov (OZV). ENVI &#8211; PAK je tak najdlh\u0161ie p\u00f4sobiacou organiz\u00e1ciou zodpovednosti v\u00fdrobcov (p\u00f4vodne opr\u00e1vnenou organiz\u00e1ciou) na Slovensku. Preto m\u00e1 najviac praktick\u00fdch sk\u00fasenost\u00ed, pri\u010dom know-how \u010derp\u00e1 aj od v\u00fdrobcov, ktor\u00ed maj\u00fa s riaden\u00edm syst\u00e9mov roz\u0161\u00edrenej zodpovednosti v\u00fdrobcov mnohoro\u010dn\u00e9 medzin\u00e1rodn\u00e9 sk\u00fasenosti. S\u00fa nimi Coca\u00a0 Cola, \u00a0Nestl\u00e9,\u00a0 Henkel, Tetra\u00a0 Pak, P&amp;G, Mattoni, Unilever a Mondelez.<\/span><\/p>\n<p><span style=\"color: #b6cbcf;\">ENVI &#8211; PAK zabezpe\u010duje zber, zhodnocovanie a recykl\u00e1ciu odpadov z obalov a neobalov\u00fdch v\u00fdrobkov, financuje trieden\u00fd zber v obciach a mest\u00e1ch v Slovenskej republike v zmysle z\u00e1kona o odpadoch.<\/span><\/p>\n<p><span style=\"color: #b6cbcf;\">OZV ENVI &#8211; PAK funguje na princ\u00edpe spolupr\u00e1ce v\u0161etk\u00fdch subjektov podie\u013eaj\u00facich sa na toku odpadov \u2013 od os\u00f4b uv\u00e1dzaj\u00facich na trh alebo do obehu obaly a neobalov\u00e9 v\u00fdrobky, cez obce a mest\u00e1, ktor\u00e9 s\u00fa zodpovedn\u00e9 za zavedenie trieden\u00e9ho zberu na svojom \u00fazem\u00ed, zberov\u00e9 spolo\u010dnosti, ktor\u00e9 zabezpe\u010duj\u00fa zber a dotriedenie odpadov, a\u017e po spracovate\u013eov odpadov, ktor\u00ed z vytrieden\u00fdch druhotn\u00fdch surov\u00edn vyr\u00e1baj\u00fa svoje v\u00fdrobky.<\/span><\/p>\n<p><span style=\"color: #b6cbcf;\">ENVI &#8211; PAK sa u\u017e pri vzniku v roku 2003 stal \u010dlenom medzin\u00e1rodn\u00e9ho zdru\u017eenia organiz\u00e1ci\u00ed zodpovednosti v\u00fdrobcov PRO Europe, prostredn\u00edctvom ktor\u00e9ho z\u00edskava a na Slovensku implementuje medzin\u00e1rodn\u00e9 know-how. Organiz\u00e1cie zdru\u017een\u00e9 v PRO Europe prev\u00e1dzkuj\u00fa syst\u00e9my zberu, zhodnocovania a recykl\u00e1cie odpadov dlh\u00e9 roky. Preto s\u00fa pre spolo\u010dnos\u0165 ENVI &#8211; PAK zdrojom odpor\u00fa\u010dan\u00ed, ktor\u00e9 m\u00f4\u017ee na Slovensku vyu\u017e\u00edva\u0165 s t\u00fdm, \u017ee boli u\u017e overen\u00e9 a dobre funguj\u00fa vo vyspel\u00fdch eur\u00f3pskych krajin\u00e1ch s dlhou trad\u00edciou.<\/span><\/p>\n<p><span style=\"color: #b6cbcf;\">V roku 2013 ENVI &#8211; PAK spolo\u010dne so 17 opr\u00e1vnen\u00fdmi organiz\u00e1ciami vo svete zalo\u017eili medzin\u00e1rodn\u00e9 neziskov\u00e9 zdru\u017eenie EXPRA, ktor\u00e9ho cie\u013eom je skvalit\u0148ovanie syst\u00e9mov a procesov nap\u013a\u0148aj\u00facich spr\u00e1vne uplat\u0148ovanie princ\u00edpu roz\u0161\u00edrenej zodpovednosti v\u00fdrobcov v oblasti odpadov z obalov.<\/span>[\/vc_column_text][\/vc_column_inner][\/vc_row_inner]\t\t<\/div><\/div>[\/vc_column][\/vc_row]<\/p>\n<\/div>","protected":false},"excerpt":{"rendered":"<p>[vc_row full_width=&#8221;stretch_row&#8221; parallax=&#8221;content-moving&#8221; parallax_image=&#8221;2987&#8243; remove_padding=&#8221;no-padding-vc-row&#8221; bg_type=&#8221;image&#8221; parallax_style=&#8221;vcpb-hz-jquery&#8221; bg_image_new=&#8221;id^2987|url^https:\/\/nmc.sk\/wp-content\/uploads\/2022\/03\/header-bg2.jpg|caption^null|alt^null|title^header-bg2|description^null&#8221; bg_image_repeat=&#8221;no-repeat&#8221;][vc_column][\/vc_column][\/vc_row][vc_row full_width=&#8221;stretch_row&#8221; equal_height=&#8221;yes&#8221; content_placement=&#8221;top&#8221; remove_padding=&#8221;no-padding-vc-row&#8221; bg_type=&#8221;bg_color&#8221; css=&#8221;.vc_custom_1649600650914{padding-top: 50px !important;padding-bottom: 50px !important;}&#8221; bg_color_value=&#8221;#20525c&#8221;][vc_column][\/vc_column][\/vc_row]<\/p>\n","protected":false},"author":3,"featured_media":0,"parent":0,"menu_order":0,"comment_status":"closed","ping_status":"closed","template":"","meta":{"footnotes":""},"class_list":["post-3730","page","type-page","status-publish","hentry"],"yoast_head":"<!-- This site is optimized with the Yoast SEO plugin v27.4 - https:\/\/yoast.com\/product\/yoast-seo-wordpress\/ -->\n<title>EM2022-Podlesna-Maria - NMC<\/title>\n<meta name=\"robots\" content=\"index, follow, max-snippet:-1, max-image-preview:large, max-video-preview:-1\" \/>\n<link rel=\"canonical\" href=\"https:\/\/nmc.sk\/en\/em2022-podlesna-maria\/\" \/>\n<meta property=\"og:locale\" content=\"en_US\" \/>\n<meta property=\"og:type\" content=\"article\" \/>\n<meta property=\"og:title\" content=\"EM2022-Podlesna-Maria - NMC\" \/>\n<meta property=\"og:description\" content=\"[vc_row full_width=&#8221;stretch_row&#8221; parallax=&#8221;content-moving&#8221; parallax_image=&#8221;2987&#8243; remove_padding=&#8221;no-padding-vc-row&#8221; bg_type=&#8221;image&#8221; parallax_style=&#8221;vcpb-hz-jquery&#8221; bg_image_new=&#8221;id^2987|url^https:\/\/nmc.sk\/wp-content\/uploads\/2022\/03\/header-bg2.jpg|caption^null|alt^null|title^header-bg2|description^null&#8221; bg_image_repeat=&#8221;no-repeat&#8221;][vc_column][\/vc_column][\/vc_row][vc_row full_width=&#8221;stretch_row&#8221; equal_height=&#8221;yes&#8221; content_placement=&#8221;top&#8221; remove_padding=&#8221;no-padding-vc-row&#8221; bg_type=&#8221;bg_color&#8221; css=&#8221;.vc_custom_1649600650914{padding-top: 50px !important;padding-bottom: 50px !important;}&#8221; bg_color_value=&#8221;#20525c&#8221;][vc_column][\/vc_column][\/vc_row]\" \/>\n<meta property=\"og:url\" content=\"https:\/\/nmc.sk\/en\/em2022-podlesna-maria\/\" \/>\n<meta property=\"og:site_name\" content=\"NMC\" \/>\n<meta property=\"article:modified_time\" content=\"2022-09-30T21:54:48+00:00\" \/>\n<meta name=\"twitter:card\" content=\"summary_large_image\" \/>\n<meta name=\"twitter:label1\" content=\"Est. reading time\" \/>\n\t<meta name=\"twitter:data1\" content=\"13 minutes\" \/>\n<script type=\"application\/ld+json\" class=\"yoast-schema-graph\">{\"@context\":\"https:\\\/\\\/schema.org\",\"@graph\":[{\"@type\":\"WebPage\",\"@id\":\"https:\\\/\\\/nmc.sk\\\/en\\\/em2022-podlesna-maria\\\/\",\"url\":\"https:\\\/\\\/nmc.sk\\\/en\\\/em2022-podlesna-maria\\\/\",\"name\":\"EM2022-Podlesna-Maria - NMC\",\"isPartOf\":{\"@id\":\"https:\\\/\\\/nmc.sk\\\/en\\\/#website\"},\"datePublished\":\"2022-09-30T21:51:25+00:00\",\"dateModified\":\"2022-09-30T21:54:48+00:00\",\"breadcrumb\":{\"@id\":\"https:\\\/\\\/nmc.sk\\\/en\\\/em2022-podlesna-maria\\\/#breadcrumb\"},\"inLanguage\":\"en-US\",\"potentialAction\":[{\"@type\":\"ReadAction\",\"target\":[\"https:\\\/\\\/nmc.sk\\\/en\\\/em2022-podlesna-maria\\\/\"]}]},{\"@type\":\"BreadcrumbList\",\"@id\":\"https:\\\/\\\/nmc.sk\\\/en\\\/em2022-podlesna-maria\\\/#breadcrumb\",\"itemListElement\":[{\"@type\":\"ListItem\",\"position\":1,\"name\":\"Home\",\"item\":\"https:\\\/\\\/nmc.sk\\\/en\\\/\"},{\"@type\":\"ListItem\",\"position\":2,\"name\":\"EM2022-Podlesna-Maria\"}]},{\"@type\":\"WebSite\",\"@id\":\"https:\\\/\\\/nmc.sk\\\/en\\\/#website\",\"url\":\"https:\\\/\\\/nmc.sk\\\/en\\\/\",\"name\":\"NMC\",\"description\":\"\",\"publisher\":{\"@id\":\"https:\\\/\\\/nmc.sk\\\/en\\\/#organization\"},\"potentialAction\":[{\"@type\":\"SearchAction\",\"target\":{\"@type\":\"EntryPoint\",\"urlTemplate\":\"https:\\\/\\\/nmc.sk\\\/en\\\/?s={search_term_string}\"},\"query-input\":{\"@type\":\"PropertyValueSpecification\",\"valueRequired\":true,\"valueName\":\"search_term_string\"}}],\"inLanguage\":\"en-US\"},{\"@type\":\"Organization\",\"@id\":\"https:\\\/\\\/nmc.sk\\\/en\\\/#organization\",\"name\":\"NMC\",\"url\":\"https:\\\/\\\/nmc.sk\\\/en\\\/\",\"logo\":{\"@type\":\"ImageObject\",\"inLanguage\":\"en-US\",\"@id\":\"https:\\\/\\\/nmc.sk\\\/en\\\/#\\\/schema\\\/logo\\\/image\\\/\",\"url\":\"\",\"contentUrl\":\"\",\"caption\":\"NMC\"},\"image\":{\"@id\":\"https:\\\/\\\/nmc.sk\\\/en\\\/#\\\/schema\\\/logo\\\/image\\\/\"}}]}<\/script>\n<!-- \/ Yoast SEO plugin. -->","yoast_head_json":{"title":"EM2022-Podlesna-Maria - NMC","robots":{"index":"index","follow":"follow","max-snippet":"max-snippet:-1","max-image-preview":"max-image-preview:large","max-video-preview":"max-video-preview:-1"},"canonical":"https:\/\/nmc.sk\/en\/em2022-podlesna-maria\/","og_locale":"en_US","og_type":"article","og_title":"EM2022-Podlesna-Maria - NMC","og_description":"[vc_row full_width=&#8221;stretch_row&#8221; parallax=&#8221;content-moving&#8221; parallax_image=&#8221;2987&#8243; remove_padding=&#8221;no-padding-vc-row&#8221; bg_type=&#8221;image&#8221; parallax_style=&#8221;vcpb-hz-jquery&#8221; bg_image_new=&#8221;id^2987|url^https:\/\/nmc.sk\/wp-content\/uploads\/2022\/03\/header-bg2.jpg|caption^null|alt^null|title^header-bg2|description^null&#8221; bg_image_repeat=&#8221;no-repeat&#8221;][vc_column][\/vc_column][\/vc_row][vc_row full_width=&#8221;stretch_row&#8221; equal_height=&#8221;yes&#8221; content_placement=&#8221;top&#8221; remove_padding=&#8221;no-padding-vc-row&#8221; bg_type=&#8221;bg_color&#8221; css=&#8221;.vc_custom_1649600650914{padding-top: 50px !important;padding-bottom: 50px !important;}&#8221; bg_color_value=&#8221;#20525c&#8221;][vc_column][\/vc_column][\/vc_row]","og_url":"https:\/\/nmc.sk\/en\/em2022-podlesna-maria\/","og_site_name":"NMC","article_modified_time":"2022-09-30T21:54:48+00:00","twitter_card":"summary_large_image","twitter_misc":{"Est. reading time":"13 minutes"},"schema":{"@context":"https:\/\/schema.org","@graph":[{"@type":"WebPage","@id":"https:\/\/nmc.sk\/en\/em2022-podlesna-maria\/","url":"https:\/\/nmc.sk\/en\/em2022-podlesna-maria\/","name":"EM2022-Podlesna-Maria - NMC","isPartOf":{"@id":"https:\/\/nmc.sk\/en\/#website"},"datePublished":"2022-09-30T21:51:25+00:00","dateModified":"2022-09-30T21:54:48+00:00","breadcrumb":{"@id":"https:\/\/nmc.sk\/en\/em2022-podlesna-maria\/#breadcrumb"},"inLanguage":"en-US","potentialAction":[{"@type":"ReadAction","target":["https:\/\/nmc.sk\/en\/em2022-podlesna-maria\/"]}]},{"@type":"BreadcrumbList","@id":"https:\/\/nmc.sk\/en\/em2022-podlesna-maria\/#breadcrumb","itemListElement":[{"@type":"ListItem","position":1,"name":"Home","item":"https:\/\/nmc.sk\/en\/"},{"@type":"ListItem","position":2,"name":"EM2022-Podlesna-Maria"}]},{"@type":"WebSite","@id":"https:\/\/nmc.sk\/en\/#website","url":"https:\/\/nmc.sk\/en\/","name":"NMC","description":"","publisher":{"@id":"https:\/\/nmc.sk\/en\/#organization"},"potentialAction":[{"@type":"SearchAction","target":{"@type":"EntryPoint","urlTemplate":"https:\/\/nmc.sk\/en\/?s={search_term_string}"},"query-input":{"@type":"PropertyValueSpecification","valueRequired":true,"valueName":"search_term_string"}}],"inLanguage":"en-US"},{"@type":"Organization","@id":"https:\/\/nmc.sk\/en\/#organization","name":"NMC","url":"https:\/\/nmc.sk\/en\/","logo":{"@type":"ImageObject","inLanguage":"en-US","@id":"https:\/\/nmc.sk\/en\/#\/schema\/logo\/image\/","url":"","contentUrl":"","caption":"NMC"},"image":{"@id":"https:\/\/nmc.sk\/en\/#\/schema\/logo\/image\/"}}]}},"_links":{"self":[{"href":"https:\/\/nmc.sk\/en\/wp-json\/wp\/v2\/pages\/3730","targetHints":{"allow":["GET"]}}],"collection":[{"href":"https:\/\/nmc.sk\/en\/wp-json\/wp\/v2\/pages"}],"about":[{"href":"https:\/\/nmc.sk\/en\/wp-json\/wp\/v2\/types\/page"}],"author":[{"embeddable":true,"href":"https:\/\/nmc.sk\/en\/wp-json\/wp\/v2\/users\/3"}],"replies":[{"embeddable":true,"href":"https:\/\/nmc.sk\/en\/wp-json\/wp\/v2\/comments?post=3730"}],"version-history":[{"count":3,"href":"https:\/\/nmc.sk\/en\/wp-json\/wp\/v2\/pages\/3730\/revisions"}],"predecessor-version":[{"id":3733,"href":"https:\/\/nmc.sk\/en\/wp-json\/wp\/v2\/pages\/3730\/revisions\/3733"}],"wp:attachment":[{"href":"https:\/\/nmc.sk\/en\/wp-json\/wp\/v2\/media?parent=3730"}],"curies":[{"name":"wp","href":"https:\/\/api.w.org\/{rel}","templated":true}]}}