{"id":4872,"date":"2023-09-25T19:04:22","date_gmt":"2023-09-25T17:04:22","guid":{"rendered":"https:\/\/nmc.sk\/?page_id=4872"},"modified":"2023-09-25T19:43:24","modified_gmt":"2023-09-25T17:43:24","slug":"em2023-vido-zuzana","status":"publish","type":"page","link":"https:\/\/nmc.sk\/en\/em2023-vido-zuzana\/","title":{"rendered":"EM2023-Vido-Zuzana"},"content":{"rendered":"<div class=\"wpb-content-wrapper\"><p>[vc_row full_width=&#8221;stretch_row&#8221; content_placement=&#8221;bottom&#8221; parallax=&#8221;content-moving&#8221; remove_padding=&#8221;no-padding-vc-row&#8221; bg_type=&#8221;grad&#8221; bg_grad=&#8221;background: -webkit-gradient(linear, left top, left bottom, color-stop(0%, #08060B), color-stop(0%, #230C06), color-stop(21%, #230C06), color-stop(51%, #613012), color-stop(100%, #F39E30));background: -moz-linear-gradient(top,#08060B 0%,#230C06 0%,#230C06 21%,#613012 51%,#F39E30 100%);background: -webkit-linear-gradient(top,#08060B 0%,#230C06 0%,#230C06 21%,#613012 51%,#F39E30 100%);background: -o-linear-gradient(top,#08060B 0%,#230C06 0%,#230C06 21%,#613012 51%,#F39E30 100%);background: -ms-linear-gradient(top,#08060B 0%,#230C06 0%,#230C06 21%,#613012 51%,#F39E30 100%);background: linear-gradient(top,#08060B 0%,#230C06 0%,#230C06 21%,#613012 51%,#F39E30 100%);&#8221;][vc_column]<div class=\"ult-content-box-container \" >\t\t<div class=\"ult-content-box\" style=\"box-shadow: px px px px none;-webkit-transition: all 700ms ease;-moz-transition: all 700ms ease;-ms-transition: all 700ms ease;-o-transition: all 700ms ease;transition: all 700ms ease;\"  data-hover_box_shadow=\"none\"    >[vc_row_inner content_placement=&#8221;middle&#8221;][vc_column_inner width=&#8221;1\/4&#8243;][vc_single_image image=&#8221;4434&#8243; img_size=&#8221;full&#8221; alignment=&#8221;center&#8221; style=&#8221;vc_box_border_circle_2&#8243; border_color=&#8221;white&#8221; css_animation=&#8221;right-to-left&#8221; css=&#8221;.vc_custom_1695661669847{padding-top: 150px !important;}&#8221;][vc_empty_space height=&#8221;200&#8243;][\/vc_column_inner][vc_column_inner width=&#8221;3\/4&#8243; css=&#8221;.vc_custom_1596614331624{padding-left: 50px !important;}&#8221;][vc_empty_space height=&#8221;10&#8243;][vc_custom_heading text=&#8221;13TH INTERNATIONAL EXPERTS&#8217; CONFERENCE&#8221; font_container=&#8221;tag:h3|font_size:26|text_align:left|color:%23ffffff|line_height:1&#8243; google_fonts=&#8221;font_family:Open%20Sans%3A300%2C300italic%2Cregular%2Citalic%2C600%2C600italic%2C700%2C700italic%2C800%2C800italic&#8221;][vc_custom_heading text=&#8221;ENVIROMANAGEMENT 2023&#8243; font_container=&#8221;tag:h2|font_size:40|text_align:left|color:%23ed910b|line_height:1&#8243; google_fonts=&#8221;font_family:Open%20Sans%3A300%2C300italic%2Cregular%2Citalic%2C600%2C600italic%2C700%2C700italic%2C800%2C800italic&#8221; css_animation=&#8221;none&#8221; css=&#8221;.vc_custom_1680557503713{padding-top: 20px !important;}&#8221;][vc_empty_space height=&#8221;20&#8243;][vc_custom_heading text=&#8221;WASTE METRICS&#8221; font_container=&#8221;tag:h3|font_size:38|text_align:left|color:%23ffffff|line_height:1.1&#8243; google_fonts=&#8221;font_family:Open%20Sans%3A300%2C300italic%2Cregular%2Citalic%2C600%2C600italic%2C700%2C700italic%2C800%2C800italic&#8221;][vc_empty_space height=&#8221;10&#8243;][vc_custom_heading text=&#8221;YOU CAN&#8217;T MANAGE WHAT YOU DON&#8217;T MEASURE&#8221; font_container=&#8221;tag:h3|font_size:28|text_align:left|color:%23ed910b|line_height:1.1&#8243; google_fonts=&#8221;font_family:Open%20Sans%3A300%2C300italic%2Cregular%2Citalic%2C600%2C600italic%2C700%2C700italic%2C800%2C800italic&#8221;][vc_empty_space height=&#8221;25&#8243;][vc_custom_heading text=&#8221;OCTOBER 2 \u2013 3, 2023<br \/>\nHOTEL PATRIA ****, \u0160TRBSK\u00c9 PLESO, HIGH TATRAS, SLOVAKIA&#8221; font_container=&#8221;tag:h4|font_size:20|text_align:left|color:%23ffffff|line_height:1.5&#8243; google_fonts=&#8221;font_family:Open%20Sans%3A300%2C300italic%2Cregular%2Citalic%2C600%2C600italic%2C700%2C700italic%2C800%2C800italic&#8221;][vc_empty_space height=&#8221;80&#8243;][\/vc_column_inner][\/vc_row_inner]\t\t<\/div><\/div>[\/vc_column][\/vc_row][vc_row full_width=&#8221;stretch_row&#8221; equal_height=&#8221;yes&#8221; content_placement=&#8221;top&#8221; remove_padding=&#8221;no-padding-vc-row&#8221; bg_type=&#8221;bg_color&#8221; css=&#8221;.vc_custom_1680557645590{padding-top: 50px !important;padding-bottom: 50px !important;}&#8221; bg_color_value=&#8221;#f49e31&#8243;][vc_column]<div class=\"ult-content-box-container \" >\t\t<div class=\"ult-content-box\" style=\"box-shadow: px px px px none;-webkit-transition: all 700ms ease;-moz-transition: all 700ms ease;-ms-transition: all 700ms ease;-o-transition: all 700ms ease;transition: all 700ms ease;\"  data-hover_box_shadow=\"none\"    >[vc_row_inner equal_height=&#8221;yes&#8221; content_placement=&#8221;middle&#8221;][vc_column_inner width=&#8221;1\/4&#8243; css=&#8221;.vc_custom_1680567479389{border-bottom-width: 1px !important;background-color: #55080d !important;border-bottom-color: #ffffff !important;border-bottom-style: dotted !important;border-radius: 1px !important;}&#8221;][vc_column_text]<\/p>\n<p style=\"text-align: center;\"><span style=\"color: #ed910b;\"><strong>LECTURER<\/strong><\/span><\/p>\n<p>[\/vc_column_text][\/vc_column_inner][vc_column_inner width=&#8221;3\/4&#8243; css=&#8221;.vc_custom_1596615104945{border-bottom-width: 1px !important;border-left-width: 1px !important;border-left-color: #ffffff !important;border-left-style: dotted !important;border-bottom-color: #ffffff !important;border-bottom-style: dotted !important;}&#8221;][vc_single_image image=&#8221;4400&#8243; img_size=&#8221;full&#8221; onclick=&#8221;custom_link&#8221; img_link_target=&#8221;_blank&#8221; link=&#8221;https:\/\/www.semancin.sk\/en\/&#8221;][vc_column_text]<span style=\"color: #55080d;\"><strong>Mgr. Zuzana Vido<\/strong><\/span><\/p>\n<p><span style=\"color: #55080d;\">Attorney<br \/>\nAdvok\u00e1tska kancel\u00e1ria SEMAN\u010c\u00cdN &amp; PARTNERS s.r.o.<\/span><\/p>\n<p><span style=\"color: #55080d;\">Bratislava<br \/>\nSlovakia<\/span>[\/vc_column_text][\/vc_column_inner][\/vc_row_inner][vc_row_inner equal_height=&#8221;yes&#8221; content_placement=&#8221;middle&#8221; disable_element=&#8221;yes&#8221;][vc_column_inner width=&#8221;1\/4&#8243; css=&#8221;.vc_custom_1680567479389{border-bottom-width: 1px !important;background-color: #55080d !important;border-bottom-color: #ffffff !important;border-bottom-style: dotted !important;border-radius: 1px !important;}&#8221;][vc_column_text]<\/p>\n<p style=\"text-align: center;\"><span style=\"color: #ed910b;\"><strong>CO-LECTURER<\/strong><\/span><\/p>\n<p>[\/vc_column_text][\/vc_column_inner][vc_column_inner width=&#8221;2\/4&#8243; css=&#8221;.vc_custom_1596615104945{border-bottom-width: 1px !important;border-left-width: 1px !important;border-left-color: #ffffff !important;border-left-style: dotted !important;border-bottom-color: #ffffff !important;border-bottom-style: dotted !important;}&#8221;][vc_column_text]<span style=\"color: #55080d;\"><strong>JUDr. Lucia Seman\u010d\u00ednov\u00e1<\/strong><\/span><\/p>\n<p><span style=\"color: #55080d;\">Senior legal expert<br \/>\nAdvok\u00e1tska kancel\u00e1ria SEMAN\u010c\u00cdN &amp; PARTNERS s.r.o.<\/span><\/p>\n<p><span style=\"color: #55080d;\">Bratislava<br \/>\nSlovakia<\/span>[\/vc_column_text][\/vc_column_inner][vc_column_inner width=&#8221;1\/4&#8243;][vc_single_image image=&#8221;4786&#8243; img_size=&#8221;full&#8221; alignment=&#8221;center&#8221; style=&#8221;vc_box_border_circle_2&#8243; border_color=&#8221;white&#8221; css_animation=&#8221;right-to-left&#8221; css=&#8221;.vc_custom_1695311872509{padding-top: 15px !important;}&#8221;][\/vc_column_inner][\/vc_row_inner][vc_row_inner equal_height=&#8221;yes&#8221;][vc_column_inner width=&#8221;1\/4&#8243; css=&#8221;.vc_custom_1680567485956{border-bottom-width: 1px !important;background-color: #55080d !important;border-bottom-color: #ffffff !important;border-bottom-style: dotted !important;border-radius: 1px !important;}&#8221;][vc_column_text]<\/p>\n<p style=\"text-align: center;\"><span style=\"color: #ed910b;\"><strong>PRESENTATION<\/strong><\/span><\/p>\n<p>[\/vc_column_text][\/vc_column_inner][vc_column_inner width=&#8221;3\/4&#8243; css=&#8221;.vc_custom_1596615178119{border-bottom-width: 1px !important;border-left-width: 1px !important;border-left-color: #ffffff !important;border-left-style: dotted !important;border-bottom-color: #ffffff !important;border-bottom-style: dotted !important;border-radius: 1px !important;}&#8221;][vc_column_text]<span style=\"color: #55080d;\"><strong><span style=\"color: #55080d;\">Security Instruments for Waste Management Projects and Investment.<br \/>\n<\/span><\/strong><\/span><\/p>\n<p><span style=\"color: #55080d;\"><em><strong>V\u00fdznam zabezpe\u010dovac\u00edch n\u00e1strojov pri invest\u00edci\u00e1ch a projektoch v odpadovom hospod\u00e1rstve.<\/strong><\/em><\/span>[\/vc_column_text][\/vc_column_inner][\/vc_row_inner][vc_row_inner equal_height=&#8221;yes&#8221;][vc_column_inner width=&#8221;1\/4&#8243; css=&#8221;.vc_custom_1680567491671{border-bottom-width: 1px !important;background-color: #55080d !important;border-bottom-color: #ffffff !important;border-bottom-style: dotted !important;border-radius: 1px !important;}&#8221;][vc_column_text]<\/p>\n<p style=\"text-align: center;\"><span style=\"color: #ed910b;\"><strong>KEY WORDS<\/strong><\/span><\/p>\n<p>[\/vc_column_text][\/vc_column_inner][vc_column_inner width=&#8221;3\/4&#8243; css=&#8221;.vc_custom_1596615178119{border-bottom-width: 1px !important;border-left-width: 1px !important;border-left-color: #ffffff !important;border-left-style: dotted !important;border-bottom-color: #ffffff !important;border-bottom-style: dotted !important;border-radius: 1px !important;}&#8221;][vc_column_text]<span style=\"color: #55080d;\">secured obligation, return of investments, security instruments<\/span>[\/vc_column_text][\/vc_column_inner][\/vc_row_inner][vc_row_inner equal_height=&#8221;yes&#8221;][vc_column_inner width=&#8221;1\/4&#8243; css=&#8221;.vc_custom_1680567497753{border-bottom-width: 1px !important;background-color: #55080d !important;border-bottom-color: #ffffff !important;border-bottom-style: dotted !important;border-radius: 1px !important;}&#8221;][vc_column_text]<\/p>\n<p style=\"text-align: center;\"><span style=\"color: #ed910b;\"><strong>ANNOTATION<\/strong><\/span><\/p>\n<p>[\/vc_column_text][\/vc_column_inner][vc_column_inner width=&#8221;3\/4&#8243; css=&#8221;.vc_custom_1596615178119{border-bottom-width: 1px !important;border-left-width: 1px !important;border-left-color: #ffffff !important;border-left-style: dotted !important;border-bottom-color: #ffffff !important;border-bottom-style: dotted !important;border-radius: 1px !important;}&#8221;][vc_column_text]<span style=\"color: #55080d;\">As part of the utilisation of various EU funds &#8211; European Regional Development Fund, European Social Fund, Cohesion Fund etc. and within the relevant operational programmes we often encounter various forms of investment in project focusing on environmental protection, quality of the environment, renewable energy and waste management. Great emphasis is (or should be) placed on ensuring the return of these investments, and therefore on various institutions for securing the obligations of investors and the state. Knowledge of the various forms of security instruments brings advantage to the investors. We bring you an overview of these forms of security instruments.<\/span>[\/vc_column_text][\/vc_column_inner][\/vc_row_inner][vc_row_inner equal_height=&#8221;yes&#8221;][vc_column_inner width=&#8221;1\/4&#8243; css=&#8221;.vc_custom_1680567513023{border-bottom-width: 1px !important;background-color: #55080d !important;border-bottom-color: #ffffff !important;border-bottom-style: dotted !important;border-radius: 1px !important;}&#8221;][vc_column_text]<\/p>\n<p style=\"text-align: center;\"><span style=\"color: #ed910b;\"><strong>LECTURER&#8217;S PROFILE<br \/>\n<\/strong><\/span><\/p>\n<p>[\/vc_column_text][\/vc_column_inner][vc_column_inner width=&#8221;3\/4&#8243; css=&#8221;.vc_custom_1596615178119{border-bottom-width: 1px !important;border-left-width: 1px !important;border-left-color: #ffffff !important;border-left-style: dotted !important;border-bottom-color: #ffffff !important;border-bottom-style: dotted !important;border-radius: 1px !important;}&#8221;][vc_column_text]<span style=\"color: #55080d;\"><strong>Mgr. Zuzana Vido<\/strong> is a legal expert with many years of experiences in banking and finance, environmental law, waste management, corporate law, real estate and construction law.<\/span><\/p>\n<p><span style=\"color: #55080d;\">Zuzana provides legal advice and services to banks and private clients in the field of finance, including financing projects for construction, purchase and renovation of real estate and logistics warehouses. In the area of environmental law and waste management, Zuzana is involved in projects and investments related to the environment, circular economy and renewable energy sources. Her experience includes legal advice in plastic waste recycling projects, municipal waste processing and textile recycling. Zuzana also provides legal advice to corporate clients, including setting up companies, setting up relations between partners and dealing with the normal activities of business companies. She also helps in setting up internal relations between partners of project companies in order to avoid conflicts. Last but not least, she also provides legal advice for developers or real estate agencies in the field of real estate and construction.<\/span><\/p>\n<p><span style=\"color: #55080d;\">Zuzana is an experienced attorney who has an exceptional ability to work in various legal areas and provide legal advice and services to clients with diverse needs. Her practice is proof of her broad professional competence and ability to effectively solve complex legal issues in various industries.<\/span>[\/vc_column_text][\/vc_column_inner][\/vc_row_inner][vc_row_inner equal_height=&#8221;yes&#8221; disable_element=&#8221;yes&#8221;][vc_column_inner width=&#8221;1\/4&#8243; css=&#8221;.vc_custom_1680567513023{border-bottom-width: 1px !important;background-color: #55080d !important;border-bottom-color: #ffffff !important;border-bottom-style: dotted !important;border-radius: 1px !important;}&#8221;][vc_column_text]<\/p>\n<p style=\"text-align: center;\"><span style=\"color: #ed910b;\"><strong>LECTURER&#8217;S PROFILE<br \/>\nJUDr. Lucia Seman\u010d\u00ednov\u00e1<br \/>\n<\/strong><\/span><\/p>\n<p>[\/vc_column_text][\/vc_column_inner][vc_column_inner width=&#8221;3\/4&#8243; css=&#8221;.vc_custom_1596615178119{border-bottom-width: 1px !important;border-left-width: 1px !important;border-left-color: #ffffff !important;border-left-style: dotted !important;border-bottom-color: #ffffff !important;border-bottom-style: dotted !important;border-radius: 1px !important;}&#8221;][vc_column_text]<span style=\"color: #55080d;\">Lucia is a lawyer specializing in personal data protection, information security and environmental law.<\/span><\/p>\n<p><span style=\"color: #55080d;\">Lucia is an expert in the field of personal data protection. She has provided advice to many organizations and has experience in representing clients before the Personal Data Protection Office. She helps clients create and implement privacy policies, ensuring they are compliant with relevant regulations such as GDPR. Lucia is also an expert in the legal aspects of cyber security. She helps clients in preventing cyber-attacks and managing the consequences of these incidents, not only in relation to the legal side but also to the technical aspects. In addition to personal data protection, Lucia is also actively involved in environmental law. She has experiences in representing clients before administrative authorities and courts in this area, including inspections carried out by the Slovak Environmental Inspection.<\/span><\/p>\n<p><span style=\"color: #55080d;\">Lucia is a key partner for her clients, helping them develop legal strategies and ensuring they comply with all legal requirements in these specific areas. She is able to communicate with technical experts and entrepreneurs to achieve the best results for her clients in their legal needs related to personal data, cyber security and environmental law.<\/span>[\/vc_column_text][\/vc_column_inner][\/vc_row_inner][vc_row_inner equal_height=&#8221;yes&#8221;][vc_column_inner width=&#8221;1\/4&#8243; css=&#8221;.vc_custom_1680567518420{border-bottom-width: 1px !important;background-color: #55080d !important;border-bottom-color: #ffffff !important;border-bottom-style: dotted !important;border-radius: 1px !important;}&#8221;][vc_column_text]<\/p>\n<p style=\"text-align: center;\"><span style=\"color: #ed910b;\"><strong>ORGANIZATION&#8217;S PROFILE<\/strong><\/span><\/p>\n<p>[\/vc_column_text][\/vc_column_inner][vc_column_inner width=&#8221;3\/4&#8243; css=&#8221;.vc_custom_1596615178119{border-bottom-width: 1px !important;border-left-width: 1px !important;border-left-color: #ffffff !important;border-left-style: dotted !important;border-bottom-color: #ffffff !important;border-bottom-style: dotted !important;border-radius: 1px !important;}&#8221;][vc_single_image image=&#8221;4400&#8243; img_size=&#8221;full&#8221; onclick=&#8221;custom_link&#8221; img_link_target=&#8221;_blank&#8221; link=&#8221;https:\/\/www.semancin.sk\/en\/&#8221;][vc_column_text]<span style=\"color: #55080d;\"><strong>The law firm SEMAN\u010c\u00cdN &amp; PARTNERS<\/strong> is focused on providing legal services in the field of environmental law and waste management.<\/span><\/p>\n<p><span style=\"color: #55080d;\">Our work involves solving complex legal issues related to the environment and waste management. It doesn&#8217;t matter whether you are a citizen, a businessman or a public institution, we are here to help you protect and enforce your rights in these important areas.<\/span><\/p>\n<p><span style=\"color: #55080d;\">Our services include:<\/span><\/p>\n<ul>\n<li><span style=\"color: #55080d;\">Advice and consultation: We help our clients to understand complex environmental legislation and develop strategies to protect their rights and interests.<\/span><\/li>\n<li><span style=\"color: #55080d;\">Representation in administrative proceedings and legal disputes: In case of environmental conflicts and disputes we are ready to represent you in legal proceedings and other legal processes. We will also help you with inspections carried out by the Slovak Environmental Inspection.<\/span><\/li>\n<li><span style=\"color: #55080d;\">Defense in case of environmental crime: In case of accusation of committing a crime against the environment, we provide comprehensive defense during all phases of criminal proceedings.<\/span><\/li>\n<li><span style=\"color: #55080d;\">Regulatory Affairs: We help clients to comply with applicable environmental regulations and standards and navigate the regulatory environment.<\/span><\/li>\n<li><span style=\"color: #55080d;\">Transactions and contracts: We assist in the conclusion of environmental and waste management contracts and ensure that they comply with legal regulations.<\/span><\/li>\n<\/ul>\n<p><span style=\"color: #55080d;\">\u00a0<\/span><br \/>\n<span style=\"color: #55080d;\">Our attorneys have extensive experience in environmental law and waste management and are dedicated to helping clients achieve their goals and protect the environment for future generations.<\/span>[\/vc_column_text][\/vc_column_inner][\/vc_row_inner][vc_row_inner equal_height=&#8221;yes&#8221;][vc_column_inner width=&#8221;1\/4&#8243; css=&#8221;.vc_custom_1680567523870{border-bottom-width: 1px !important;background-color: #55080d !important;border-bottom-color: #ffffff !important;border-bottom-style: dotted !important;border-radius: 1px !important;}&#8221;][vc_column_text]<\/p>\n<p style=\"text-align: center;\"><span style=\"color: #ed910b;\"><strong>K\u013d\u00da\u010cOV\u00c9 SLOV\u00c1<\/strong><\/span><\/p>\n<p>[\/vc_column_text][\/vc_column_inner][vc_column_inner width=&#8221;3\/4&#8243; css=&#8221;.vc_custom_1596615178119{border-bottom-width: 1px !important;border-left-width: 1px !important;border-left-color: #ffffff !important;border-left-style: dotted !important;border-bottom-color: #ffffff !important;border-bottom-style: dotted !important;border-radius: 1px !important;}&#8221;][vc_column_text]<span style=\"color: #55080d;\">zabezpe\u010den\u00fd z\u00e1v\u00e4zok, n\u00e1vratnos\u0165 invest\u00edci\u00ed, zabezpe\u010dovacie prostriedky<\/span>[\/vc_column_text][\/vc_column_inner][\/vc_row_inner][vc_row_inner equal_height=&#8221;yes&#8221;][vc_column_inner width=&#8221;1\/4&#8243; css=&#8221;.vc_custom_1680567529960{border-bottom-width: 1px !important;background-color: #55080d !important;border-bottom-color: #ffffff !important;border-bottom-style: dotted !important;border-radius: 1px !important;}&#8221;][vc_column_text]<\/p>\n<p style=\"text-align: center;\"><span style=\"color: #ed910b;\"><strong>ANOT\u00c1CIA<\/strong><\/span><\/p>\n<p>[\/vc_column_text][\/vc_column_inner][vc_column_inner width=&#8221;3\/4&#8243; css=&#8221;.vc_custom_1596615178119{border-bottom-width: 1px !important;border-left-width: 1px !important;border-left-color: #ffffff !important;border-left-style: dotted !important;border-bottom-color: #ffffff !important;border-bottom-style: dotted !important;border-radius: 1px !important;}&#8221;][vc_column_text]<span style=\"color: #55080d;\">V r\u00e1mci \u010derpania r\u00f4znych fondov E\u00da &#8211; Eur\u00f3psky fond region\u00e1lneho rozvoja, Eur\u00f3psky soci\u00e1lny fond, Koh\u00e9zny fond a pod. a v r\u00e1mci pr\u00edslu\u0161n\u00fdch opera\u010dn\u00fdch programov sa \u010dasto stret\u00e1vame s r\u00f4znymi formami investovania do projektov zameran\u00fdch na ochranu \u017eivotn\u00e9ho prostredia, kvalitu \u017eivotn\u00e9ho prostredia, obnovite\u013en\u00e9 zdroje energie a odpadov\u00e9ho hospod\u00e1rstva. Ve\u013ek\u00fd d\u00f4raz sa kladie (alebo by sa mal kl\u00e1s\u0165) na zabezpe\u010denie n\u00e1vratnosti t\u00fdchto invest\u00edci\u00ed, a teda na r\u00f4zne in\u0161tit\u00facie na zabezpe\u010denie z\u00e1v\u00e4zkov investorov a \u0161t\u00e1tu. Znalos\u0165 r\u00f4znych foriem zabezpe\u010dovac\u00edch prostriedkov prin\u00e1\u0161a investorom v\u00fdhodu. Prin\u00e1\u0161ame V\u00e1m preh\u013ead t\u00fdchto foriem zabezpe\u010dovac\u00edch prostriedkov.<\/span>[\/vc_column_text][\/vc_column_inner][\/vc_row_inner][vc_row_inner equal_height=&#8221;yes&#8221;][vc_column_inner width=&#8221;1\/4&#8243; css=&#8221;.vc_custom_1680567536532{border-bottom-width: 1px !important;background-color: #55080d !important;border-bottom-color: #ffffff !important;border-bottom-style: dotted !important;border-radius: 1px !important;}&#8221;][vc_column_text]<\/p>\n<p style=\"text-align: center;\"><span style=\"color: #ed910b;\"><strong>PROFIL PREDN\u00c1\u0160AJ\u00daCEHO<br \/>\n<\/strong><\/span><\/p>\n<p>[\/vc_column_text][\/vc_column_inner][vc_column_inner width=&#8221;3\/4&#8243; css=&#8221;.vc_custom_1596615178119{border-bottom-width: 1px !important;border-left-width: 1px !important;border-left-color: #ffffff !important;border-left-style: dotted !important;border-bottom-color: #ffffff !important;border-bottom-style: dotted !important;border-radius: 1px !important;}&#8221;][vc_column_text]<span style=\"color: #55080d;\"><strong>Mgr. Zuzana Vido<\/strong> je pr\u00e1vna expertka s viacro\u010dn\u00fdmi sk\u00fasenos\u0165ami v oblasti bankovn\u00edctva a financi\u00ed, pr\u00e1va \u017eivotn\u00e9ho prostredia, odpadov\u00e9ho hospod\u00e1rstva, korpor\u00e1tneho pr\u00e1va, pr\u00e1va nehnute\u013enost\u00ed a stavebn\u00edctva.<\/span><\/p>\n<p><span style=\"color: #55080d;\">Zuzana poskytuje pr\u00e1vne rady a slu\u017eby bank\u00e1m a priv\u00e1tnym klientom v oblasti financi\u00ed, vr\u00e1tane projektov financovania v\u00fdstavby, k\u00fapy a rekon\u0161trukcie nehnute\u013enost\u00ed a logistick\u00fdch skladov. V oblasti pr\u00e1va \u017eivotn\u00e9ho prostredia a odpadov\u00e9ho hospod\u00e1rstva sa Zuzana anga\u017euje v projektoch a invest\u00edci\u00e1ch s\u00favisiacich so \u017eivotn\u00fdm prostred\u00edm, obehov\u00fdm hospod\u00e1rstvom a obnovite\u013en\u00fdmi zdrojmi energie. Jej sk\u00fasenosti zah\u0155\u0148aj\u00fa pr\u00e1vne poradenstvo v projektoch na recykl\u00e1ciu plastov\u00e9ho odpadu, spracovanie komun\u00e1lneho odpadu \u010di recykl\u00e1ciu textilu. Zuzana poskytuje aj pr\u00e1vne poradenstvo korpor\u00e1tnym klientom, vr\u00e1tane zakladania spolo\u010dnost\u00ed, nastavovania vz\u0165ahov medzi spolo\u010dn\u00edkmi a rie\u0161enia be\u017enej \u010dinnosti obchodn\u00fdch spolo\u010dnost\u00ed. Pom\u00e1ha aj pri nastaven\u00ed vn\u00fatorn\u00fdch vz\u0165ahov medzi spolo\u010dn\u00edkmi projektov\u00fdch spolo\u010dnost\u00ed, aby sa predi\u0161lo konfliktom. V neposlednom rade poskytuje pr\u00e1vne rady aj pre developerov \u010di realitn\u00e9 kancel\u00e1rie v oblasti nehnute\u013enost\u00ed a stavebn\u00edctva.<\/span><\/p>\n<p><span style=\"color: #55080d;\">Zuzana je sk\u00fasenou advok\u00e1tkou, ktor\u00e1 m\u00e1 v\u00fdnimo\u010dn\u00fa schopnos\u0165 pracova\u0165 v r\u00f4znych pr\u00e1vnych oblastiach a poskytova\u0165 pr\u00e1vne rady a slu\u017eby klientom s r\u00f4znorod\u00fdmi potrebami. Jej prax je d\u00f4kazom jej \u0161irokej odbornej kompetencie a schopnosti efekt\u00edvne rie\u0161i\u0165 komplexn\u00e9 pr\u00e1vne ot\u00e1zky v r\u00f4znych odvetviach.<\/span>[\/vc_column_text][\/vc_column_inner][\/vc_row_inner][vc_row_inner equal_height=&#8221;yes&#8221; disable_element=&#8221;yes&#8221;][vc_column_inner width=&#8221;1\/4&#8243; css=&#8221;.vc_custom_1680567536532{border-bottom-width: 1px !important;background-color: #55080d !important;border-bottom-color: #ffffff !important;border-bottom-style: dotted !important;border-radius: 1px !important;}&#8221;][vc_column_text]<\/p>\n<p style=\"text-align: center;\"><span style=\"color: #ed910b;\"><strong>PROFIL PREDN\u00c1\u0160AJ\u00daCEHO<br \/>\nJUDr. Lucia Seman\u010d\u00ednov\u00e1<br \/>\n<\/strong><\/span><\/p>\n<p>[\/vc_column_text][\/vc_column_inner][vc_column_inner width=&#8221;3\/4&#8243; css=&#8221;.vc_custom_1596615178119{border-bottom-width: 1px !important;border-left-width: 1px !important;border-left-color: #ffffff !important;border-left-style: dotted !important;border-bottom-color: #ffffff !important;border-bottom-style: dotted !important;border-radius: 1px !important;}&#8221;][vc_column_text]<span style=\"color: #55080d;\">Lucia je pr\u00e1vni\u010dka so \u0161pecializ\u00e1ciou na oblas\u0165 ochrany osobn\u00fdch \u00fadajov, informa\u010dnej bezpe\u010dnosti a pr\u00e1va \u017eivotn\u00e9ho prostredia.<\/span><\/p>\n<p><span style=\"color: #55080d;\">Lucia je odborn\u00edkom v oblasti ochrany osobn\u00fdch \u00fadajov. Poskytla poradenstvo pre mnoho organiz\u00e1ci\u00ed a m\u00e1 sk\u00fasenosti so zastupovan\u00edm klientov pred \u00daradom na ochranu osobn\u00fdch \u00fadajov. Pom\u00e1ha klientom vytv\u00e1ra\u0165 a implementova\u0165 politiky ochrany osobn\u00fdch \u00fadajov, \u010d\u00edm zabezpe\u010duje, \u017ee s\u00fa v s\u00falade s pr\u00edslu\u0161n\u00fdmi regul\u00e1ciami, ako je napr\u00edklad GDPR. Lucia je odborn\u00ed\u010dkou aj na pr\u00e1vne aspekty kybernetickej bezpe\u010dnosti. Pom\u00e1ha klientom pri prevencii kybernetick\u00fdch \u00fatokov a riaden\u00ed n\u00e1sledkov t\u00fdchto incidentov, a to nielen vo vz\u0165ahu k pr\u00e1vnej str\u00e1nke, ale aj k technick\u00fdm aspektom. Okrem ochrany osobn\u00fdch \u00fadajov sa Lucia akt\u00edvne venuje aj pr\u00e1vu \u017eivotn\u00e9ho prostredia. M\u00e1 sk\u00fasenosti so zastupovan\u00edm klientov pred spr\u00e1vnymi org\u00e1nmi a s\u00fadmi v tejto oblasti, vr\u00e1tane kontrol vykon\u00e1van\u00fdch Slovenskou in\u0161pekciou \u017eivotn\u00e9ho prostredia.<\/span><\/p>\n<p><span style=\"color: #55080d;\">Lucia je k\u013e\u00fa\u010dov\u00fdm partnerom pre svojich klientov, pom\u00e1ha im vytvori\u0165 pr\u00e1vne strat\u00e9gie a zabezpe\u010duje, \u017ee dodr\u017eiavaj\u00fa v\u0161etky pr\u00e1vne po\u017eiadavky v t\u00fdchto \u0161pecifick\u00fdch oblastiach. Je schopn\u00e1 komunikova\u0165 s technick\u00fdmi odborn\u00edkmi a podnikate\u013emi, aby dosiahla najlep\u0161ie v\u00fdsledky pre svojich klientov v r\u00e1mci ich pr\u00e1vnych potrieb t\u00fdkaj\u00facich sa osobn\u00fdch \u00fadajov, kyberbezpe\u010dnosti a pr\u00e1va \u017eivotn\u00e9ho prostredia.<\/span>[\/vc_column_text][\/vc_column_inner][\/vc_row_inner][vc_row_inner equal_height=&#8221;yes&#8221;][vc_column_inner width=&#8221;1\/4&#8243; css=&#8221;.vc_custom_1680567541569{background-color: #55080d !important;border-radius: 1px !important;}&#8221;][vc_column_text]<\/p>\n<p style=\"text-align: center;\"><span style=\"color: #ed910b;\"><strong>PROFIL ORGANIZ\u00c1CIE<\/strong><\/span><\/p>\n<p>[\/vc_column_text][\/vc_column_inner][vc_column_inner width=&#8221;3\/4&#8243; css=&#8221;.vc_custom_1596615533000{border-left-width: 1px !important;border-left-color: #ffffff !important;border-left-style: dotted !important;border-radius: 1px !important;}&#8221;][vc_single_image image=&#8221;4400&#8243; img_size=&#8221;full&#8221; onclick=&#8221;custom_link&#8221; img_link_target=&#8221;_blank&#8221; link=&#8221;https:\/\/www.semancin.sk\/&#8221;][vc_column_text]<span style=\"color: #55080d;\"><strong>Advok\u00e1tska kancel\u00e1ria SEMAN\u010c\u00cdN &amp; PARTNERS<\/strong> je zameran\u00e1 na poskytovanie pr\u00e1vnych slu\u017eieb v oblasti pr\u00e1va \u017eivotn\u00e9ho prostredia a odpadov\u00e9ho hospod\u00e1rstva.<\/span><\/p>\n<p><span style=\"color: #55080d;\">Na\u0161a pr\u00e1ca zah\u0155\u0148a rie\u0161enie komplexn\u00fdch pr\u00e1vnych ot\u00e1zok t\u00fdkaj\u00facich sa \u017eivotn\u00e9ho prostredia a odpadov\u00e9ho hospod\u00e1rstva. Nez\u00e1le\u017e\u00ed na tom, \u010di ste ob\u010danom, podnikate\u013eom alebo verejnou in\u0161tit\u00faciou, sme tu, aby sme v\u00e1m pomohli chr\u00e1ni\u0165 a presadzova\u0165 va\u0161e pr\u00e1va v t\u00fdchto d\u00f4le\u017eit\u00fdch oblastiach.<\/span><\/p>\n<p><span style=\"color: #55080d;\">Na\u0161e slu\u017eby zah\u0155\u0148aj\u00fa:<\/span><\/p>\n<ul>\n<li><span style=\"color: #55080d;\">Poradenstvo a konzult\u00e1cie: Pom\u00e1hame na\u0161im klientom porozumie\u0165 komplexn\u00fdm environment\u00e1lnym pr\u00e1vnym predpisom a vypracov\u00e1vame strat\u00e9gie na ochranu ich pr\u00e1v a z\u00e1ujmov.<\/span><\/li>\n<li><span style=\"color: #55080d;\">Zastupovanie v administrat\u00edvnych konaniach a s\u00fadnych sporoch: V pr\u00edpade konfliktov a sporov v oblasti \u017eivotn\u00e9ho prostredia sme pripraven\u00ed v\u00e1s zastupova\u0165 v s\u00fadnych konaniach a in\u00fdch pr\u00e1vnych procesoch. Pom\u00f4\u017eeme v\u00e1m aj pri kontrol\u00e1ch vykon\u00e1van\u00fdch Slovenskou in\u0161pekciou \u017eivotn\u00e9ho prostredia.<\/span><\/li>\n<li><span style=\"color: #55080d;\">Obhajoba v pr\u00edpade envirokriminality: V pr\u00edpade obvinenia zo sp\u00e1chania trestn\u00e9ho \u010dinu proti \u017eivotn\u00e9mu prostrediu poskytujeme komplexn\u00fa obhajobu po\u010das v\u0161etk\u00fdch f\u00e1z trestn\u00e9ho konania.<\/span><\/li>\n<li><span style=\"color: #55080d;\">Regula\u010dn\u00e9 z\u00e1le\u017eitosti: Pom\u00e1hame klientom dodr\u017eiava\u0165 platn\u00e9 environment\u00e1lne predpisy a normy a navigova\u0165 ich v regula\u010dnom prostred\u00ed.<\/span><\/li>\n<li><span style=\"color: #55080d;\">Transakcie a zmluvy: Pom\u00e1hame pri uzatv\u00e1ran\u00ed zml\u00fav t\u00fdkaj\u00facich sa \u017eivotn\u00e9ho prostredia a odpadov\u00e9ho hospod\u00e1rstva a zabezpe\u010dujeme, aby boli v s\u00falade s pr\u00e1vnymi predpismi.<\/span><\/li>\n<\/ul>\n<p><span style=\"color: #55080d;\"><br \/>\nNa\u0161i advok\u00e1ti maj\u00fa rozsiahle sk\u00fasenosti v oblasti pr\u00e1va \u017eivotn\u00e9ho prostredia a odpadov\u00e9ho hospod\u00e1rstva a s\u00fa oddan\u00ed tomu, aby pom\u00e1hali klientom dosiahnu\u0165 ich ciele a ochr\u00e1nili \u017eivotn\u00e9 prostredie pre bud\u00face gener\u00e1cie.<\/span>[\/vc_column_text][\/vc_column_inner][\/vc_row_inner]\t\t<\/div><\/div>[\/vc_column][\/vc_row]<\/p>\n<\/div>","protected":false},"excerpt":{"rendered":"<p>[vc_row full_width=&#8221;stretch_row&#8221; content_placement=&#8221;bottom&#8221; parallax=&#8221;content-moving&#8221; remove_padding=&#8221;no-padding-vc-row&#8221; bg_type=&#8221;grad&#8221; bg_grad=&#8221;background: -webkit-gradient(linear, left top, left bottom, color-stop(0%, #08060B), color-stop(0%, #230C06), color-stop(21%, #230C06), color-stop(51%, #613012), color-stop(100%, #F39E30));background: -moz-linear-gradient(top,#08060B 0%,#230C06 0%,#230C06 21%,#613012 51%,#F39E30 100%);background: -webkit-linear-gradient(top,#08060B 0%,#230C06 0%,#230C06 21%,#613012 51%,#F39E30 100%);background: -o-linear-gradient(top,#08060B 0%,#230C06 0%,#230C06 21%,#613012 51%,#F39E30 100%);background:&#8230;<\/p>\n","protected":false},"author":3,"featured_media":0,"parent":0,"menu_order":0,"comment_status":"closed","ping_status":"closed","template":"","meta":{"footnotes":""},"class_list":["post-4872","page","type-page","status-publish","hentry"],"yoast_head":"<!-- This site is optimized with the Yoast SEO plugin v27.4 - https:\/\/yoast.com\/product\/yoast-seo-wordpress\/ -->\n<title>EM2023-Vido-Zuzana - NMC<\/title>\n<meta name=\"robots\" content=\"index, follow, max-snippet:-1, max-image-preview:large, max-video-preview:-1\" \/>\n<link rel=\"canonical\" href=\"https:\/\/nmc.sk\/en\/em2023-vido-zuzana\/\" \/>\n<meta property=\"og:locale\" content=\"en_US\" \/>\n<meta property=\"og:type\" content=\"article\" \/>\n<meta property=\"og:title\" content=\"EM2023-Vido-Zuzana - NMC\" \/>\n<meta property=\"og:description\" content=\"[vc_row full_width=&#8221;stretch_row&#8221; content_placement=&#8221;bottom&#8221; parallax=&#8221;content-moving&#8221; remove_padding=&#8221;no-padding-vc-row&#8221; bg_type=&#8221;grad&#8221; bg_grad=&#8221;background: -webkit-gradient(linear, left top, left bottom, color-stop(0%, #08060B), color-stop(0%, #230C06), color-stop(21%, #230C06), color-stop(51%, #613012), color-stop(100%, #F39E30));background: -moz-linear-gradient(top,#08060B 0%,#230C06 0%,#230C06 21%,#613012 51%,#F39E30 100%);background: -webkit-linear-gradient(top,#08060B 0%,#230C06 0%,#230C06 21%,#613012 51%,#F39E30 100%);background: -o-linear-gradient(top,#08060B 0%,#230C06 0%,#230C06 21%,#613012 51%,#F39E30 100%);background:...\" \/>\n<meta property=\"og:url\" content=\"https:\/\/nmc.sk\/en\/em2023-vido-zuzana\/\" \/>\n<meta property=\"og:site_name\" content=\"NMC\" \/>\n<meta property=\"article:modified_time\" content=\"2023-09-25T17:43:24+00:00\" \/>\n<meta name=\"twitter:card\" content=\"summary_large_image\" \/>\n<meta name=\"twitter:label1\" content=\"Est. reading time\" \/>\n\t<meta name=\"twitter:data1\" content=\"11 minutes\" \/>\n<script type=\"application\/ld+json\" class=\"yoast-schema-graph\">{\"@context\":\"https:\\\/\\\/schema.org\",\"@graph\":[{\"@type\":\"WebPage\",\"@id\":\"https:\\\/\\\/nmc.sk\\\/en\\\/em2023-vido-zuzana\\\/\",\"url\":\"https:\\\/\\\/nmc.sk\\\/en\\\/em2023-vido-zuzana\\\/\",\"name\":\"EM2023-Vido-Zuzana - NMC\",\"isPartOf\":{\"@id\":\"https:\\\/\\\/nmc.sk\\\/en\\\/#website\"},\"datePublished\":\"2023-09-25T17:04:22+00:00\",\"dateModified\":\"2023-09-25T17:43:24+00:00\",\"breadcrumb\":{\"@id\":\"https:\\\/\\\/nmc.sk\\\/en\\\/em2023-vido-zuzana\\\/#breadcrumb\"},\"inLanguage\":\"en-US\",\"potentialAction\":[{\"@type\":\"ReadAction\",\"target\":[\"https:\\\/\\\/nmc.sk\\\/en\\\/em2023-vido-zuzana\\\/\"]}]},{\"@type\":\"BreadcrumbList\",\"@id\":\"https:\\\/\\\/nmc.sk\\\/en\\\/em2023-vido-zuzana\\\/#breadcrumb\",\"itemListElement\":[{\"@type\":\"ListItem\",\"position\":1,\"name\":\"Home\",\"item\":\"https:\\\/\\\/nmc.sk\\\/en\\\/\"},{\"@type\":\"ListItem\",\"position\":2,\"name\":\"EM2023-Vido-Zuzana\"}]},{\"@type\":\"WebSite\",\"@id\":\"https:\\\/\\\/nmc.sk\\\/en\\\/#website\",\"url\":\"https:\\\/\\\/nmc.sk\\\/en\\\/\",\"name\":\"NMC\",\"description\":\"\",\"publisher\":{\"@id\":\"https:\\\/\\\/nmc.sk\\\/en\\\/#organization\"},\"potentialAction\":[{\"@type\":\"SearchAction\",\"target\":{\"@type\":\"EntryPoint\",\"urlTemplate\":\"https:\\\/\\\/nmc.sk\\\/en\\\/?s={search_term_string}\"},\"query-input\":{\"@type\":\"PropertyValueSpecification\",\"valueRequired\":true,\"valueName\":\"search_term_string\"}}],\"inLanguage\":\"en-US\"},{\"@type\":\"Organization\",\"@id\":\"https:\\\/\\\/nmc.sk\\\/en\\\/#organization\",\"name\":\"NMC\",\"url\":\"https:\\\/\\\/nmc.sk\\\/en\\\/\",\"logo\":{\"@type\":\"ImageObject\",\"inLanguage\":\"en-US\",\"@id\":\"https:\\\/\\\/nmc.sk\\\/en\\\/#\\\/schema\\\/logo\\\/image\\\/\",\"url\":\"\",\"contentUrl\":\"\",\"caption\":\"NMC\"},\"image\":{\"@id\":\"https:\\\/\\\/nmc.sk\\\/en\\\/#\\\/schema\\\/logo\\\/image\\\/\"}}]}<\/script>\n<!-- \/ Yoast SEO plugin. -->","yoast_head_json":{"title":"EM2023-Vido-Zuzana - NMC","robots":{"index":"index","follow":"follow","max-snippet":"max-snippet:-1","max-image-preview":"max-image-preview:large","max-video-preview":"max-video-preview:-1"},"canonical":"https:\/\/nmc.sk\/en\/em2023-vido-zuzana\/","og_locale":"en_US","og_type":"article","og_title":"EM2023-Vido-Zuzana - NMC","og_description":"[vc_row full_width=&#8221;stretch_row&#8221; content_placement=&#8221;bottom&#8221; parallax=&#8221;content-moving&#8221; remove_padding=&#8221;no-padding-vc-row&#8221; bg_type=&#8221;grad&#8221; bg_grad=&#8221;background: -webkit-gradient(linear, left top, left bottom, color-stop(0%, #08060B), color-stop(0%, #230C06), color-stop(21%, #230C06), color-stop(51%, #613012), color-stop(100%, #F39E30));background: -moz-linear-gradient(top,#08060B 0%,#230C06 0%,#230C06 21%,#613012 51%,#F39E30 100%);background: -webkit-linear-gradient(top,#08060B 0%,#230C06 0%,#230C06 21%,#613012 51%,#F39E30 100%);background: -o-linear-gradient(top,#08060B 0%,#230C06 0%,#230C06 21%,#613012 51%,#F39E30 100%);background:...","og_url":"https:\/\/nmc.sk\/en\/em2023-vido-zuzana\/","og_site_name":"NMC","article_modified_time":"2023-09-25T17:43:24+00:00","twitter_card":"summary_large_image","twitter_misc":{"Est. reading time":"11 minutes"},"schema":{"@context":"https:\/\/schema.org","@graph":[{"@type":"WebPage","@id":"https:\/\/nmc.sk\/en\/em2023-vido-zuzana\/","url":"https:\/\/nmc.sk\/en\/em2023-vido-zuzana\/","name":"EM2023-Vido-Zuzana - NMC","isPartOf":{"@id":"https:\/\/nmc.sk\/en\/#website"},"datePublished":"2023-09-25T17:04:22+00:00","dateModified":"2023-09-25T17:43:24+00:00","breadcrumb":{"@id":"https:\/\/nmc.sk\/en\/em2023-vido-zuzana\/#breadcrumb"},"inLanguage":"en-US","potentialAction":[{"@type":"ReadAction","target":["https:\/\/nmc.sk\/en\/em2023-vido-zuzana\/"]}]},{"@type":"BreadcrumbList","@id":"https:\/\/nmc.sk\/en\/em2023-vido-zuzana\/#breadcrumb","itemListElement":[{"@type":"ListItem","position":1,"name":"Home","item":"https:\/\/nmc.sk\/en\/"},{"@type":"ListItem","position":2,"name":"EM2023-Vido-Zuzana"}]},{"@type":"WebSite","@id":"https:\/\/nmc.sk\/en\/#website","url":"https:\/\/nmc.sk\/en\/","name":"NMC","description":"","publisher":{"@id":"https:\/\/nmc.sk\/en\/#organization"},"potentialAction":[{"@type":"SearchAction","target":{"@type":"EntryPoint","urlTemplate":"https:\/\/nmc.sk\/en\/?s={search_term_string}"},"query-input":{"@type":"PropertyValueSpecification","valueRequired":true,"valueName":"search_term_string"}}],"inLanguage":"en-US"},{"@type":"Organization","@id":"https:\/\/nmc.sk\/en\/#organization","name":"NMC","url":"https:\/\/nmc.sk\/en\/","logo":{"@type":"ImageObject","inLanguage":"en-US","@id":"https:\/\/nmc.sk\/en\/#\/schema\/logo\/image\/","url":"","contentUrl":"","caption":"NMC"},"image":{"@id":"https:\/\/nmc.sk\/en\/#\/schema\/logo\/image\/"}}]}},"_links":{"self":[{"href":"https:\/\/nmc.sk\/en\/wp-json\/wp\/v2\/pages\/4872","targetHints":{"allow":["GET"]}}],"collection":[{"href":"https:\/\/nmc.sk\/en\/wp-json\/wp\/v2\/pages"}],"about":[{"href":"https:\/\/nmc.sk\/en\/wp-json\/wp\/v2\/types\/page"}],"author":[{"embeddable":true,"href":"https:\/\/nmc.sk\/en\/wp-json\/wp\/v2\/users\/3"}],"replies":[{"embeddable":true,"href":"https:\/\/nmc.sk\/en\/wp-json\/wp\/v2\/comments?post=4872"}],"version-history":[{"count":12,"href":"https:\/\/nmc.sk\/en\/wp-json\/wp\/v2\/pages\/4872\/revisions"}],"predecessor-version":[{"id":4884,"href":"https:\/\/nmc.sk\/en\/wp-json\/wp\/v2\/pages\/4872\/revisions\/4884"}],"wp:attachment":[{"href":"https:\/\/nmc.sk\/en\/wp-json\/wp\/v2\/media?parent=4872"}],"curies":[{"name":"wp","href":"https:\/\/api.w.org\/{rel}","templated":true}]}}