{"id":6198,"date":"2025-06-05T10:52:50","date_gmt":"2025-06-05T08:52:50","guid":{"rendered":"https:\/\/nmc.sk\/?page_id=6198"},"modified":"2025-09-24T12:26:55","modified_gmt":"2025-09-24T10:26:55","slug":"em2025-kolar-zbynek","status":"publish","type":"page","link":"https:\/\/nmc.sk\/en\/em2025-kolar-zbynek\/","title":{"rendered":"EM2025-Kolar-Zbynek"},"content":{"rendered":"<div class=\"wpb-content-wrapper\"><p>[vc_row full_width=&#8221;stretch_row&#8221; content_placement=&#8221;bottom&#8221; parallax=&#8221;content-moving&#8221; remove_padding=&#8221;no-padding-vc-row&#8221; bg_type=&#8221;image&#8221; parallax_style=&#8221;vcpb-animated&#8221; bg_image_new=&#8221;id^5808|url^https:\/\/nmc.sk\/wp-content\/uploads\/2025\/01\/enviro-2025-v1-EN-BG-v2.jpg|caption^null|alt^null|title^enviro 2025 v1 EN BG v2|description^null&#8221; bg_image_size=&#8221;contain&#8221;][vc_column]<div class=\"ult-content-box-container \" >\t\t<div class=\"ult-content-box\" style=\"box-shadow: px px px px none;-webkit-transition: all 700ms ease;-moz-transition: all 700ms ease;-ms-transition: all 700ms ease;-o-transition: all 700ms ease;transition: all 700ms ease;\"  data-hover_box_shadow=\"none\"    >[vc_row_inner content_placement=&#8221;middle&#8221;][vc_column_inner width=&#8221;1\/4&#8243;][vc_single_image image=&#8221;6474&#8243; img_size=&#8221;full&#8221; alignment=&#8221;center&#8221; style=&#8221;vc_box_border_circle_2&#8243; border_color=&#8221;white&#8221; css_animation=&#8221;fadeIn&#8221; css=&#8221;.vc_custom_1757629328514{padding-top: 70px !important;}&#8221; el_class=&#8221;animated-gif&#8221;][vc_empty_space height=&#8221;200&#8243;][\/vc_column_inner][vc_column_inner width=&#8221;3\/4&#8243; css=&#8221;.vc_custom_1596614331624{padding-left: 50px !important;}&#8221;][vc_empty_space height=&#8221;10&#8243;][vc_custom_heading text=&#8221;15TH INTERNATIONAL EXPERTS&#8217; CONFERENCE&#8221; font_container=&#8221;tag:h3|font_size:26|text_align:left|color:%23ffffff|line_height:1&#8243; google_fonts=&#8221;font_family:Open%20Sans%3A300%2C300italic%2Cregular%2Citalic%2C600%2C600italic%2C700%2C700italic%2C800%2C800italic&#8221;][vc_custom_heading text=&#8221;ENVIROMANAGEMENT 2025&#8243; font_container=&#8221;tag:h2|font_size:40|text_align:left|color:%23ffffff|line_height:1&#8243; google_fonts=&#8221;font_family:Open%20Sans%3A300%2C300italic%2Cregular%2Citalic%2C600%2C600italic%2C700%2C700italic%2C800%2C800italic&#8221; css_animation=&#8221;none&#8221; css=&#8221;.vc_custom_1737578822871{padding-top: 20px !important;}&#8221;][vc_empty_space height=&#8221;20&#8243;][vc_empty_space height=&#8221;20&#8243;][vc_custom_heading text=&#8221;MODERN WASTE MANAGEMENT:&#8221; font_container=&#8221;tag:h2|font_size:28|text_align:left|color:%23ffffff|line_height:1.1&#8243; google_fonts=&#8221;font_family:Open%20Sans%3A300%2C300italic%2Cregular%2Citalic%2C600%2C600italic%2C700%2C700italic%2C800%2C800italic&#8221;][vc_empty_space height=&#8221;10&#8243;][vc_custom_heading text=&#8221;Dealing with Crises, and Managing Fire Hazards&#8221; font_container=&#8221;tag:h2|font_size:28|text_align:left|color:%23fff153|line_height:1&#8243; google_fonts=&#8221;font_family:Open%20Sans%3A300%2C300italic%2Cregular%2Citalic%2C600%2C600italic%2C700%2C700italic%2C800%2C800italic&#8221;][vc_empty_space height=&#8221;25&#8243;][vc_custom_heading text=&#8221;SEPTEMBER 29 \u2013 30, 2025<br \/>\nHOTEL PATRIA ****<br \/>\n\u0160TRBSK\u00c9 PLESO, HIGH TATRAS, SLOVAKIA&#8221; font_container=&#8221;tag:h4|font_size:20|text_align:left|color:%23ffffff|line_height:1.5&#8243; google_fonts=&#8221;font_family:Open%20Sans%3A300%2C300italic%2Cregular%2Citalic%2C600%2C600italic%2C700%2C700italic%2C800%2C800italic&#8221;][vc_empty_space height=&#8221;80&#8243;][\/vc_column_inner][\/vc_row_inner]\t\t<\/div><\/div>[\/vc_column][\/vc_row][vc_row full_width=&#8221;stretch_row&#8221; equal_height=&#8221;yes&#8221; content_placement=&#8221;top&#8221; remove_padding=&#8221;no-padding-vc-row&#8221; bg_type=&#8221;grad&#8221; css=&#8221;.vc_custom_1740415750880{padding-top: 50px !important;padding-bottom: 50px !important;}&#8221; bg_grad=&#8221;background: -webkit-gradient(linear, left top, left bottom, color-stop(0%, #000000), color-stop(100%, #383838));background: -moz-linear-gradient(top,#000000 0%,#383838 100%);background: -webkit-linear-gradient(top,#000000 0%,#383838 100%);background: -o-linear-gradient(top,#000000 0%,#383838 100%);background: -ms-linear-gradient(top,#000000 0%,#383838 100%);background: linear-gradient(top,#000000 0%,#383838 100%);&#8221;][vc_column color_style=&#8221;light&#8221;]<div class=\"ult-content-box-container \" >\t\t<div class=\"ult-content-box\" style=\"box-shadow: px px px px none;-webkit-transition: all 700ms ease;-moz-transition: all 700ms ease;-ms-transition: all 700ms ease;-o-transition: all 700ms ease;transition: all 700ms ease;\"  data-hover_box_shadow=\"none\"    >[vc_row_inner equal_height=&#8221;yes&#8221; content_placement=&#8221;middle&#8221;][vc_column_inner width=&#8221;1\/4&#8243; css=&#8221;.vc_custom_1714734284630{border-bottom-width: 1px !important;background-color: #f8e45f !important;border-bottom-color: #164a55 !important;border-bottom-style: dotted !important;border-radius: 1px !important;}&#8221;][vc_custom_heading text=&#8221;LECTURER&#8221; font_container=&#8221;tag:h3|text_align:center|color:%23164a55&#8243; google_fonts=&#8221;font_family:Open%20Sans%3A300%2C300italic%2Cregular%2Citalic%2C600%2C600italic%2C700%2C700italic%2C800%2C800italic&#8221; css_animation=&#8221;fadeIn&#8221;][\/vc_column_inner][vc_column_inner width=&#8221;3\/4&#8243; css=&#8221;.vc_custom_1596615104945{border-bottom-width: 1px !important;border-left-width: 1px !important;border-left-color: #ffffff !important;border-left-style: dotted !important;border-bottom-color: #ffffff !important;border-bottom-style: dotted !important;}&#8221;][vc_column_text]<span style=\"color: #f8e45f;\"><strong>Zbyn\u011bk Kol\u00e1\u0159<\/strong><\/span><\/p>\n<p>Specialist<br \/>\nEKO-KOM, a.s.<\/p>\n<p>Prague<br \/>\nCzech Republic[\/vc_column_text][\/vc_column_inner][\/vc_row_inner][vc_row_inner equal_height=&#8221;yes&#8221;][vc_column_inner width=&#8221;1\/4&#8243; css=&#8221;.vc_custom_1714734289797{border-bottom-width: 1px !important;background-color: #f8e45f !important;border-bottom-color: #164a55 !important;border-bottom-style: dotted !important;border-radius: 1px !important;}&#8221;][vc_custom_heading text=&#8221;PRESENTATION&#8221; font_container=&#8221;tag:h3|text_align:center|color:%23164a55&#8243; google_fonts=&#8221;font_family:Open%20Sans%3A300%2C300italic%2Cregular%2Citalic%2C600%2C600italic%2C700%2C700italic%2C800%2C800italic&#8221; css_animation=&#8221;fadeIn&#8221;][\/vc_column_inner][vc_column_inner width=&#8221;3\/4&#8243; css=&#8221;.vc_custom_1596615178119{border-bottom-width: 1px !important;border-left-width: 1px !important;border-left-color: #ffffff !important;border-left-style: dotted !important;border-bottom-color: #ffffff !important;border-bottom-style: dotted !important;border-radius: 1px !important;}&#8221;][vc_column_text]<strong>From Directive to Regulation.<br \/>\nMany Questions\u2026 and Few Answers.<br \/>\n<\/strong><\/p>\n<p><em><strong>Od Sm\u011brnice k\u00a0Na\u0159\u00edzen\u00ed.<br \/>\nMnoho ot\u00e1zek\u2026 a m\u00e1lo odpov\u011bd\u00ed.<\/strong><\/em>[\/vc_column_text][\/vc_column_inner][\/vc_row_inner][vc_row_inner equal_height=&#8221;yes&#8221; disable_element=&#8221;yes&#8221;][vc_column_inner width=&#8221;1\/4&#8243; css=&#8221;.vc_custom_1714734333934{border-bottom-width: 1px !important;background-color: #f8e45f !important;border-bottom-color: #164a55 !important;border-bottom-style: dotted !important;border-radius: 1px !important;}&#8221;][vc_custom_heading text=&#8221;KEY WORDS&#8221; font_container=&#8221;tag:h3|text_align:center|color:%23164a55&#8243; google_fonts=&#8221;font_family:Open%20Sans%3A300%2C300italic%2Cregular%2Citalic%2C600%2C600italic%2C700%2C700italic%2C800%2C800italic&#8221; css_animation=&#8221;fadeIn&#8221;][\/vc_column_inner][vc_column_inner width=&#8221;3\/4&#8243; css=&#8221;.vc_custom_1596615178119{border-bottom-width: 1px !important;border-left-width: 1px !important;border-left-color: #ffffff !important;border-left-style: dotted !important;border-bottom-color: #ffffff !important;border-bottom-style: dotted !important;border-radius: 1px !important;}&#8221;][vc_column_text]Waste incineration, energy efficiency, R1 formula, treatment, recovery, disposal[\/vc_column_text][\/vc_column_inner][\/vc_row_inner][vc_row_inner equal_height=&#8221;yes&#8221;][vc_column_inner width=&#8221;1\/4&#8243; css=&#8221;.vc_custom_1714734300764{border-bottom-width: 1px !important;background-color: #f8e45f !important;border-bottom-color: #164a55 !important;border-bottom-style: dotted !important;border-radius: 1px !important;}&#8221;][vc_custom_heading text=&#8221;ANNOTATION&#8221; font_container=&#8221;tag:h3|text_align:center|color:%23164a55&#8243; google_fonts=&#8221;font_family:Open%20Sans%3A300%2C300italic%2Cregular%2Citalic%2C600%2C600italic%2C700%2C700italic%2C800%2C800italic&#8221; css_animation=&#8221;fadeIn&#8221;][\/vc_column_inner][vc_column_inner width=&#8221;3\/4&#8243; css=&#8221;.vc_custom_1596615178119{border-bottom-width: 1px !important;border-left-width: 1px !important;border-left-color: #ffffff !important;border-left-style: dotted !important;border-bottom-color: #ffffff !important;border-bottom-style: dotted !important;border-radius: 1px !important;}&#8221;][vc_column_text]In the introduction, I would like to briefly reflect on the development\u2026 how we got from Directive 94\/62\/EC to the Regulation 2025\/40. I think it is important to explain what a fundamental change has been taking place.<\/p>\n<p>And then I would like to point out the fundamental and new requirements for everyone. For manufacturers, fillers, waste management and recyclers, with the emphasis that the most important thing is not in the Regulation itself, but in the delegated acts that will be prepared, only by the European Commission after consultations with EU institutions and national Environment ministries. And that is why I would like to emphasize to all participants how important it is for them to actively participate in commenting of proposals of these approximately 17 delegated acts as soon as the first drafts appear, because the consequences of their provisions can subsequently fundamentally influence their decision-making process.[\/vc_column_text][\/vc_column_inner][\/vc_row_inner][vc_row_inner equal_height=&#8221;yes&#8221; disable_element=&#8221;yes&#8221;][vc_column_inner width=&#8221;1\/4&#8243; css=&#8221;.vc_custom_1714734300764{border-bottom-width: 1px !important;background-color: #f8e45f !important;border-bottom-color: #164a55 !important;border-bottom-style: dotted !important;border-radius: 1px !important;}&#8221;][vc_custom_heading text=&#8221;ANNOTATION&#8221; font_container=&#8221;tag:h3|text_align:center|color:%23164a55&#8243; google_fonts=&#8221;font_family:Open%20Sans%3A300%2C300italic%2Cregular%2Citalic%2C600%2C600italic%2C700%2C700italic%2C800%2C800italic&#8221; css_animation=&#8221;fadeIn&#8221;][\/vc_column_inner][vc_column_inner width=&#8221;3\/4&#8243; css=&#8221;.vc_custom_1596615178119{border-bottom-width: 1px !important;border-left-width: 1px !important;border-left-color: #ffffff !important;border-left-style: dotted !important;border-bottom-color: #ffffff !important;border-bottom-style: dotted !important;border-radius: 1px !important;}&#8221;][vc_column_text]In the introduction, I would like to briefly reflect on the development\u2026 how we got from Directive 94\/62\/EC to the Regulation 2025\/40. I think it is important to explain what a fundamental change has been taking place.<\/p>\n<p>And then I would like to point out the fundamental and new requirements for everyone. For manufacturers, fillers, waste management and recyclers, with the emphasis that the most important thing is not in the Regulation\u00a0itself, but in the delegated acts that will be prepared, only by the European Commission after consultations with EU institutions and national Environment ministries. And that is why I would like to emphasize to all participants how important it is for them\u00a0to actively participate in commenting of proposals of these approximately 17 delegated acts as soon as the first drafts appear, because the consequences of their provisions can subsequently fundamentally influence their decision-making process. Or even cause\u00a0catastrophic damage of their business.[\/vc_column_text][\/vc_column_inner][\/vc_row_inner][vc_row_inner equal_height=&#8221;yes&#8221;][vc_column_inner width=&#8221;1\/4&#8243; css=&#8221;.vc_custom_1714734305703{border-bottom-width: 1px !important;background-color: #f8e45f !important;border-bottom-color: #164a55 !important;border-bottom-style: dotted !important;border-radius: 1px !important;}&#8221;][vc_custom_heading text=&#8221;LECTURER&#8217;S PROFILE&#8221; font_container=&#8221;tag:h3|text_align:center|color:%23164a55&#8243; google_fonts=&#8221;font_family:Open%20Sans%3A300%2C300italic%2Cregular%2Citalic%2C600%2C600italic%2C700%2C700italic%2C800%2C800italic&#8221; css_animation=&#8221;fadeIn&#8221;][\/vc_column_inner][vc_column_inner width=&#8221;3\/4&#8243; css=&#8221;.vc_custom_1596615178119{border-bottom-width: 1px !important;border-left-width: 1px !important;border-left-color: #ffffff !important;border-left-style: dotted !important;border-bottom-color: #ffffff !important;border-bottom-style: dotted !important;border-radius: 1px !important;}&#8221;][vc_column_text]<strong>Zbyn\u011bk Kol\u00e1\u0159<\/strong> has worked as the secretary of the Czech Industrial Association for Packaging and the Environment (CICPEN) since 1994.<\/p>\n<p>In 1997, he participated in the founding of <strong>EKO-KOM, a.s.<\/strong>, where he first worked as a financial manager and then as a manager\/specialist for consulting in the client department.[\/vc_column_text][\/vc_column_inner][\/vc_row_inner][vc_row_inner equal_height=&#8221;yes&#8221;][vc_column_inner width=&#8221;1\/4&#8243; css=&#8221;.vc_custom_1716293450651{border-bottom-width: 1px !important;background-color: #f8e45f !important;border-bottom-color: #164a55 !important;border-bottom-style: dotted !important;border-radius: 1px !important;}&#8221;][vc_custom_heading text=&#8221;ORGANIZATION&#8217;S PROFILE&#8221; font_container=&#8221;tag:h3|text_align:center|color:%23164a55&#8243; google_fonts=&#8221;font_family:Open%20Sans%3A300%2C300italic%2Cregular%2Citalic%2C600%2C600italic%2C700%2C700italic%2C800%2C800italic&#8221; css_animation=&#8221;fadeIn&#8221;][\/vc_column_inner][vc_column_inner width=&#8221;3\/4&#8243; css=&#8221;.vc_custom_1716293466427{border-bottom-width: 1px !important;border-left-width: 1px !important;border-left-color: #ffffff !important;border-left-style: dotted !important;border-bottom-color: #ffffff !important;border-bottom-style: dotted !important;border-radius: 1px !important;}&#8221;][vc_column_text]The authorized packaging company <strong>EKO-KOM<\/strong> was founded in 1997 by industrial enterprises producing packaged goods.<\/p>\n<p>This non-profit joint-stock company has created and effectively operates a nationwide system that ensures the sorting, recycling and use of packaging waste at a high-quality European level. The entire complex of activities provided by the company has been given the name \u201cEKO-KOM System\u201d.[\/vc_column_text][\/vc_column_inner][\/vc_row_inner][vc_row_inner equal_height=&#8221;yes&#8221;][vc_column_inner width=&#8221;1\/4&#8243; css=&#8221;.vc_custom_1714734300764{border-bottom-width: 1px !important;background-color: #f8e45f !important;border-bottom-color: #164a55 !important;border-bottom-style: dotted !important;border-radius: 1px !important;}&#8221;][vc_custom_heading text=&#8221;ANOT\u00c1CIA&#8221; font_container=&#8221;tag:h3|text_align:center|color:%23164a55&#8243; google_fonts=&#8221;font_family:Open%20Sans%3A300%2C300italic%2Cregular%2Citalic%2C600%2C600italic%2C700%2C700italic%2C800%2C800italic&#8221; css_animation=&#8221;fadeIn&#8221;][\/vc_column_inner][vc_column_inner width=&#8221;3\/4&#8243; css=&#8221;.vc_custom_1596615178119{border-bottom-width: 1px !important;border-left-width: 1px !important;border-left-color: #ffffff !important;border-left-style: dotted !important;border-bottom-color: #ffffff !important;border-bottom-style: dotted !important;border-radius: 1px !important;}&#8221;][vc_column_text]V\u00a0\u00favodu bych se cht\u011bl jen velmi kr\u00e1tce zamyslet nad v\u00fdvojem\u2026 jak jsme se dostali k\u00a0Na\u0159\u00edzen\u00ed. Mysl\u00edm, \u017ee to je d\u016fle\u017eit\u00e9 vysv\u011btlit k\u00a0jak\u00e9 z\u00e1sadn\u00ed zm\u011bn\u011b doch\u00e1z\u00ed.<\/p>\n<p>A pak u\u017e bych r\u00e1d pouk\u00e1zal na z\u00e1sadn\u00ed a nov\u00e9 po\u017eadavky na v\u0161echny. Na v\u00fdrobce, plni\u010de, odpad\u00e1\u0159e i recykl\u00e1tory s t\u00edm, \u017ee to nejd\u016fle\u017eit\u011bj\u0161\u00ed nen\u00ed v Na\u0159\u00edzen\u00ed, ale bude v delegovan\u00fdch aktech, kter\u00e9 budou p\u0159ipraveny, u\u017e jenom Evropskou Komis\u00ed po konzultac\u00edch s institucemi EU a n\u00e1rodn\u00edmi ministerstvy. A pr\u00e1v\u011b proto bych r\u00e1d zd\u016fraznil v\u0161em \u00fa\u010dastn\u00edk\u016fm, jak je pro n\u011b d\u016fle\u017eit\u00e9 se okam\u017eit\u011b, jak se objev\u00ed prvn\u00ed n\u00e1vrhy t\u011bchto cca 17 delegovan\u00fdch akt\u016f, aby se aktivn\u011b zapojili do jejich p\u0159ipom\u00ednkov\u00e1n\u00ed, proto\u017ee d\u016fsledky jejich ustanoven\u00ed mohou n\u00e1sledn\u011b z\u00e1sadn\u011b ovlivnit jejich rozhodov\u00e1n\u00ed.[\/vc_column_text][\/vc_column_inner][\/vc_row_inner][vc_row_inner equal_height=&#8221;yes&#8221; disable_element=&#8221;yes&#8221;][vc_column_inner width=&#8221;1\/4&#8243; css=&#8221;.vc_custom_1714734300764{border-bottom-width: 1px !important;background-color: #f8e45f !important;border-bottom-color: #164a55 !important;border-bottom-style: dotted !important;border-radius: 1px !important;}&#8221;][vc_custom_heading text=&#8221;ANOT\u00c1CIA&#8221; font_container=&#8221;tag:h3|text_align:center|color:%23164a55&#8243; google_fonts=&#8221;font_family:Open%20Sans%3A300%2C300italic%2Cregular%2Citalic%2C600%2C600italic%2C700%2C700italic%2C800%2C800italic&#8221; css_animation=&#8221;fadeIn&#8221;][\/vc_column_inner][vc_column_inner width=&#8221;3\/4&#8243; css=&#8221;.vc_custom_1596615178119{border-bottom-width: 1px !important;border-left-width: 1px !important;border-left-color: #ffffff !important;border-left-style: dotted !important;border-bottom-color: #ffffff !important;border-bottom-style: dotted !important;border-radius: 1px !important;}&#8221;][vc_column_text]V\u00a0\u00favodu bych se cht\u011bl jen velmi kr\u00e1tce zamyslet nad v\u00fdvojem\u2026 jak jsme se dostali k\u00a0Na\u0159\u00edzen\u00ed. Mysl\u00edm, \u017ee to je d\u016fle\u017eit\u00e9 vysv\u011btlit k\u00a0jak\u00e9 z\u00e1sadn\u00ed zm\u011bn\u011b doch\u00e1z\u00ed.<\/p>\n<p>A pak u\u017e bych r\u00e1d pouk\u00e1zal na z\u00e1sadn\u00ed a nov\u00e9 po\u017eadavky na v\u0161echny. Na v\u00fdrobce, plni\u010de, odpad\u00e1\u0159e i recykl\u00e1tory s\u00a0t\u00edm, \u017ee to nejd\u016fle\u017eit\u011bj\u0161\u00ed nen\u00ed v\u00a0Na\u0159\u00edzen\u00ed, ale bude v\u00a0delegovan\u00fdch aktech, kter\u00e9 budou p\u0159ipraveny, u\u017e jenom Evropskou Komis\u00ed\u00a0po konzultac\u00edch s\u00a0institucemi EU a n\u00e1rodn\u00edmi ministerstvy. A pr\u00e1v\u011b proto bych r\u00e1d zd\u016fraznil v\u0161em \u00fa\u010dastn\u00edk\u016fm, jak je pro n\u011b d\u016fle\u017eit\u00e9 se okam\u017eit\u011b, jak se objev\u00ed prvn\u00ed n\u00e1vrhy t\u011bchto cca 17 delegovan\u00fdch akt\u016f, aby se aktivn\u011b zapojili do jejich p\u0159ipom\u00ednkov\u00e1n\u00ed, proto\u017ee\u00a0d\u016fsledky jejich ustanoven\u00ed mohou n\u00e1sledn\u011b z\u00e1sadn\u011b ovlivnit jejich rozhodov\u00e1n\u00ed. Nebo i zp\u016fsobit katastrof\u00e1ln\u00ed \u0161kody.[\/vc_column_text][\/vc_column_inner][\/vc_row_inner][vc_row_inner equal_height=&#8221;yes&#8221;][vc_column_inner width=&#8221;1\/4&#8243; css=&#8221;.vc_custom_1716293450651{border-bottom-width: 1px !important;background-color: #f8e45f !important;border-bottom-color: #164a55 !important;border-bottom-style: dotted !important;border-radius: 1px !important;}&#8221;][vc_custom_heading text=&#8221;PROFIL PREDN\u00c1\u0160AJ\u00daCEHO&#8221; font_container=&#8221;tag:h3|text_align:center|color:%23164a55&#8243; google_fonts=&#8221;font_family:Open%20Sans%3A300%2C300italic%2Cregular%2Citalic%2C600%2C600italic%2C700%2C700italic%2C800%2C800italic&#8221; css_animation=&#8221;fadeIn&#8221;][\/vc_column_inner][vc_column_inner width=&#8221;3\/4&#8243; css=&#8221;.vc_custom_1716293466427{border-bottom-width: 1px !important;border-left-width: 1px !important;border-left-color: #ffffff !important;border-left-style: dotted !important;border-bottom-color: #ffffff !important;border-bottom-style: dotted !important;border-radius: 1px !important;}&#8221;][vc_column_text]<strong>Zbyn\u011bk Kol\u00e1\u0159<\/strong> od roku 1994 pracoval jako tajemn\u00edk \u010cesk\u00e9ho pr\u016fmyslov\u00e9ho sdru\u017een\u00ed pro obaly a \u017eivotn\u00ed prost\u0159ed\u00ed (CICPEN).<\/p>\n<p>V roce 1997 se pod\u00edlel na zalo\u017een\u00ed <strong>EKO-KOM, a.s.<\/strong>, kde pracoval nejd\u0159\u00edve jako finan\u010dn\u00ed mana\u017eer a n\u00e1sledn\u011b jako mana\u017eer\/specialista pro poradenstv\u00ed na klientsk\u00e9m odd\u011blen\u00ed.[\/vc_column_text][\/vc_column_inner][\/vc_row_inner][vc_row_inner equal_height=&#8221;yes&#8221;][vc_column_inner width=&#8221;1\/4&#8243; css=&#8221;.vc_custom_1716293450651{border-bottom-width: 1px !important;background-color: #f8e45f !important;border-bottom-color: #164a55 !important;border-bottom-style: dotted !important;border-radius: 1px !important;}&#8221;][vc_custom_heading text=&#8221;PROFIL ORGANIZ\u00c1CIE&#8221; font_container=&#8221;tag:h3|text_align:center|color:%23164a55&#8243; google_fonts=&#8221;font_family:Open%20Sans%3A300%2C300italic%2Cregular%2Citalic%2C600%2C600italic%2C700%2C700italic%2C800%2C800italic&#8221; css_animation=&#8221;fadeIn&#8221;][\/vc_column_inner][vc_column_inner width=&#8221;3\/4&#8243; css=&#8221;.vc_custom_1716293466427{border-bottom-width: 1px !important;border-left-width: 1px !important;border-left-color: #ffffff !important;border-left-style: dotted !important;border-bottom-color: #ffffff !important;border-bottom-style: dotted !important;border-radius: 1px !important;}&#8221;][vc_column_text]Autorizovan\u00e1 obalov\u00e1 spole\u010dnost <strong>EKO\u2011KOM<\/strong> byla ji\u017e v roce 1997 zalo\u017eena pr\u016fmyslov\u00fdmi podniky vyr\u00e1b\u011bj\u00edc\u00edmi balen\u00e9 zbo\u017e\u00ed.<\/p>\n<p>Tato neziskov\u00e1 akciov\u00e1 spole\u010dnost vytvo\u0159ila a efektivn\u011b provozuje celorepublikov\u00fd syst\u00e9m, kter\u00fd zaji\u0161\u0165uje t\u0159\u00edd\u011bn\u00ed, recyklaci a vyu\u017eit\u00ed obalov\u00e9ho odpadu na kvalitn\u00ed evropsk\u00e9 \u00farovni. Pro cel\u00fd komplex souboru \u010dinnost\u00ed zaji\u0161\u0165ovan\u00fdch spole\u010dnost\u00ed se ujal n\u00e1zev \u201eSyst\u00e9m EKO\u2011KOM\u201c.[\/vc_column_text][\/vc_column_inner][\/vc_row_inner][vc_row_inner equal_height=&#8221;yes&#8221; disable_element=&#8221;yes&#8221;][vc_column_inner width=&#8221;1\/4&#8243; css=&#8221;.vc_custom_1680567523870{border-bottom-width: 1px !important;background-color: #55080d !important;border-bottom-color: #ffffff !important;border-bottom-style: dotted !important;border-radius: 1px !important;}&#8221;][vc_column_text]<\/p>\n<p style=\"text-align: center;\"><span style=\"color: #ed910b;\"><strong>K\u013d\u00da\u010cOV\u00c9 SLOV\u00c1<\/strong><\/span><\/p>\n<p>[\/vc_column_text][\/vc_column_inner][vc_column_inner width=&#8221;3\/4&#8243; css=&#8221;.vc_custom_1596615178119{border-bottom-width: 1px !important;border-left-width: 1px !important;border-left-color: #ffffff !important;border-left-style: dotted !important;border-bottom-color: #ffffff !important;border-bottom-style: dotted !important;border-radius: 1px !important;}&#8221;][\/vc_column_inner][\/vc_row_inner][vc_row_inner equal_height=&#8221;yes&#8221; disable_element=&#8221;yes&#8221;][vc_column_inner width=&#8221;1\/4&#8243; css=&#8221;.vc_custom_1680567529960{border-bottom-width: 1px !important;background-color: #55080d !important;border-bottom-color: #ffffff !important;border-bottom-style: dotted !important;border-radius: 1px !important;}&#8221;][vc_column_text]<\/p>\n<p style=\"text-align: center;\"><span style=\"color: #ed910b;\"><strong>ANOT\u00c1CIA<\/strong><\/span><\/p>\n<p>[\/vc_column_text][\/vc_column_inner][vc_column_inner width=&#8221;3\/4&#8243; css=&#8221;.vc_custom_1596615178119{border-bottom-width: 1px !important;border-left-width: 1px !important;border-left-color: #ffffff !important;border-left-style: dotted !important;border-bottom-color: #ffffff !important;border-bottom-style: dotted !important;border-radius: 1px !important;}&#8221;][\/vc_column_inner][\/vc_row_inner][vc_row_inner equal_height=&#8221;yes&#8221; disable_element=&#8221;yes&#8221;][vc_column_inner width=&#8221;1\/4&#8243; css=&#8221;.vc_custom_1680567536532{border-bottom-width: 1px !important;background-color: #55080d !important;border-bottom-color: #ffffff !important;border-bottom-style: dotted !important;border-radius: 1px !important;}&#8221;][vc_column_text]<\/p>\n<p style=\"text-align: center;\"><span style=\"color: #ed910b;\"><strong>PROFIL PREDN\u00c1\u0160AJ\u00daCEHO<\/strong><\/span><\/p>\n<p>[\/vc_column_text][\/vc_column_inner][vc_column_inner width=&#8221;3\/4&#8243; css=&#8221;.vc_custom_1596615178119{border-bottom-width: 1px !important;border-left-width: 1px !important;border-left-color: #ffffff !important;border-left-style: dotted !important;border-bottom-color: #ffffff !important;border-bottom-style: dotted !important;border-radius: 1px !important;}&#8221;][\/vc_column_inner][\/vc_row_inner][vc_row_inner equal_height=&#8221;yes&#8221; disable_element=&#8221;yes&#8221;][vc_column_inner width=&#8221;1\/4&#8243; css=&#8221;.vc_custom_1680567541569{background-color: #55080d !important;border-radius: 1px !important;}&#8221;][vc_column_text]<\/p>\n<p style=\"text-align: center;\"><span style=\"color: #ed910b;\"><strong>PROFIL ORGANIZ\u00c1CIE<\/strong><\/span><\/p>\n<p>[\/vc_column_text][\/vc_column_inner][vc_column_inner width=&#8221;3\/4&#8243; css=&#8221;.vc_custom_1596615533000{border-left-width: 1px !important;border-left-color: #ffffff !important;border-left-style: dotted !important;border-radius: 1px !important;}&#8221;][\/vc_column_inner][\/vc_row_inner]\t\t<\/div><\/div>[\/vc_column][\/vc_row]<\/p>\n<\/div>","protected":false},"excerpt":{"rendered":"<p>[vc_row full_width=&#8221;stretch_row&#8221; content_placement=&#8221;bottom&#8221; parallax=&#8221;content-moving&#8221; remove_padding=&#8221;no-padding-vc-row&#8221; bg_type=&#8221;image&#8221; parallax_style=&#8221;vcpb-animated&#8221; bg_image_new=&#8221;id^5808|url^https:\/\/nmc.sk\/wp-content\/uploads\/2025\/01\/enviro-2025-v1-EN-BG-v2.jpg|caption^null|alt^null|title^enviro 2025 v1 EN BG v2|description^null&#8221; bg_image_size=&#8221;contain&#8221;][vc_column][\/vc_column][\/vc_row][vc_row full_width=&#8221;stretch_row&#8221; equal_height=&#8221;yes&#8221; content_placement=&#8221;top&#8221; remove_padding=&#8221;no-padding-vc-row&#8221; bg_type=&#8221;grad&#8221; css=&#8221;.vc_custom_1740415750880{padding-top: 50px !important;padding-bottom: 50px !important;}&#8221; bg_grad=&#8221;background: -webkit-gradient(linear, left top, left bottom, color-stop(0%, #000000), color-stop(100%, #383838));background: -moz-linear-gradient(top,#000000 0%,#383838 100%);background: -webkit-linear-gradient(top,#000000 0%,#383838 100%);background:&#8230;<\/p>\n","protected":false},"author":3,"featured_media":0,"parent":0,"menu_order":0,"comment_status":"closed","ping_status":"closed","template":"","meta":{"footnotes":""},"class_list":["post-6198","page","type-page","status-publish","hentry"],"yoast_head":"<!-- This site is optimized with the Yoast SEO plugin v27.4 - https:\/\/yoast.com\/product\/yoast-seo-wordpress\/ -->\n<title>EM2025-Kolar-Zbynek - NMC<\/title>\n<meta name=\"robots\" content=\"index, follow, max-snippet:-1, max-image-preview:large, max-video-preview:-1\" \/>\n<link rel=\"canonical\" href=\"https:\/\/nmc.sk\/en\/em2025-kolar-zbynek\/\" \/>\n<meta property=\"og:locale\" content=\"en_US\" \/>\n<meta property=\"og:type\" content=\"article\" \/>\n<meta property=\"og:title\" content=\"EM2025-Kolar-Zbynek - NMC\" \/>\n<meta property=\"og:description\" content=\"[vc_row full_width=&#8221;stretch_row&#8221; content_placement=&#8221;bottom&#8221; parallax=&#8221;content-moving&#8221; remove_padding=&#8221;no-padding-vc-row&#8221; bg_type=&#8221;image&#8221; parallax_style=&#8221;vcpb-animated&#8221; bg_image_new=&#8221;id^5808|url^https:\/\/nmc.sk\/wp-content\/uploads\/2025\/01\/enviro-2025-v1-EN-BG-v2.jpg|caption^null|alt^null|title^enviro 2025 v1 EN BG v2|description^null&#8221; bg_image_size=&#8221;contain&#8221;][vc_column][\/vc_column][\/vc_row][vc_row full_width=&#8221;stretch_row&#8221; equal_height=&#8221;yes&#8221; content_placement=&#8221;top&#8221; remove_padding=&#8221;no-padding-vc-row&#8221; bg_type=&#8221;grad&#8221; css=&#8221;.vc_custom_1740415750880{padding-top: 50px !important;padding-bottom: 50px !important;}&#8221; bg_grad=&#8221;background: -webkit-gradient(linear, left top, left bottom, color-stop(0%, #000000), color-stop(100%, #383838));background: -moz-linear-gradient(top,#000000 0%,#383838 100%);background: -webkit-linear-gradient(top,#000000 0%,#383838 100%);background:...\" \/>\n<meta property=\"og:url\" content=\"https:\/\/nmc.sk\/en\/em2025-kolar-zbynek\/\" \/>\n<meta property=\"og:site_name\" content=\"NMC\" \/>\n<meta property=\"article:modified_time\" content=\"2025-09-24T10:26:55+00:00\" \/>\n<meta name=\"twitter:card\" content=\"summary_large_image\" \/>\n<meta name=\"twitter:label1\" content=\"Est. reading time\" \/>\n\t<meta name=\"twitter:data1\" content=\"8 minutes\" \/>\n<script type=\"application\/ld+json\" class=\"yoast-schema-graph\">{\"@context\":\"https:\\\/\\\/schema.org\",\"@graph\":[{\"@type\":\"WebPage\",\"@id\":\"https:\\\/\\\/nmc.sk\\\/en\\\/em2025-kolar-zbynek\\\/\",\"url\":\"https:\\\/\\\/nmc.sk\\\/en\\\/em2025-kolar-zbynek\\\/\",\"name\":\"EM2025-Kolar-Zbynek - NMC\",\"isPartOf\":{\"@id\":\"https:\\\/\\\/nmc.sk\\\/en\\\/#website\"},\"datePublished\":\"2025-06-05T08:52:50+00:00\",\"dateModified\":\"2025-09-24T10:26:55+00:00\",\"breadcrumb\":{\"@id\":\"https:\\\/\\\/nmc.sk\\\/en\\\/em2025-kolar-zbynek\\\/#breadcrumb\"},\"inLanguage\":\"en-US\",\"potentialAction\":[{\"@type\":\"ReadAction\",\"target\":[\"https:\\\/\\\/nmc.sk\\\/en\\\/em2025-kolar-zbynek\\\/\"]}]},{\"@type\":\"BreadcrumbList\",\"@id\":\"https:\\\/\\\/nmc.sk\\\/en\\\/em2025-kolar-zbynek\\\/#breadcrumb\",\"itemListElement\":[{\"@type\":\"ListItem\",\"position\":1,\"name\":\"Home\",\"item\":\"https:\\\/\\\/nmc.sk\\\/en\\\/\"},{\"@type\":\"ListItem\",\"position\":2,\"name\":\"EM2025-Kolar-Zbynek\"}]},{\"@type\":\"WebSite\",\"@id\":\"https:\\\/\\\/nmc.sk\\\/en\\\/#website\",\"url\":\"https:\\\/\\\/nmc.sk\\\/en\\\/\",\"name\":\"NMC\",\"description\":\"\",\"publisher\":{\"@id\":\"https:\\\/\\\/nmc.sk\\\/en\\\/#organization\"},\"potentialAction\":[{\"@type\":\"SearchAction\",\"target\":{\"@type\":\"EntryPoint\",\"urlTemplate\":\"https:\\\/\\\/nmc.sk\\\/en\\\/?s={search_term_string}\"},\"query-input\":{\"@type\":\"PropertyValueSpecification\",\"valueRequired\":true,\"valueName\":\"search_term_string\"}}],\"inLanguage\":\"en-US\"},{\"@type\":\"Organization\",\"@id\":\"https:\\\/\\\/nmc.sk\\\/en\\\/#organization\",\"name\":\"NMC\",\"url\":\"https:\\\/\\\/nmc.sk\\\/en\\\/\",\"logo\":{\"@type\":\"ImageObject\",\"inLanguage\":\"en-US\",\"@id\":\"https:\\\/\\\/nmc.sk\\\/en\\\/#\\\/schema\\\/logo\\\/image\\\/\",\"url\":\"\",\"contentUrl\":\"\",\"caption\":\"NMC\"},\"image\":{\"@id\":\"https:\\\/\\\/nmc.sk\\\/en\\\/#\\\/schema\\\/logo\\\/image\\\/\"}}]}<\/script>\n<!-- \/ Yoast SEO plugin. -->","yoast_head_json":{"title":"EM2025-Kolar-Zbynek - NMC","robots":{"index":"index","follow":"follow","max-snippet":"max-snippet:-1","max-image-preview":"max-image-preview:large","max-video-preview":"max-video-preview:-1"},"canonical":"https:\/\/nmc.sk\/en\/em2025-kolar-zbynek\/","og_locale":"en_US","og_type":"article","og_title":"EM2025-Kolar-Zbynek - NMC","og_description":"[vc_row full_width=&#8221;stretch_row&#8221; content_placement=&#8221;bottom&#8221; parallax=&#8221;content-moving&#8221; remove_padding=&#8221;no-padding-vc-row&#8221; bg_type=&#8221;image&#8221; parallax_style=&#8221;vcpb-animated&#8221; bg_image_new=&#8221;id^5808|url^https:\/\/nmc.sk\/wp-content\/uploads\/2025\/01\/enviro-2025-v1-EN-BG-v2.jpg|caption^null|alt^null|title^enviro 2025 v1 EN BG v2|description^null&#8221; bg_image_size=&#8221;contain&#8221;][vc_column][\/vc_column][\/vc_row][vc_row full_width=&#8221;stretch_row&#8221; equal_height=&#8221;yes&#8221; content_placement=&#8221;top&#8221; remove_padding=&#8221;no-padding-vc-row&#8221; bg_type=&#8221;grad&#8221; css=&#8221;.vc_custom_1740415750880{padding-top: 50px !important;padding-bottom: 50px !important;}&#8221; bg_grad=&#8221;background: -webkit-gradient(linear, left top, left bottom, color-stop(0%, #000000), color-stop(100%, #383838));background: -moz-linear-gradient(top,#000000 0%,#383838 100%);background: -webkit-linear-gradient(top,#000000 0%,#383838 100%);background:...","og_url":"https:\/\/nmc.sk\/en\/em2025-kolar-zbynek\/","og_site_name":"NMC","article_modified_time":"2025-09-24T10:26:55+00:00","twitter_card":"summary_large_image","twitter_misc":{"Est. reading time":"8 minutes"},"schema":{"@context":"https:\/\/schema.org","@graph":[{"@type":"WebPage","@id":"https:\/\/nmc.sk\/en\/em2025-kolar-zbynek\/","url":"https:\/\/nmc.sk\/en\/em2025-kolar-zbynek\/","name":"EM2025-Kolar-Zbynek - NMC","isPartOf":{"@id":"https:\/\/nmc.sk\/en\/#website"},"datePublished":"2025-06-05T08:52:50+00:00","dateModified":"2025-09-24T10:26:55+00:00","breadcrumb":{"@id":"https:\/\/nmc.sk\/en\/em2025-kolar-zbynek\/#breadcrumb"},"inLanguage":"en-US","potentialAction":[{"@type":"ReadAction","target":["https:\/\/nmc.sk\/en\/em2025-kolar-zbynek\/"]}]},{"@type":"BreadcrumbList","@id":"https:\/\/nmc.sk\/en\/em2025-kolar-zbynek\/#breadcrumb","itemListElement":[{"@type":"ListItem","position":1,"name":"Home","item":"https:\/\/nmc.sk\/en\/"},{"@type":"ListItem","position":2,"name":"EM2025-Kolar-Zbynek"}]},{"@type":"WebSite","@id":"https:\/\/nmc.sk\/en\/#website","url":"https:\/\/nmc.sk\/en\/","name":"NMC","description":"","publisher":{"@id":"https:\/\/nmc.sk\/en\/#organization"},"potentialAction":[{"@type":"SearchAction","target":{"@type":"EntryPoint","urlTemplate":"https:\/\/nmc.sk\/en\/?s={search_term_string}"},"query-input":{"@type":"PropertyValueSpecification","valueRequired":true,"valueName":"search_term_string"}}],"inLanguage":"en-US"},{"@type":"Organization","@id":"https:\/\/nmc.sk\/en\/#organization","name":"NMC","url":"https:\/\/nmc.sk\/en\/","logo":{"@type":"ImageObject","inLanguage":"en-US","@id":"https:\/\/nmc.sk\/en\/#\/schema\/logo\/image\/","url":"","contentUrl":"","caption":"NMC"},"image":{"@id":"https:\/\/nmc.sk\/en\/#\/schema\/logo\/image\/"}}]}},"_links":{"self":[{"href":"https:\/\/nmc.sk\/en\/wp-json\/wp\/v2\/pages\/6198","targetHints":{"allow":["GET"]}}],"collection":[{"href":"https:\/\/nmc.sk\/en\/wp-json\/wp\/v2\/pages"}],"about":[{"href":"https:\/\/nmc.sk\/en\/wp-json\/wp\/v2\/types\/page"}],"author":[{"embeddable":true,"href":"https:\/\/nmc.sk\/en\/wp-json\/wp\/v2\/users\/3"}],"replies":[{"embeddable":true,"href":"https:\/\/nmc.sk\/en\/wp-json\/wp\/v2\/comments?post=6198"}],"version-history":[{"count":13,"href":"https:\/\/nmc.sk\/en\/wp-json\/wp\/v2\/pages\/6198\/revisions"}],"predecessor-version":[{"id":6484,"href":"https:\/\/nmc.sk\/en\/wp-json\/wp\/v2\/pages\/6198\/revisions\/6484"}],"wp:attachment":[{"href":"https:\/\/nmc.sk\/en\/wp-json\/wp\/v2\/media?parent=6198"}],"curies":[{"name":"wp","href":"https:\/\/api.w.org\/{rel}","templated":true}]}}