{"id":6213,"date":"2025-06-05T11:52:55","date_gmt":"2025-06-05T09:52:55","guid":{"rendered":"https:\/\/nmc.sk\/?page_id=6213"},"modified":"2025-06-20T12:47:01","modified_gmt":"2025-06-20T10:47:01","slug":"em2025-kretter-katarina","status":"publish","type":"page","link":"https:\/\/nmc.sk\/en\/em2025-kretter-katarina\/","title":{"rendered":"EM2025-Kretter-Katarina"},"content":{"rendered":"<div class=\"wpb-content-wrapper\"><p>[vc_row full_width=&#8221;stretch_row&#8221; content_placement=&#8221;bottom&#8221; parallax=&#8221;content-moving&#8221; remove_padding=&#8221;no-padding-vc-row&#8221; bg_type=&#8221;image&#8221; parallax_style=&#8221;vcpb-animated&#8221; bg_image_new=&#8221;id^5808|url^https:\/\/nmc.sk\/wp-content\/uploads\/2025\/01\/enviro-2025-v1-EN-BG-v2.jpg|caption^null|alt^null|title^enviro 2025 v1 EN BG v2|description^null&#8221; bg_image_size=&#8221;contain&#8221;][vc_column]<div class=\"ult-content-box-container \" >\t\t<div class=\"ult-content-box\" style=\"box-shadow: px px px px none;-webkit-transition: all 700ms ease;-moz-transition: all 700ms ease;-ms-transition: all 700ms ease;-o-transition: all 700ms ease;transition: all 700ms ease;\"  data-hover_box_shadow=\"none\"    >[vc_row_inner content_placement=&#8221;middle&#8221;][vc_column_inner width=&#8221;1\/4&#8243;][vc_single_image image=&#8221;6218&#8243; img_size=&#8221;full&#8221; alignment=&#8221;center&#8221; style=&#8221;vc_box_border_circle_2&#8243; border_color=&#8221;white&#8221; css_animation=&#8221;fadeIn&#8221; css=&#8221;.vc_custom_1749118872834{padding-top: 70px !important;}&#8221; el_class=&#8221;animated-gif&#8221;][vc_empty_space height=&#8221;200&#8243;][\/vc_column_inner][vc_column_inner width=&#8221;3\/4&#8243; css=&#8221;.vc_custom_1596614331624{padding-left: 50px !important;}&#8221;][vc_empty_space height=&#8221;10&#8243;][vc_custom_heading text=&#8221;15TH INTERNATIONAL EXPERTS&#8217; CONFERENCE&#8221; font_container=&#8221;tag:h3|font_size:26|text_align:left|color:%23ffffff|line_height:1&#8243; google_fonts=&#8221;font_family:Open%20Sans%3A300%2C300italic%2Cregular%2Citalic%2C600%2C600italic%2C700%2C700italic%2C800%2C800italic&#8221;][vc_custom_heading text=&#8221;ENVIROMANAGEMENT 2025&#8243; font_container=&#8221;tag:h2|font_size:40|text_align:left|color:%23ffffff|line_height:1&#8243; google_fonts=&#8221;font_family:Open%20Sans%3A300%2C300italic%2Cregular%2Citalic%2C600%2C600italic%2C700%2C700italic%2C800%2C800italic&#8221; css_animation=&#8221;none&#8221; css=&#8221;.vc_custom_1737578822871{padding-top: 20px !important;}&#8221;][vc_empty_space height=&#8221;20&#8243;][vc_empty_space height=&#8221;20&#8243;][vc_custom_heading text=&#8221;MODERN WASTE MANAGEMENT:&#8221; font_container=&#8221;tag:h2|font_size:28|text_align:left|color:%23ffffff|line_height:1.1&#8243; google_fonts=&#8221;font_family:Open%20Sans%3A300%2C300italic%2Cregular%2Citalic%2C600%2C600italic%2C700%2C700italic%2C800%2C800italic&#8221;][vc_empty_space height=&#8221;10&#8243;][vc_custom_heading text=&#8221;Dealing with Crises, and Managing Fire Hazards&#8221; font_container=&#8221;tag:h2|font_size:28|text_align:left|color:%23fff153|line_height:1&#8243; google_fonts=&#8221;font_family:Open%20Sans%3A300%2C300italic%2Cregular%2Citalic%2C600%2C600italic%2C700%2C700italic%2C800%2C800italic&#8221;][vc_empty_space height=&#8221;25&#8243;][vc_custom_heading text=&#8221;SEPTEMBER 29 \u2013 30, 2025<br \/>\nHOTEL PATRIA ****<br \/>\n\u0160TRBSK\u00c9 PLESO, HIGH TATRAS, SLOVAKIA&#8221; font_container=&#8221;tag:h4|font_size:20|text_align:left|color:%23ffffff|line_height:1.5&#8243; google_fonts=&#8221;font_family:Open%20Sans%3A300%2C300italic%2Cregular%2Citalic%2C600%2C600italic%2C700%2C700italic%2C800%2C800italic&#8221;][vc_empty_space height=&#8221;80&#8243;][\/vc_column_inner][\/vc_row_inner]\t\t<\/div><\/div>[\/vc_column][\/vc_row][vc_row full_width=&#8221;stretch_row&#8221; equal_height=&#8221;yes&#8221; content_placement=&#8221;top&#8221; remove_padding=&#8221;no-padding-vc-row&#8221; bg_type=&#8221;grad&#8221; css=&#8221;.vc_custom_1740415750880{padding-top: 50px !important;padding-bottom: 50px !important;}&#8221; bg_grad=&#8221;background: -webkit-gradient(linear, left top, left bottom, color-stop(0%, #000000), color-stop(100%, #383838));background: -moz-linear-gradient(top,#000000 0%,#383838 100%);background: -webkit-linear-gradient(top,#000000 0%,#383838 100%);background: -o-linear-gradient(top,#000000 0%,#383838 100%);background: -ms-linear-gradient(top,#000000 0%,#383838 100%);background: linear-gradient(top,#000000 0%,#383838 100%);&#8221;][vc_column color_style=&#8221;light&#8221;]<div class=\"ult-content-box-container \" >\t\t<div class=\"ult-content-box\" style=\"box-shadow: px px px px none;-webkit-transition: all 700ms ease;-moz-transition: all 700ms ease;-ms-transition: all 700ms ease;-o-transition: all 700ms ease;transition: all 700ms ease;\"  data-hover_box_shadow=\"none\"    >[vc_row_inner equal_height=&#8221;yes&#8221; content_placement=&#8221;middle&#8221;][vc_column_inner width=&#8221;1\/4&#8243; css=&#8221;.vc_custom_1714734284630{border-bottom-width: 1px !important;background-color: #f8e45f !important;border-bottom-color: #164a55 !important;border-bottom-style: dotted !important;border-radius: 1px !important;}&#8221;][vc_custom_heading text=&#8221;LECTURER&#8221; font_container=&#8221;tag:h3|text_align:center|color:%23164a55&#8243; google_fonts=&#8221;font_family:Open%20Sans%3A300%2C300italic%2Cregular%2Citalic%2C600%2C600italic%2C700%2C700italic%2C800%2C800italic&#8221; css_animation=&#8221;fadeIn&#8221;][\/vc_column_inner][vc_column_inner width=&#8221;3\/4&#8243; css=&#8221;.vc_custom_1596615104945{border-bottom-width: 1px !important;border-left-width: 1px !important;border-left-color: #ffffff !important;border-left-style: dotted !important;border-bottom-color: #ffffff !important;border-bottom-style: dotted !important;}&#8221;][vc_column_text]<span style=\"color: #f8e45f;\"><strong>Mgr. Katar\u00edna Kretter, MBA<\/strong><\/span><\/p>\n<p>PR Manager<br \/>\nENVI \u2013 PAK, a.s.<\/p>\n<p>Bratislava<br \/>\nSlovakia[\/vc_column_text][\/vc_column_inner][\/vc_row_inner][vc_row_inner equal_height=&#8221;yes&#8221;][vc_column_inner width=&#8221;1\/4&#8243; css=&#8221;.vc_custom_1714734289797{border-bottom-width: 1px !important;background-color: #f8e45f !important;border-bottom-color: #164a55 !important;border-bottom-style: dotted !important;border-radius: 1px !important;}&#8221;][vc_custom_heading text=&#8221;PRESENTATION&#8221; font_container=&#8221;tag:h3|text_align:center|color:%23164a55&#8243; google_fonts=&#8221;font_family:Open%20Sans%3A300%2C300italic%2Cregular%2Citalic%2C600%2C600italic%2C700%2C700italic%2C800%2C800italic&#8221; css_animation=&#8221;fadeIn&#8221;][\/vc_column_inner][vc_column_inner width=&#8221;3\/4&#8243; css=&#8221;.vc_custom_1596615178119{border-bottom-width: 1px !important;border-left-width: 1px !important;border-left-color: #ffffff !important;border-left-style: dotted !important;border-bottom-color: #ffffff !important;border-bottom-style: dotted !important;border-radius: 1px !important;}&#8221;][vc_column_text]<strong>How PPWRaffects the Slovak market from the perspective of ENVI-PAK, as theproducer responsibility organisation(PRO).<br \/>\n<\/strong><\/p>\n<p><em><strong>Dopady PPWR na slovensk\u00fd trh z poh\u013eadu spolo\u010dnosti ENVI-PAK ako organiz\u00e1cie zodpovednosti v\u00fdrobcov (OZV).<\/strong><\/em>[\/vc_column_text][\/vc_column_inner][\/vc_row_inner][vc_row_inner equal_height=&#8221;yes&#8221; disable_element=&#8221;yes&#8221;][vc_column_inner width=&#8221;1\/4&#8243; css=&#8221;.vc_custom_1714734333934{border-bottom-width: 1px !important;background-color: #f8e45f !important;border-bottom-color: #164a55 !important;border-bottom-style: dotted !important;border-radius: 1px !important;}&#8221;][vc_custom_heading text=&#8221;KEY WORDS&#8221; font_container=&#8221;tag:h3|text_align:center|color:%23164a55&#8243; google_fonts=&#8221;font_family:Open%20Sans%3A300%2C300italic%2Cregular%2Citalic%2C600%2C600italic%2C700%2C700italic%2C800%2C800italic&#8221; css_animation=&#8221;fadeIn&#8221;][\/vc_column_inner][vc_column_inner width=&#8221;3\/4&#8243; css=&#8221;.vc_custom_1596615178119{border-bottom-width: 1px !important;border-left-width: 1px !important;border-left-color: #ffffff !important;border-left-style: dotted !important;border-bottom-color: #ffffff !important;border-bottom-style: dotted !important;border-radius: 1px !important;}&#8221;][vc_column_text]Waste incineration, energy efficiency, R1 formula, treatment, recovery, disposal[\/vc_column_text][\/vc_column_inner][\/vc_row_inner][vc_row_inner equal_height=&#8221;yes&#8221; disable_element=&#8221;yes&#8221;][vc_column_inner width=&#8221;1\/4&#8243; css=&#8221;.vc_custom_1714734300764{border-bottom-width: 1px !important;background-color: #f8e45f !important;border-bottom-color: #164a55 !important;border-bottom-style: dotted !important;border-radius: 1px !important;}&#8221;][vc_custom_heading text=&#8221;ANNOTATION&#8221; font_container=&#8221;tag:h3|text_align:center|color:%23164a55&#8243; google_fonts=&#8221;font_family:Open%20Sans%3A300%2C300italic%2Cregular%2Citalic%2C600%2C600italic%2C700%2C700italic%2C800%2C800italic&#8221; css_animation=&#8221;fadeIn&#8221;][\/vc_column_inner][vc_column_inner width=&#8221;3\/4&#8243; css=&#8221;.vc_custom_1596615178119{border-bottom-width: 1px !important;border-left-width: 1px !important;border-left-color: #ffffff !important;border-left-style: dotted !important;border-bottom-color: #ffffff !important;border-bottom-style: dotted !important;border-radius: 1px !important;}&#8221;][vc_column_text]The question, if waste is subjected to recovery or to disposal, has significant influence on the waste market, for example with regard to transboundary waste shipment. Therefore, the European Waste Framework Directive (2008\/98\/EC) defines explicitly which waste treatment processes count as disposal (\u201cD\u201d) operations or as recovery (\u201cR\u201d) operations, respectively. Annex I and Annex II of the Directive give exhaustive lists of both types of treatment options.<\/p>\n<p>When it comes to waste incineration, this treatment can either count as \u201cD 10 Incineration on land\u201d, or as \u201cR 1 Use principally as a fuel or other means to generate energy\u201d. The latter one makes clear that any waste co-incineration that generates energy counts as recovery operation, such as the co-incineration of sewage sludge or waste wood in a coal-fired power plant. With regard to waste incineration of municipal solid waste, it contains, only in the form of a footnote, the infamous R 1 formula. This formula is used to classify existing as well as new waste incineration facilities dedicated to the processing of municipal solid waste as either D 10 or R 1 operation \u2013 a formula that has been much discussed ever since it came into force, and also before.<\/p>\n<p>This lecture intends to lighten the background of the R 1 formula, its history, its application and implications, and why it is not an energy efficiency formula.[\/vc_column_text][\/vc_column_inner][\/vc_row_inner][vc_row_inner equal_height=&#8221;yes&#8221; disable_element=&#8221;yes&#8221;][vc_column_inner width=&#8221;1\/4&#8243; css=&#8221;.vc_custom_1714734305703{border-bottom-width: 1px !important;background-color: #f8e45f !important;border-bottom-color: #164a55 !important;border-bottom-style: dotted !important;border-radius: 1px !important;}&#8221;][vc_custom_heading text=&#8221;LECTURER&#8217;S PROFILE&#8221; font_container=&#8221;tag:h3|text_align:center|color:%23164a55&#8243; google_fonts=&#8221;font_family:Open%20Sans%3A300%2C300italic%2Cregular%2Citalic%2C600%2C600italic%2C700%2C700italic%2C800%2C800italic&#8221; css_animation=&#8221;fadeIn&#8221;][\/vc_column_inner][vc_column_inner width=&#8221;3\/4&#8243; css=&#8221;.vc_custom_1596615178119{border-bottom-width: 1px !important;border-left-width: 1px !important;border-left-color: #ffffff !important;border-left-style: dotted !important;border-bottom-color: #ffffff !important;border-bottom-style: dotted !important;border-radius: 1px !important;}&#8221;][vc_column_text]Helga Stoiber holds a degree in Chemical Engineering from the University of Technology in Vienna, Austria.<\/p>\n<p>She specialized in fluidized bed technology, with a Master Thesis on continuous CO2 adsorption in a fluidized bed reactor (1993) and a PhD Thesis on the pyrolysis of plastics in an internally circulating fluidized bed reactor (1998). From May to September 1993, she had an ERASMUS scholarship at EMSE Ecole des Mines de St. Etienne, France, where she joined a research project for waste water analysis.<\/p>\n<p>1999 \u2013 2003:<\/p>\n<p style=\"padding-left: 40px;\">Project engineer in environmental consulting 2003 \u2013 2005: Process engineer with fluidized bed incinerator supplier AE&amp;E Austrian Energy &amp; Environment, including 6 months hot commissioning of a 40 MW bubbling fluidized-bed waste incinerator, as boiler operator in the control room.<\/p>\n<p>2005 \u2013 2018:<\/p>\n<p style=\"padding-left: 40px;\">Expert for waste incineration in the Industry &amp; Energy Department of the Austrian Environment Agency (Umweltbundesamt), including the negotiation of the BREF Waste Incineration Review Process as National Austrian Expert in the Sevilla Process.<\/p>\n<p>Since 2018:<\/p>\n<p style=\"padding-left: 40px;\">Self-employed as consulting engineer and Senior Partner with UVP Environmental Management and Engineering GmbH.<\/p>\n<p>[\/vc_column_text][\/vc_column_inner][\/vc_row_inner][vc_row_inner equal_height=&#8221;yes&#8221;][vc_column_inner width=&#8221;1\/4&#8243; css=&#8221;.vc_custom_1716293450651{border-bottom-width: 1px !important;background-color: #f8e45f !important;border-bottom-color: #164a55 !important;border-bottom-style: dotted !important;border-radius: 1px !important;}&#8221;][vc_custom_heading text=&#8221;ORGANIZATION&#8217;S PROFILE&#8221; font_container=&#8221;tag:h3|text_align:center|color:%23164a55&#8243; google_fonts=&#8221;font_family:Open%20Sans%3A300%2C300italic%2Cregular%2Citalic%2C600%2C600italic%2C700%2C700italic%2C800%2C800italic&#8221; css_animation=&#8221;fadeIn&#8221;][\/vc_column_inner][vc_column_inner width=&#8221;3\/4&#8243; css=&#8221;.vc_custom_1716293466427{border-bottom-width: 1px !important;border-left-width: 1px !important;border-left-color: #ffffff !important;border-left-style: dotted !important;border-bottom-color: #ffffff !important;border-bottom-style: dotted !important;border-radius: 1px !important;}&#8221;][vc_single_image image=&#8221;2704&#8243; onclick=&#8221;custom_link&#8221; img_link_target=&#8221;_blank&#8221; link=&#8221;https:\/\/envipak.sk\/en&#8221;][vc_column_text]<strong>ENVI \u2013 PAK\u00a0<\/strong>was founded in 2003 by leading manufacturers of packaged products. Since then, ENVI \u2013 PAK provides separate waste collection and recovery and recycling. On the 20th April 2016 the Ministry of the Environment of the Slovak Republic granted ENVI \u2013 PAK an authorization for the activity of producer responsibility organization for packaging and with effect from 1st July 2016, ENVI \u2013 PAK became the producer responsibility organization (PRO). ENVI \u2013 PAK is the longest-running producer responsibility organization (originally authorized organization) in Slovakia. Therefore, it has the most practical experience, and know-how also draws on manufacturers who have many years of international experience with the management of extended producer responsibility systems. These include Coca Cola, Nestl\u00e9, Henkel, Tetra Pak, P &amp; G, Mattoni, Unilever and Mondelez.<\/p>\n<p>ENVI \u2013 PAK provides collection, recovery and recycling of waste from packaging and non-packaging products, it finances separate waste collection in municipalities in the Slovak Republic under the Waste Act.<\/p>\n<p>PRO ENVI \u2013 PAK operates on the principle of cooperation of all actors involved in the waste stream \u2013 from producers placing packaging and non-packaging products on the market or into circulation, through the municipalities responsible for providing separate waste collection on their territory, the collecting companies that provide collection and secondary sorting of waste, to waste recyclers who produce their products from secondary raw materials.<\/p>\n<p>ENVI \u2013 PAK has become a member of the International Association of Producer Responsibility Organizations PRO Europe since 2003, through which it acquires and implements international know-how in Slovakia. Organizations associated with PRO Europe have been using waste collection, recovery and recycling systems for years. That is why for ENVI \u2013 PAK they are the source of recommendations that can be used in Slovakia with the fact that they have already been verified and work well with a long tradition in well-developed European countries.<\/p>\n<p>In 2013, ENVI \u2013 PAK, together with 17 authorized organizations in the world, established the international non \u2013 profit alliance EXPRA, whose aim is to improve the systems and processes that meet the correct application of the principle of extended producer responsibility for packaging waste.[\/vc_column_text][\/vc_column_inner][\/vc_row_inner][vc_row_inner equal_height=&#8221;yes&#8221; disable_element=&#8221;yes&#8221;][vc_column_inner width=&#8221;1\/4&#8243; css=&#8221;.vc_custom_1716293450651{border-bottom-width: 1px !important;background-color: #f8e45f !important;border-bottom-color: #164a55 !important;border-bottom-style: dotted !important;border-radius: 1px !important;}&#8221;][vc_custom_heading text=&#8221;K\u013d\u00da\u010cOV\u00c9 SLOV\u00c1&#8221; font_container=&#8221;tag:h3|text_align:center|color:%23164a55&#8243; google_fonts=&#8221;font_family:Open%20Sans%3A300%2C300italic%2Cregular%2Citalic%2C600%2C600italic%2C700%2C700italic%2C800%2C800italic&#8221; css_animation=&#8221;fadeIn&#8221;][\/vc_column_inner][vc_column_inner width=&#8221;3\/4&#8243; css=&#8221;.vc_custom_1716293466427{border-bottom-width: 1px !important;border-left-width: 1px !important;border-left-color: #ffffff !important;border-left-style: dotted !important;border-bottom-color: #ffffff !important;border-bottom-style: dotted !important;border-radius: 1px !important;}&#8221;][vc_column_text]UVP Environmental Management and Engineering GmbH is an environmental consulting and planning company located in Vienna, with additional offices in the provinces of Upper Austria and Carinthia. UVP\u2019s engineers have more than 30 years of experience in international projects in the fields of Civil Engineering, Water Management, Process Engineering, Waste Management and Environmental Technology.<\/p>\n<p>The main focus of the company is on landfill remediation and identification of contaminated former industrial sites, as well as on thermal treatment plants for waste, residues and biomass, where UVP covers the entire project cycle from concept design, pre-feasibility studies, feasibility studies, environmental impact assessment, permitting procedures, basic engineering, specification and procurement of installation components, start-up and commissioning, performance monitoring to capacity building measures (trainings, workshops) for operational staff, competent authorities, and others.[\/vc_column_text][\/vc_column_inner][\/vc_row_inner][vc_row_inner equal_height=&#8221;yes&#8221; disable_element=&#8221;yes&#8221;][vc_column_inner width=&#8221;1\/4&#8243; css=&#8221;.vc_custom_1716293450651{border-bottom-width: 1px !important;background-color: #f8e45f !important;border-bottom-color: #164a55 !important;border-bottom-style: dotted !important;border-radius: 1px !important;}&#8221;][vc_custom_heading text=&#8221;ANOT\u00c1CIA&#8221; font_container=&#8221;tag:h3|text_align:center|color:%23164a55&#8243; google_fonts=&#8221;font_family:Open%20Sans%3A300%2C300italic%2Cregular%2Citalic%2C600%2C600italic%2C700%2C700italic%2C800%2C800italic&#8221; css_animation=&#8221;fadeIn&#8221;][\/vc_column_inner][vc_column_inner width=&#8221;3\/4&#8243; css=&#8221;.vc_custom_1716293466427{border-bottom-width: 1px !important;border-left-width: 1px !important;border-left-color: #ffffff !important;border-left-style: dotted !important;border-bottom-color: #ffffff !important;border-bottom-style: dotted !important;border-radius: 1px !important;}&#8221;][vc_column_text]UVP Environmental Management and Engineering GmbH is an environmental consulting and planning company located in Vienna, with additional offices in the provinces of Upper Austria and Carinthia. UVP\u2019s engineers have more than 30 years of experience in international projects in the fields of Civil Engineering, Water Management, Process Engineering, Waste Management and Environmental Technology.<\/p>\n<p>The main focus of the company is on landfill remediation and identification of contaminated former industrial sites, as well as on thermal treatment plants for waste, residues and biomass, where UVP covers the entire project cycle from concept design, pre-feasibility studies, feasibility studies, environmental impact assessment, permitting procedures, basic engineering, specification and procurement of installation components, start-up and commissioning, performance monitoring to capacity building measures (trainings, workshops) for operational staff, competent authorities, and others.[\/vc_column_text][\/vc_column_inner][\/vc_row_inner][vc_row_inner equal_height=&#8221;yes&#8221; disable_element=&#8221;yes&#8221;][vc_column_inner width=&#8221;1\/4&#8243; css=&#8221;.vc_custom_1716293450651{border-bottom-width: 1px !important;background-color: #f8e45f !important;border-bottom-color: #164a55 !important;border-bottom-style: dotted !important;border-radius: 1px !important;}&#8221;][vc_custom_heading text=&#8221;PROFIL PREDN\u00c1\u0160AJ\u00daCEHO&#8221; font_container=&#8221;tag:h3|text_align:center|color:%23164a55&#8243; google_fonts=&#8221;font_family:Open%20Sans%3A300%2C300italic%2Cregular%2Citalic%2C600%2C600italic%2C700%2C700italic%2C800%2C800italic&#8221; css_animation=&#8221;fadeIn&#8221;][\/vc_column_inner][vc_column_inner width=&#8221;3\/4&#8243; css=&#8221;.vc_custom_1716293466427{border-bottom-width: 1px !important;border-left-width: 1px !important;border-left-color: #ffffff !important;border-left-style: dotted !important;border-bottom-color: #ffffff !important;border-bottom-style: dotted !important;border-radius: 1px !important;}&#8221;][vc_column_text]UVP Environmental Management and Engineering GmbH is an environmental consulting and planning company located in Vienna, with additional offices in the provinces of Upper Austria and Carinthia. UVP\u2019s engineers have more than 30 years of experience in international projects in the fields of Civil Engineering, Water Management, Process Engineering, Waste Management and Environmental Technology.<\/p>\n<p>The main focus of the company is on landfill remediation and identification of contaminated former industrial sites, as well as on thermal treatment plants for waste, residues and biomass, where UVP covers the entire project cycle from concept design, pre-feasibility studies, feasibility studies, environmental impact assessment, permitting procedures, basic engineering, specification and procurement of installation components, start-up and commissioning, performance monitoring to capacity building measures (trainings, workshops) for operational staff, competent authorities, and others.[\/vc_column_text][\/vc_column_inner][\/vc_row_inner][vc_row_inner equal_height=&#8221;yes&#8221;][vc_column_inner width=&#8221;1\/4&#8243; css=&#8221;.vc_custom_1716293450651{border-bottom-width: 1px !important;background-color: #f8e45f !important;border-bottom-color: #164a55 !important;border-bottom-style: dotted !important;border-radius: 1px !important;}&#8221;][vc_custom_heading text=&#8221;PROFIL ORGANIZ\u00c1CIE&#8221; font_container=&#8221;tag:h3|text_align:center|color:%23164a55&#8243; google_fonts=&#8221;font_family:Open%20Sans%3A300%2C300italic%2Cregular%2Citalic%2C600%2C600italic%2C700%2C700italic%2C800%2C800italic&#8221; css_animation=&#8221;fadeIn&#8221;][\/vc_column_inner][vc_column_inner width=&#8221;3\/4&#8243; css=&#8221;.vc_custom_1716293466427{border-bottom-width: 1px !important;border-left-width: 1px !important;border-left-color: #ffffff !important;border-left-style: dotted !important;border-bottom-color: #ffffff !important;border-bottom-style: dotted !important;border-radius: 1px !important;}&#8221;][vc_single_image image=&#8221;2704&#8243; onclick=&#8221;custom_link&#8221; img_link_target=&#8221;_blank&#8221; link=&#8221;https:\/\/envipak.sk&#8221;][vc_column_text]<strong>Spolo\u010dnos\u0165 ENVI \u2013 PAK<\/strong> zalo\u017eili v roku 2003 popredn\u00ed v\u00fdrobcovia balen\u00fdch v\u00fdrobkov. Odvtedy ENVI \u2013 PAK zabezpe\u010duje trieden\u00fd zber odpadov a jeho zhodnocovanie a recykl\u00e1ciu. 20. apr\u00edla 2016 Ministerstvo \u017eivotn\u00e9ho prostredia Slovenskej republiky udelilo spolo\u010dnosti ENVI \u2013 PAK autoriz\u00e1ciu na \u010dinnos\u0165 organiz\u00e1cie zodpovednosti v\u00fdrobcov pre obaly a s \u00fa\u010dinnos\u0165ou od 1. j\u00fala 2016 sa spolo\u010dnos\u0165 ENVI \u2013 PAK stala organiz\u00e1ciou zodpovednosti v\u00fdrobcov (OZV). ENVI \u2013 PAK je tak najdlh\u0161ie p\u00f4sobiacou organiz\u00e1ciou zodpovednosti v\u00fdrobcov (p\u00f4vodne opr\u00e1vnenou organiz\u00e1ciou) na Slovensku. Preto m\u00e1 najviac praktick\u00fdch sk\u00fasenost\u00ed, pri\u010dom know-how \u010derp\u00e1 aj od v\u00fdrobcov, ktor\u00ed maj\u00fa s riaden\u00edm syst\u00e9mov roz\u0161\u00edrenej zodpovednosti v\u00fdrobcov mnohoro\u010dn\u00e9 medzin\u00e1rodn\u00e9 sk\u00fasenosti. S\u00fa nimi Coca\u00a0 Cola,\u00a0 Nestl\u00e9,\u00a0 Henkel, Tetra\u00a0 Pak, P&amp;G, Mattoni, Unilever a Mondelez.<\/p>\n<p>ENVI \u2013 PAK zabezpe\u010duje zber, zhodnocovanie a recykl\u00e1ciu odpadov z obalov a neobalov\u00fdch v\u00fdrobkov, financuje trieden\u00fd zber v obciach a mest\u00e1ch v Slovenskej republike v zmysle z\u00e1kona o odpadoch.<\/p>\n<p>OZV ENVI \u2013 PAK funguje na princ\u00edpe spolupr\u00e1ce v\u0161etk\u00fdch subjektov podie\u013eaj\u00facich sa na toku odpadov \u2013 od os\u00f4b uv\u00e1dzaj\u00facich na trh alebo do obehu obaly a neobalov\u00e9 v\u00fdrobky, cez obce a mest\u00e1, ktor\u00e9 s\u00fa zodpovedn\u00e9 za zavedenie trieden\u00e9ho zberu na svojom \u00fazem\u00ed, zberov\u00e9 spolo\u010dnosti, ktor\u00e9 zabezpe\u010duj\u00fa zber a dotriedenie odpadov, a\u017e po spracovate\u013eov odpadov, ktor\u00ed z vytrieden\u00fdch druhotn\u00fdch surov\u00edn vyr\u00e1baj\u00fa svoje v\u00fdrobky.<\/p>\n<p>ENVI \u2013 PAK sa u\u017e pri vzniku v roku 2003 stal \u010dlenom medzin\u00e1rodn\u00e9ho zdru\u017eenia organiz\u00e1ci\u00ed zodpovednosti v\u00fdrobcov PRO Europe, prostredn\u00edctvom ktor\u00e9ho z\u00edskava a na Slovensku implementuje medzin\u00e1rodn\u00e9 know-how. Organiz\u00e1cie zdru\u017een\u00e9 v PRO Europe prev\u00e1dzkuj\u00fa syst\u00e9my zberu, zhodnocovania a recykl\u00e1cie odpadov dlh\u00e9 roky. Preto s\u00fa pre spolo\u010dnos\u0165 ENVI \u2013 PAK zdrojom odpor\u00fa\u010dan\u00ed, ktor\u00e9 m\u00f4\u017ee na Slovensku vyu\u017e\u00edva\u0165 s t\u00fdm, \u017ee boli u\u017e overen\u00e9 a dobre funguj\u00fa vo vyspel\u00fdch eur\u00f3pskych krajin\u00e1ch s dlhou trad\u00edciou.<\/p>\n<p>V roku 2013 ENVI \u2013 PAK spolo\u010dne so 17 opr\u00e1vnen\u00fdmi organiz\u00e1ciami vo svete zalo\u017eili medzin\u00e1rodn\u00e9 neziskov\u00e9 zdru\u017eenie EXPRA, ktor\u00e9ho cie\u013eom je skvalit\u0148ovanie syst\u00e9mov a procesov nap\u013a\u0148aj\u00facich spr\u00e1vne uplat\u0148ovanie princ\u00edpu roz\u0161\u00edrenej zodpovednosti v\u00fdrobcov v oblasti odpadov z obalov.[\/vc_column_text][\/vc_column_inner][\/vc_row_inner]\t\t<\/div><\/div>[\/vc_column][\/vc_row]<\/p>\n<\/div>","protected":false},"excerpt":{"rendered":"<p>[vc_row full_width=&#8221;stretch_row&#8221; content_placement=&#8221;bottom&#8221; parallax=&#8221;content-moving&#8221; remove_padding=&#8221;no-padding-vc-row&#8221; bg_type=&#8221;image&#8221; parallax_style=&#8221;vcpb-animated&#8221; bg_image_new=&#8221;id^5808|url^https:\/\/nmc.sk\/wp-content\/uploads\/2025\/01\/enviro-2025-v1-EN-BG-v2.jpg|caption^null|alt^null|title^enviro 2025 v1 EN BG v2|description^null&#8221; bg_image_size=&#8221;contain&#8221;][vc_column][\/vc_column][\/vc_row][vc_row full_width=&#8221;stretch_row&#8221; equal_height=&#8221;yes&#8221; content_placement=&#8221;top&#8221; remove_padding=&#8221;no-padding-vc-row&#8221; bg_type=&#8221;grad&#8221; css=&#8221;.vc_custom_1740415750880{padding-top: 50px !important;padding-bottom: 50px !important;}&#8221; bg_grad=&#8221;background: -webkit-gradient(linear, left top, left bottom, color-stop(0%, #000000), color-stop(100%, #383838));background: -moz-linear-gradient(top,#000000 0%,#383838 100%);background: -webkit-linear-gradient(top,#000000 0%,#383838 100%);background:&#8230;<\/p>\n","protected":false},"author":3,"featured_media":0,"parent":0,"menu_order":0,"comment_status":"closed","ping_status":"closed","template":"","meta":{"footnotes":""},"class_list":["post-6213","page","type-page","status-publish","hentry"],"yoast_head":"<!-- This site is optimized with the Yoast SEO plugin v27.4 - https:\/\/yoast.com\/product\/yoast-seo-wordpress\/ -->\n<title>EM2025-Kretter-Katarina - NMC<\/title>\n<meta name=\"robots\" content=\"index, follow, max-snippet:-1, max-image-preview:large, max-video-preview:-1\" \/>\n<link rel=\"canonical\" href=\"https:\/\/nmc.sk\/en\/em2025-kretter-katarina\/\" \/>\n<meta property=\"og:locale\" content=\"en_US\" \/>\n<meta property=\"og:type\" content=\"article\" \/>\n<meta property=\"og:title\" content=\"EM2025-Kretter-Katarina - NMC\" \/>\n<meta property=\"og:description\" content=\"[vc_row full_width=&#8221;stretch_row&#8221; content_placement=&#8221;bottom&#8221; parallax=&#8221;content-moving&#8221; remove_padding=&#8221;no-padding-vc-row&#8221; bg_type=&#8221;image&#8221; parallax_style=&#8221;vcpb-animated&#8221; bg_image_new=&#8221;id^5808|url^https:\/\/nmc.sk\/wp-content\/uploads\/2025\/01\/enviro-2025-v1-EN-BG-v2.jpg|caption^null|alt^null|title^enviro 2025 v1 EN BG v2|description^null&#8221; bg_image_size=&#8221;contain&#8221;][vc_column][\/vc_column][\/vc_row][vc_row full_width=&#8221;stretch_row&#8221; equal_height=&#8221;yes&#8221; content_placement=&#8221;top&#8221; remove_padding=&#8221;no-padding-vc-row&#8221; bg_type=&#8221;grad&#8221; css=&#8221;.vc_custom_1740415750880{padding-top: 50px !important;padding-bottom: 50px !important;}&#8221; bg_grad=&#8221;background: -webkit-gradient(linear, left top, left bottom, color-stop(0%, #000000), color-stop(100%, #383838));background: -moz-linear-gradient(top,#000000 0%,#383838 100%);background: -webkit-linear-gradient(top,#000000 0%,#383838 100%);background:...\" \/>\n<meta property=\"og:url\" content=\"https:\/\/nmc.sk\/en\/em2025-kretter-katarina\/\" \/>\n<meta property=\"og:site_name\" content=\"NMC\" \/>\n<meta property=\"article:modified_time\" content=\"2025-06-20T10:47:01+00:00\" \/>\n<meta name=\"twitter:card\" content=\"summary_large_image\" \/>\n<meta name=\"twitter:label1\" content=\"Est. reading time\" \/>\n\t<meta name=\"twitter:data1\" content=\"11 minutes\" \/>\n<script type=\"application\/ld+json\" class=\"yoast-schema-graph\">{\"@context\":\"https:\\\/\\\/schema.org\",\"@graph\":[{\"@type\":\"WebPage\",\"@id\":\"https:\\\/\\\/nmc.sk\\\/en\\\/em2025-kretter-katarina\\\/\",\"url\":\"https:\\\/\\\/nmc.sk\\\/en\\\/em2025-kretter-katarina\\\/\",\"name\":\"EM2025-Kretter-Katarina - NMC\",\"isPartOf\":{\"@id\":\"https:\\\/\\\/nmc.sk\\\/en\\\/#website\"},\"datePublished\":\"2025-06-05T09:52:55+00:00\",\"dateModified\":\"2025-06-20T10:47:01+00:00\",\"breadcrumb\":{\"@id\":\"https:\\\/\\\/nmc.sk\\\/en\\\/em2025-kretter-katarina\\\/#breadcrumb\"},\"inLanguage\":\"en-US\",\"potentialAction\":[{\"@type\":\"ReadAction\",\"target\":[\"https:\\\/\\\/nmc.sk\\\/en\\\/em2025-kretter-katarina\\\/\"]}]},{\"@type\":\"BreadcrumbList\",\"@id\":\"https:\\\/\\\/nmc.sk\\\/en\\\/em2025-kretter-katarina\\\/#breadcrumb\",\"itemListElement\":[{\"@type\":\"ListItem\",\"position\":1,\"name\":\"Home\",\"item\":\"https:\\\/\\\/nmc.sk\\\/en\\\/\"},{\"@type\":\"ListItem\",\"position\":2,\"name\":\"EM2025-Kretter-Katarina\"}]},{\"@type\":\"WebSite\",\"@id\":\"https:\\\/\\\/nmc.sk\\\/en\\\/#website\",\"url\":\"https:\\\/\\\/nmc.sk\\\/en\\\/\",\"name\":\"NMC\",\"description\":\"\",\"publisher\":{\"@id\":\"https:\\\/\\\/nmc.sk\\\/en\\\/#organization\"},\"potentialAction\":[{\"@type\":\"SearchAction\",\"target\":{\"@type\":\"EntryPoint\",\"urlTemplate\":\"https:\\\/\\\/nmc.sk\\\/en\\\/?s={search_term_string}\"},\"query-input\":{\"@type\":\"PropertyValueSpecification\",\"valueRequired\":true,\"valueName\":\"search_term_string\"}}],\"inLanguage\":\"en-US\"},{\"@type\":\"Organization\",\"@id\":\"https:\\\/\\\/nmc.sk\\\/en\\\/#organization\",\"name\":\"NMC\",\"url\":\"https:\\\/\\\/nmc.sk\\\/en\\\/\",\"logo\":{\"@type\":\"ImageObject\",\"inLanguage\":\"en-US\",\"@id\":\"https:\\\/\\\/nmc.sk\\\/en\\\/#\\\/schema\\\/logo\\\/image\\\/\",\"url\":\"\",\"contentUrl\":\"\",\"caption\":\"NMC\"},\"image\":{\"@id\":\"https:\\\/\\\/nmc.sk\\\/en\\\/#\\\/schema\\\/logo\\\/image\\\/\"}}]}<\/script>\n<!-- \/ Yoast SEO plugin. -->","yoast_head_json":{"title":"EM2025-Kretter-Katarina - NMC","robots":{"index":"index","follow":"follow","max-snippet":"max-snippet:-1","max-image-preview":"max-image-preview:large","max-video-preview":"max-video-preview:-1"},"canonical":"https:\/\/nmc.sk\/en\/em2025-kretter-katarina\/","og_locale":"en_US","og_type":"article","og_title":"EM2025-Kretter-Katarina - NMC","og_description":"[vc_row full_width=&#8221;stretch_row&#8221; content_placement=&#8221;bottom&#8221; parallax=&#8221;content-moving&#8221; remove_padding=&#8221;no-padding-vc-row&#8221; bg_type=&#8221;image&#8221; parallax_style=&#8221;vcpb-animated&#8221; bg_image_new=&#8221;id^5808|url^https:\/\/nmc.sk\/wp-content\/uploads\/2025\/01\/enviro-2025-v1-EN-BG-v2.jpg|caption^null|alt^null|title^enviro 2025 v1 EN BG v2|description^null&#8221; bg_image_size=&#8221;contain&#8221;][vc_column][\/vc_column][\/vc_row][vc_row full_width=&#8221;stretch_row&#8221; equal_height=&#8221;yes&#8221; content_placement=&#8221;top&#8221; remove_padding=&#8221;no-padding-vc-row&#8221; bg_type=&#8221;grad&#8221; css=&#8221;.vc_custom_1740415750880{padding-top: 50px !important;padding-bottom: 50px !important;}&#8221; bg_grad=&#8221;background: -webkit-gradient(linear, left top, left bottom, color-stop(0%, #000000), color-stop(100%, #383838));background: -moz-linear-gradient(top,#000000 0%,#383838 100%);background: -webkit-linear-gradient(top,#000000 0%,#383838 100%);background:...","og_url":"https:\/\/nmc.sk\/en\/em2025-kretter-katarina\/","og_site_name":"NMC","article_modified_time":"2025-06-20T10:47:01+00:00","twitter_card":"summary_large_image","twitter_misc":{"Est. reading time":"11 minutes"},"schema":{"@context":"https:\/\/schema.org","@graph":[{"@type":"WebPage","@id":"https:\/\/nmc.sk\/en\/em2025-kretter-katarina\/","url":"https:\/\/nmc.sk\/en\/em2025-kretter-katarina\/","name":"EM2025-Kretter-Katarina - NMC","isPartOf":{"@id":"https:\/\/nmc.sk\/en\/#website"},"datePublished":"2025-06-05T09:52:55+00:00","dateModified":"2025-06-20T10:47:01+00:00","breadcrumb":{"@id":"https:\/\/nmc.sk\/en\/em2025-kretter-katarina\/#breadcrumb"},"inLanguage":"en-US","potentialAction":[{"@type":"ReadAction","target":["https:\/\/nmc.sk\/en\/em2025-kretter-katarina\/"]}]},{"@type":"BreadcrumbList","@id":"https:\/\/nmc.sk\/en\/em2025-kretter-katarina\/#breadcrumb","itemListElement":[{"@type":"ListItem","position":1,"name":"Home","item":"https:\/\/nmc.sk\/en\/"},{"@type":"ListItem","position":2,"name":"EM2025-Kretter-Katarina"}]},{"@type":"WebSite","@id":"https:\/\/nmc.sk\/en\/#website","url":"https:\/\/nmc.sk\/en\/","name":"NMC","description":"","publisher":{"@id":"https:\/\/nmc.sk\/en\/#organization"},"potentialAction":[{"@type":"SearchAction","target":{"@type":"EntryPoint","urlTemplate":"https:\/\/nmc.sk\/en\/?s={search_term_string}"},"query-input":{"@type":"PropertyValueSpecification","valueRequired":true,"valueName":"search_term_string"}}],"inLanguage":"en-US"},{"@type":"Organization","@id":"https:\/\/nmc.sk\/en\/#organization","name":"NMC","url":"https:\/\/nmc.sk\/en\/","logo":{"@type":"ImageObject","inLanguage":"en-US","@id":"https:\/\/nmc.sk\/en\/#\/schema\/logo\/image\/","url":"","contentUrl":"","caption":"NMC"},"image":{"@id":"https:\/\/nmc.sk\/en\/#\/schema\/logo\/image\/"}}]}},"_links":{"self":[{"href":"https:\/\/nmc.sk\/en\/wp-json\/wp\/v2\/pages\/6213","targetHints":{"allow":["GET"]}}],"collection":[{"href":"https:\/\/nmc.sk\/en\/wp-json\/wp\/v2\/pages"}],"about":[{"href":"https:\/\/nmc.sk\/en\/wp-json\/wp\/v2\/types\/page"}],"author":[{"embeddable":true,"href":"https:\/\/nmc.sk\/en\/wp-json\/wp\/v2\/users\/3"}],"replies":[{"embeddable":true,"href":"https:\/\/nmc.sk\/en\/wp-json\/wp\/v2\/comments?post=6213"}],"version-history":[{"count":6,"href":"https:\/\/nmc.sk\/en\/wp-json\/wp\/v2\/pages\/6213\/revisions"}],"predecessor-version":[{"id":6216,"href":"https:\/\/nmc.sk\/en\/wp-json\/wp\/v2\/pages\/6213\/revisions\/6216"}],"wp:attachment":[{"href":"https:\/\/nmc.sk\/en\/wp-json\/wp\/v2\/media?parent=6213"}],"curies":[{"name":"wp","href":"https:\/\/api.w.org\/{rel}","templated":true}]}}