{"id":6446,"date":"2025-08-02T17:03:57","date_gmt":"2025-08-02T15:03:57","guid":{"rendered":"https:\/\/nmc.sk\/?page_id=6446"},"modified":"2025-09-02T14:19:39","modified_gmt":"2025-09-02T12:19:39","slug":"em2025-rodenakova-martina","status":"publish","type":"page","link":"https:\/\/nmc.sk\/en\/em2025-rodenakova-martina\/","title":{"rendered":"EM2025-Rodenakova-Martina"},"content":{"rendered":"<div class=\"wpb-content-wrapper\"><p>[vc_row full_width=&#8221;stretch_row&#8221; content_placement=&#8221;bottom&#8221; parallax=&#8221;content-moving&#8221; remove_padding=&#8221;no-padding-vc-row&#8221; bg_type=&#8221;image&#8221; parallax_style=&#8221;vcpb-animated&#8221; bg_image_new=&#8221;id^5808|url^https:\/\/nmc.sk\/wp-content\/uploads\/2025\/01\/enviro-2025-v1-EN-BG-v2.jpg|caption^null|alt^null|title^enviro 2025 v1 EN BG v2|description^null&#8221; bg_image_size=&#8221;contain&#8221;][vc_column]<div class=\"ult-content-box-container \" >\t\t<div class=\"ult-content-box\" style=\"box-shadow: px px px px none;-webkit-transition: all 700ms ease;-moz-transition: all 700ms ease;-ms-transition: all 700ms ease;-o-transition: all 700ms ease;transition: all 700ms ease;\"  data-hover_box_shadow=\"none\"    >[vc_row_inner content_placement=&#8221;middle&#8221;][vc_column_inner width=&#8221;1\/4&#8243;][vc_single_image image=&#8221;6443&#8243; img_size=&#8221;full&#8221; alignment=&#8221;center&#8221; style=&#8221;vc_box_border_circle_2&#8243; border_color=&#8221;white&#8221; css_animation=&#8221;fadeIn&#8221; css=&#8221;.vc_custom_1754147105489{padding-top: 70px !important;}&#8221; el_class=&#8221;animated-gif&#8221;][vc_empty_space height=&#8221;200&#8243;][\/vc_column_inner][vc_column_inner width=&#8221;3\/4&#8243; css=&#8221;.vc_custom_1596614331624{padding-left: 50px !important;}&#8221;][vc_empty_space height=&#8221;10&#8243;][vc_custom_heading text=&#8221;15TH INTERNATIONAL EXPERTS&#8217; CONFERENCE&#8221; font_container=&#8221;tag:h3|font_size:26|text_align:left|color:%23ffffff|line_height:1&#8243; google_fonts=&#8221;font_family:Open%20Sans%3A300%2C300italic%2Cregular%2Citalic%2C600%2C600italic%2C700%2C700italic%2C800%2C800italic&#8221;][vc_custom_heading text=&#8221;ENVIROMANAGEMENT 2025&#8243; font_container=&#8221;tag:h2|font_size:40|text_align:left|color:%23ffffff|line_height:1&#8243; google_fonts=&#8221;font_family:Open%20Sans%3A300%2C300italic%2Cregular%2Citalic%2C600%2C600italic%2C700%2C700italic%2C800%2C800italic&#8221; css_animation=&#8221;none&#8221; css=&#8221;.vc_custom_1737578822871{padding-top: 20px !important;}&#8221;][vc_empty_space height=&#8221;20&#8243;][vc_empty_space height=&#8221;20&#8243;][vc_custom_heading text=&#8221;MODERN WASTE MANAGEMENT:&#8221; font_container=&#8221;tag:h2|font_size:28|text_align:left|color:%23ffffff|line_height:1.1&#8243; google_fonts=&#8221;font_family:Open%20Sans%3A300%2C300italic%2Cregular%2Citalic%2C600%2C600italic%2C700%2C700italic%2C800%2C800italic&#8221;][vc_empty_space height=&#8221;10&#8243;][vc_custom_heading text=&#8221;Dealing with Crises, and Managing Fire Hazards&#8221; font_container=&#8221;tag:h2|font_size:28|text_align:left|color:%23fff153|line_height:1&#8243; google_fonts=&#8221;font_family:Open%20Sans%3A300%2C300italic%2Cregular%2Citalic%2C600%2C600italic%2C700%2C700italic%2C800%2C800italic&#8221;][vc_empty_space height=&#8221;25&#8243;][vc_custom_heading text=&#8221;SEPTEMBER 29 \u2013 30, 2025<br \/>\nHOTEL PATRIA ****<br \/>\n\u0160TRBSK\u00c9 PLESO, HIGH TATRAS, SLOVAKIA&#8221; font_container=&#8221;tag:h4|font_size:20|text_align:left|color:%23ffffff|line_height:1.5&#8243; google_fonts=&#8221;font_family:Open%20Sans%3A300%2C300italic%2Cregular%2Citalic%2C600%2C600italic%2C700%2C700italic%2C800%2C800italic&#8221;][vc_empty_space height=&#8221;80&#8243;][\/vc_column_inner][\/vc_row_inner]\t\t<\/div><\/div>[\/vc_column][\/vc_row][vc_row full_width=&#8221;stretch_row&#8221; equal_height=&#8221;yes&#8221; content_placement=&#8221;top&#8221; remove_padding=&#8221;no-padding-vc-row&#8221; bg_type=&#8221;grad&#8221; css=&#8221;.vc_custom_1740415750880{padding-top: 50px !important;padding-bottom: 50px !important;}&#8221; bg_grad=&#8221;background: -webkit-gradient(linear, left top, left bottom, color-stop(0%, #000000), color-stop(100%, #383838));background: -moz-linear-gradient(top,#000000 0%,#383838 100%);background: -webkit-linear-gradient(top,#000000 0%,#383838 100%);background: -o-linear-gradient(top,#000000 0%,#383838 100%);background: -ms-linear-gradient(top,#000000 0%,#383838 100%);background: linear-gradient(top,#000000 0%,#383838 100%);&#8221;][vc_column color_style=&#8221;light&#8221;]<div class=\"ult-content-box-container \" >\t\t<div class=\"ult-content-box\" style=\"box-shadow: px px px px none;-webkit-transition: all 700ms ease;-moz-transition: all 700ms ease;-ms-transition: all 700ms ease;-o-transition: all 700ms ease;transition: all 700ms ease;\"  data-hover_box_shadow=\"none\"    >[vc_row_inner equal_height=&#8221;yes&#8221; content_placement=&#8221;middle&#8221;][vc_column_inner width=&#8221;1\/4&#8243; css=&#8221;.vc_custom_1714734284630{border-bottom-width: 1px !important;background-color: #f8e45f !important;border-bottom-color: #164a55 !important;border-bottom-style: dotted !important;border-radius: 1px !important;}&#8221;][vc_custom_heading text=&#8221;LECTURER&#8221; font_container=&#8221;tag:h3|text_align:center|color:%23164a55&#8243; google_fonts=&#8221;font_family:Open%20Sans%3A300%2C300italic%2Cregular%2Citalic%2C600%2C600italic%2C700%2C700italic%2C800%2C800italic&#8221; css_animation=&#8221;fadeIn&#8221;][\/vc_column_inner][vc_column_inner width=&#8221;3\/4&#8243; css=&#8221;.vc_custom_1596615104945{border-bottom-width: 1px !important;border-left-width: 1px !important;border-left-color: #ffffff !important;border-left-style: dotted !important;border-bottom-color: #ffffff !important;border-bottom-style: dotted !important;}&#8221;][vc_column_text]<span style=\"color: #f8e45f;\"><strong>Mgr. Martina Roden\u00e1kov\u00e1<\/strong><\/span><\/p>\n<p>Director of External Relations and Legal Services<br \/>\nENVI \u2013 PAK, a.s.<\/p>\n<p>Bratislava<br \/>\nSlovakia[\/vc_column_text][\/vc_column_inner][\/vc_row_inner][vc_row_inner equal_height=&#8221;yes&#8221;][vc_column_inner width=&#8221;1\/4&#8243; css=&#8221;.vc_custom_1714734289797{border-bottom-width: 1px !important;background-color: #f8e45f !important;border-bottom-color: #164a55 !important;border-bottom-style: dotted !important;border-radius: 1px !important;}&#8221;][vc_custom_heading text=&#8221;PRESENTATION&#8221; font_container=&#8221;tag:h3|text_align:center|color:%23164a55&#8243; google_fonts=&#8221;font_family:Open%20Sans%3A300%2C300italic%2Cregular%2Citalic%2C600%2C600italic%2C700%2C700italic%2C800%2C800italic&#8221; css_animation=&#8221;fadeIn&#8221;][\/vc_column_inner][vc_column_inner width=&#8221;3\/4&#8243; css=&#8221;.vc_custom_1596615178119{border-bottom-width: 1px !important;border-left-width: 1px !important;border-left-color: #ffffff !important;border-left-style: dotted !important;border-bottom-color: #ffffff !important;border-bottom-style: dotted !important;border-radius: 1px !important;}&#8221;][vc_column_text]<strong>Adapting to Changes in PPWR Regulations Means Understanding and Adapting to Them.<br \/>\n<\/strong><\/p>\n<p><em><strong>Adaptova\u0165 sa na zmeny nariadenia PPWR znamen\u00e1 pochopi\u0165 a prisp\u00f4sobi\u0165 sa im.<\/strong><\/em>[\/vc_column_text][\/vc_column_inner][\/vc_row_inner][vc_row_inner equal_height=&#8221;yes&#8221;][vc_column_inner width=&#8221;1\/4&#8243; css=&#8221;.vc_custom_1714734333934{border-bottom-width: 1px !important;background-color: #f8e45f !important;border-bottom-color: #164a55 !important;border-bottom-style: dotted !important;border-radius: 1px !important;}&#8221;][vc_custom_heading text=&#8221;KEY WORDS&#8221; font_container=&#8221;tag:h3|text_align:center|color:%23164a55&#8243; google_fonts=&#8221;font_family:Open%20Sans%3A300%2C300italic%2Cregular%2Citalic%2C600%2C600italic%2C700%2C700italic%2C800%2C800italic&#8221; css_animation=&#8221;fadeIn&#8221;][\/vc_column_inner][vc_column_inner width=&#8221;3\/4&#8243; css=&#8221;.vc_custom_1596615178119{border-bottom-width: 1px !important;border-left-width: 1px !important;border-left-color: #ffffff !important;border-left-style: dotted !important;border-bottom-color: #ffffff !important;border-bottom-style: dotted !important;border-radius: 1px !important;}&#8221;][vc_column_text]PPWR, European Union regulation on packaging and packaging waste, circular economy, legislative framework, producers, distributors, consumers, reduction of packaging waste, reusable packaging, restriction of single-use plastics, recyclability, digital packaging passport, impacts on manufacturers and consumers[\/vc_column_text][\/vc_column_inner][\/vc_row_inner][vc_row_inner equal_height=&#8221;yes&#8221;][vc_column_inner width=&#8221;1\/4&#8243; css=&#8221;.vc_custom_1714734300764{border-bottom-width: 1px !important;background-color: #f8e45f !important;border-bottom-color: #164a55 !important;border-bottom-style: dotted !important;border-radius: 1px !important;}&#8221;][vc_custom_heading text=&#8221;ANNOTATION&#8221; font_container=&#8221;tag:h3|text_align:center|color:%23164a55&#8243; google_fonts=&#8221;font_family:Open%20Sans%3A300%2C300italic%2Cregular%2Citalic%2C600%2C600italic%2C700%2C700italic%2C800%2C800italic&#8221; css_animation=&#8221;fadeIn&#8221;][\/vc_column_inner][vc_column_inner width=&#8221;3\/4&#8243; css=&#8221;.vc_custom_1596615178119{border-bottom-width: 1px !important;border-left-width: 1px !important;border-left-color: #ffffff !important;border-left-style: dotted !important;border-bottom-color: #ffffff !important;border-bottom-style: dotted !important;border-radius: 1px !important;}&#8221;][vc_column_text]The presentation will focus on the new European Union regulation on packaging and packaging waste (PPWR \u2013 Packaging and Packaging Waste Regulation), which has a significant impact on environmental policy, the circular economy, and business practices in the field of product packaging.<\/p>\n<p>We will also discuss the goals of reducing packaging waste, supporting reusable packaging, limiting single-use plastics, and improving recyclability.<\/p>\n<p>Special attention will be paid to the Digital Product Passport within the broader EU circular economy package.[\/vc_column_text][\/vc_column_inner][\/vc_row_inner][vc_row_inner equal_height=&#8221;yes&#8221; disable_element=&#8221;yes&#8221;][vc_column_inner width=&#8221;1\/4&#8243; css=&#8221;.vc_custom_1714734300764{border-bottom-width: 1px !important;background-color: #f8e45f !important;border-bottom-color: #164a55 !important;border-bottom-style: dotted !important;border-radius: 1px !important;}&#8221;][vc_custom_heading text=&#8221;ANNOTATION&#8221; font_container=&#8221;tag:h3|text_align:center|color:%23164a55&#8243; google_fonts=&#8221;font_family:Open%20Sans%3A300%2C300italic%2Cregular%2Citalic%2C600%2C600italic%2C700%2C700italic%2C800%2C800italic&#8221; css_animation=&#8221;fadeIn&#8221;][\/vc_column_inner][vc_column_inner width=&#8221;3\/4&#8243; css=&#8221;.vc_custom_1596615178119{border-bottom-width: 1px !important;border-left-width: 1px !important;border-left-color: #ffffff !important;border-left-style: dotted !important;border-bottom-color: #ffffff !important;border-bottom-style: dotted !important;border-radius: 1px !important;}&#8221;][vc_column_text]The presentation will focus on the new European Union regulation on packaging and packaging waste (PPWR \u2013 Packaging and Packaging Waste Regulation), which has a significant impact on environmental policy, the circular economy, and business practices in the field of product packaging. The PPWR introduces a new legislative framework for packaging and packaging waste.<\/p>\n<p>The aim of the presentation is to provide an overview of the basic requirements of the regulation and its impact on producers, distributors, and consumers. We will also discuss the goals of reducing packaging waste, supporting reusable packaging, limiting single-use plastics, and improving recyclability.<\/p>\n<p>Special attention will be paid to the Digital Product Passport, which is one of the key innovations within the PPWR and the broader EU circular economy package. Its aim is to ensure transparency, traceability, and better recycling of packaging.<br \/>\nAn overview of what we know today about the digital passport in the context of the PPWR (what is a digital product passport, what information it will contain, which packaging it will not be placed on, how it will work technically, when it will be introduced, what impacts it will have on producers and consumers).[\/vc_column_text][\/vc_column_inner][\/vc_row_inner][vc_row_inner equal_height=&#8221;yes&#8221;][vc_column_inner width=&#8221;1\/4&#8243; css=&#8221;.vc_custom_1714734305703{border-bottom-width: 1px !important;background-color: #f8e45f !important;border-bottom-color: #164a55 !important;border-bottom-style: dotted !important;border-radius: 1px !important;}&#8221;][vc_custom_heading text=&#8221;LECTURER&#8217;S PROFILE&#8221; font_container=&#8221;tag:h3|text_align:center|color:%23164a55&#8243; google_fonts=&#8221;font_family:Open%20Sans%3A300%2C300italic%2Cregular%2Citalic%2C600%2C600italic%2C700%2C700italic%2C800%2C800italic&#8221; css_animation=&#8221;fadeIn&#8221;][\/vc_column_inner][vc_column_inner width=&#8221;3\/4&#8243; css=&#8221;.vc_custom_1596615178119{border-bottom-width: 1px !important;border-left-width: 1px !important;border-left-color: #ffffff !important;border-left-style: dotted !important;border-bottom-color: #ffffff !important;border-bottom-style: dotted !important;border-radius: 1px !important;}&#8221;][vc_column_text]<strong>Martina Roden\u00e1kov\u00e1<\/strong>, ENVI &#8211; PAK, a. s. \u2013 Director of External Relations and Legal Services<\/p>\n<p>She is a graduate of the Faculty of Law at Comenius University.<\/p>\n<p>She practiced law for 10 years in the banking sector, and since 2015 she has been working at ENVI &#8211; PAK, a. s., an authorized producer responsibility organization for packaging and non-packaging products in the Slovak Republic, where she holds the position of Director of Legal Services and External Relations.<\/p>\n<p>She is also a member of the Energy and Environment Committee of the Republic Union of Employers (R\u00daZ) and a member of the Supervisory Board of the Coordination Center for Packaging in Slovakia.[\/vc_column_text][\/vc_column_inner][\/vc_row_inner][vc_row_inner equal_height=&#8221;yes&#8221;][vc_column_inner width=&#8221;1\/4&#8243; css=&#8221;.vc_custom_1716293450651{border-bottom-width: 1px !important;background-color: #f8e45f !important;border-bottom-color: #164a55 !important;border-bottom-style: dotted !important;border-radius: 1px !important;}&#8221;][vc_custom_heading text=&#8221;ORGANIZATION&#8217;S PROFILE&#8221; font_container=&#8221;tag:h3|text_align:center|color:%23164a55&#8243; google_fonts=&#8221;font_family:Open%20Sans%3A300%2C300italic%2Cregular%2Citalic%2C600%2C600italic%2C700%2C700italic%2C800%2C800italic&#8221; css_animation=&#8221;fadeIn&#8221;][\/vc_column_inner][vc_column_inner width=&#8221;3\/4&#8243; css=&#8221;.vc_custom_1716293466427{border-bottom-width: 1px !important;border-left-width: 1px !important;border-left-color: #ffffff !important;border-left-style: dotted !important;border-bottom-color: #ffffff !important;border-bottom-style: dotted !important;border-radius: 1px !important;}&#8221;][vc_single_image image=&#8221;2704&#8243; onclick=&#8221;custom_link&#8221; img_link_target=&#8221;_blank&#8221; link=&#8221;https:\/\/envipak.sk\/en&#8221;][vc_column_text]<strong>ENVI &#8211; PAK<\/strong> was founded in 2003 by leading manufacturers of packaged products. Since then, ENVI &#8211; PAK provides separate waste collection and recovery and recycling. On the 20th April 2016 the Ministry of the Environment of the Slovak Republic granted ENVI &#8211; PAK an authorization for the activity of producer responsibility organization for packaging and with effect from 1st July 2016, ENVI &#8211; PAK became the producer responsibility organization (PRO). ENVI &#8211; PAK is the longest-running producer responsibility organization (originally authorized organization) in Slovakia. Therefore, it has the most practical experience, and know-how also draws on manufacturers who have many years of international experience with the management of extended producer responsibility systems. These include Coca Cola, Nestl\u00e9, Henkel, Tetra Pak, P &amp; G, Mattoni, Unilever and Mondelez.<\/p>\n<p>ENVI &#8211; PAK provides collection, recovery and recycling of waste from packaging and non-packaging products, it finances separate waste collection in municipalities in the Slovak Republic under the Waste Act.<\/p>\n<p>PRO ENVI &#8211; PAK operates on the principle of cooperation of all actors involved in the waste stream \u2013 from producers placing packaging and non-packaging products on the market or into circulation, through the municipalities responsible for providing separate waste collection on their territory, the collecting companies that provide collection and secondary sorting of waste, to waste recyclers who produce their products from secondary raw materials.<\/p>\n<p>ENVI &#8211; PAK has become a member of the International Association of Producer Responsibility Organizations PRO Europe since 2003, through which it acquires and implements international know-how in Slovakia. Organizations associated with PRO Europe have been using waste collection, recovery and recycling systems for years. That is why for ENVI &#8211; PAK they are the source of recommendations that can be used in Slovakia with the fact that they have already been verified and work well with a long tradition in well-developed European countries.<\/p>\n<p>In 2013, ENVI &#8211; PAK, together with 17 authorized organizations in the world, established the international non &#8211; profit alliance EXPRA, whose aim is to improve the systems and processes that meet the correct application of the principle of extended producer responsibility for packaging waste.[\/vc_column_text][\/vc_column_inner][\/vc_row_inner][vc_row_inner equal_height=&#8221;yes&#8221;][vc_column_inner width=&#8221;1\/4&#8243; css=&#8221;.vc_custom_1716293450651{border-bottom-width: 1px !important;background-color: #f8e45f !important;border-bottom-color: #164a55 !important;border-bottom-style: dotted !important;border-radius: 1px !important;}&#8221;][vc_custom_heading text=&#8221;K\u013d\u00da\u010cOV\u00c9 SLOV\u00c1&#8221; font_container=&#8221;tag:h3|text_align:center|color:%23164a55&#8243; google_fonts=&#8221;font_family:Open%20Sans%3A300%2C300italic%2Cregular%2Citalic%2C600%2C600italic%2C700%2C700italic%2C800%2C800italic&#8221; css_animation=&#8221;fadeIn&#8221;][\/vc_column_inner][vc_column_inner width=&#8221;3\/4&#8243; css=&#8221;.vc_custom_1716293466427{border-bottom-width: 1px !important;border-left-width: 1px !important;border-left-color: #ffffff !important;border-left-style: dotted !important;border-bottom-color: #ffffff !important;border-bottom-style: dotted !important;border-radius: 1px !important;}&#8221;][vc_column_text]PPWR, nariadenie Eur\u00f3pskej \u00fanie o obaloch a odpadoch z obalov, obehov\u00e9 hospod\u00e1rstvo, legislat\u00edvny r\u00e1mec, v\u00fdrobcovia, distrib\u00fatori, spotrebitelia, zn\u00ed\u017eenie odpadu z obalov, opakovane pou\u017eite\u013en\u00e9 obaly, obmedzenie jednorazov\u00fdch plastov, recyklovate\u013enos\u0165, digit\u00e1lny pas obalu, dopady na v\u00fdrobcov a spotrebite\u013eov[\/vc_column_text][\/vc_column_inner][\/vc_row_inner][vc_row_inner equal_height=&#8221;yes&#8221;][vc_column_inner width=&#8221;1\/4&#8243; css=&#8221;.vc_custom_1716293450651{border-bottom-width: 1px !important;background-color: #f8e45f !important;border-bottom-color: #164a55 !important;border-bottom-style: dotted !important;border-radius: 1px !important;}&#8221;][vc_custom_heading text=&#8221;ANOT\u00c1CIA&#8221; font_container=&#8221;tag:h3|text_align:center|color:%23164a55&#8243; google_fonts=&#8221;font_family:Open%20Sans%3A300%2C300italic%2Cregular%2Citalic%2C600%2C600italic%2C700%2C700italic%2C800%2C800italic&#8221; css_animation=&#8221;fadeIn&#8221;][\/vc_column_inner][vc_column_inner width=&#8221;3\/4&#8243; css=&#8221;.vc_custom_1716293466427{border-bottom-width: 1px !important;border-left-width: 1px !important;border-left-color: #ffffff !important;border-left-style: dotted !important;border-bottom-color: #ffffff !important;border-bottom-style: dotted !important;border-radius: 1px !important;}&#8221;][vc_column_text]Predn\u00e1\u0161ka sa zameria na nov\u00e9 nariadenie Eur\u00f3pskej \u00fanie o obaloch a odpade z obalov (PPWR \u2013 Packaging and Packaging Waste Regulation), ktor\u00e9 m\u00e1 z\u00e1sadn\u00fd vplyv na environment\u00e1lnu politiku, obehov\u00e9 hospod\u00e1rstvo a podnikate\u013esk\u00fa prax v oblasti balenia v\u00fdrobkov.<\/p>\n<p>Diskutova\u0165 budeme aj o cie\u013eoch zn\u00ed\u017eenia mno\u017estva obalov\u00e9ho odpadu, podpore opakovane pou\u017eite\u013en\u00fdch obalov, obmedzen\u00ed jednorazov\u00fdch plastov a zlep\u0161en\u00ed recyklovate\u013enosti.<\/p>\n<p>\u0160peci\u00e1lna pozornos\u0165 bude venovan\u00e1 digit\u00e1lnemu pasu v\u00fdrobku (Digital Product Passport) v r\u00e1mci \u0161ir\u0161ieho bal\u00edka obehov\u00e9ho hospod\u00e1rstva E\u00da.[\/vc_column_text][\/vc_column_inner][\/vc_row_inner][vc_row_inner equal_height=&#8221;yes&#8221; disable_element=&#8221;yes&#8221;][vc_column_inner width=&#8221;1\/4&#8243; css=&#8221;.vc_custom_1716293450651{border-bottom-width: 1px !important;background-color: #f8e45f !important;border-bottom-color: #164a55 !important;border-bottom-style: dotted !important;border-radius: 1px !important;}&#8221;][vc_custom_heading text=&#8221;ANOT\u00c1CIA&#8221; font_container=&#8221;tag:h3|text_align:center|color:%23164a55&#8243; google_fonts=&#8221;font_family:Open%20Sans%3A300%2C300italic%2Cregular%2Citalic%2C600%2C600italic%2C700%2C700italic%2C800%2C800italic&#8221; css_animation=&#8221;fadeIn&#8221;][\/vc_column_inner][vc_column_inner width=&#8221;3\/4&#8243; css=&#8221;.vc_custom_1716293466427{border-bottom-width: 1px !important;border-left-width: 1px !important;border-left-color: #ffffff !important;border-left-style: dotted !important;border-bottom-color: #ffffff !important;border-bottom-style: dotted !important;border-radius: 1px !important;}&#8221;][vc_column_text]Predn\u00e1\u0161ka sa zameria na nov\u00e9 nariadenie Eur\u00f3pskej \u00fanie o obaloch a odpadoch z obalov (PPWR \u2013 Packaging and Packaging Waste Regulation), ktor\u00e9 m\u00e1 z\u00e1sadn\u00fd vplyv na environment\u00e1lnu politiku, obehov\u00e9 hospod\u00e1rstvo a podnikate\u013esk\u00fa prax v oblasti balenia v\u00fdrobkov. PPWR prin\u00e1\u0161a nov\u00fd legislat\u00edvny r\u00e1mec pre obaly a odpady z obalov.<\/p>\n<p>Cie\u013eom predn\u00e1\u0161ky je poskytn\u00fa\u0165 preh\u013ead o z\u00e1kladn\u00fdch po\u017eiadavk\u00e1ch nariadenia, ako aj o jeho vplyvoch na v\u00fdrobcov, distrib\u00fatorov a spotrebite\u013eov. Diskutova\u0165 budeme aj o cie\u013eoch zn\u00ed\u017eenia mno\u017estva obalov\u00e9ho odpadu, podpore opakovane pou\u017eite\u013en\u00fdch obalov, obmedzen\u00ed jednorazov\u00fdch plastov a zlep\u0161en\u00ed recyklovate\u013enosti.<\/p>\n<p>\u0160peci\u00e1lna pozornos\u0165 bude venovan\u00e1 digit\u00e1lnemu pasu obalu (Digital Product Passport), ktor\u00fd je jednou z k\u013e\u00fa\u010dov\u00fdch inov\u00e1ci\u00ed v r\u00e1mci nariadenia PPWR a \u0161ir\u0161ieho bal\u00edka obehov\u00e9ho hospod\u00e1rstva E\u00da. Jeho cie\u013eom je zabezpe\u010di\u0165 transparentnos\u0165, sledovate\u013enos\u0165 a lep\u0161iu recykl\u00e1ciu obalov.<\/p>\n<p>Preh\u013ead toho, \u010do dnes vieme o digit\u00e1lnom pase v kontexte PPWR (\u010do je digit\u00e1lny pas obalu, ak\u00e9 inform\u00e1cie bude obsahova\u0165, na ktor\u00fdch obaloch nebude umiestnen\u00fd, ako bude technicky fungova\u0165, kedy bude zaveden\u00fd, ak\u00e9 dopady bude predstavova\u0165 pre v\u00fdrobcov a spotrebite\u013eov).[\/vc_column_text][\/vc_column_inner][\/vc_row_inner][vc_row_inner equal_height=&#8221;yes&#8221;][vc_column_inner width=&#8221;1\/4&#8243; css=&#8221;.vc_custom_1716293450651{border-bottom-width: 1px !important;background-color: #f8e45f !important;border-bottom-color: #164a55 !important;border-bottom-style: dotted !important;border-radius: 1px !important;}&#8221;][vc_custom_heading text=&#8221;PROFIL PREDN\u00c1\u0160AJ\u00daCEHO&#8221; font_container=&#8221;tag:h3|text_align:center|color:%23164a55&#8243; google_fonts=&#8221;font_family:Open%20Sans%3A300%2C300italic%2Cregular%2Citalic%2C600%2C600italic%2C700%2C700italic%2C800%2C800italic&#8221; css_animation=&#8221;fadeIn&#8221;][\/vc_column_inner][vc_column_inner width=&#8221;3\/4&#8243; css=&#8221;.vc_custom_1716293466427{border-bottom-width: 1px !important;border-left-width: 1px !important;border-left-color: #ffffff !important;border-left-style: dotted !important;border-bottom-color: #ffffff !important;border-bottom-style: dotted !important;border-radius: 1px !important;}&#8221;][vc_column_text]<strong>Martina Roden\u00e1kov\u00e1<\/strong>, ENVI &#8211; PAK, a. s. \u2013 Riadite\u013eka vonkaj\u0161\u00edch vz\u0165ahov a pr\u00e1vnych slu\u017eieb<\/p>\n<p>Je absolventkou Pr\u00e1vnickej fakulty Univerzity Komensk\u00e9ho.<\/p>\n<p>Pr\u00e1vnick\u00fa prax vykon\u00e1vala 10 rokov v bankovom sektore, od roku 2015 pracuje v spolo\u010dnosti ENVI &#8211; PAK, a. s., autorizovanej organiz\u00e1cii zodpovednosti v\u00fdrobcov pre obaly a neobalov\u00e9 v\u00fdrobky v SR, kde zast\u00e1va funkciu riadite\u013eky odboru pr\u00e1vnych slu\u017eieb a vonkaj\u0161\u00edch vz\u0165ahov.<\/p>\n<p>P\u00f4sob\u00ed tie\u017e ako \u010dlenka V\u00fdboru pre energetiku a \u017eivotn\u00e9 prostredie Republikovej \u00fanie zamestn\u00e1vate\u013eov (R\u00daZ) a je \u010dlenkou Kontrolnej rady Koordina\u010dn\u00e9ho centra pre obaly na Slovensku.[\/vc_column_text][\/vc_column_inner][\/vc_row_inner][vc_row_inner equal_height=&#8221;yes&#8221;][vc_column_inner width=&#8221;1\/4&#8243; css=&#8221;.vc_custom_1716293450651{border-bottom-width: 1px !important;background-color: #f8e45f !important;border-bottom-color: #164a55 !important;border-bottom-style: dotted !important;border-radius: 1px !important;}&#8221;][vc_custom_heading text=&#8221;PROFIL ORGANIZ\u00c1CIE&#8221; font_container=&#8221;tag:h3|text_align:center|color:%23164a55&#8243; google_fonts=&#8221;font_family:Open%20Sans%3A300%2C300italic%2Cregular%2Citalic%2C600%2C600italic%2C700%2C700italic%2C800%2C800italic&#8221; css_animation=&#8221;fadeIn&#8221;][\/vc_column_inner][vc_column_inner width=&#8221;3\/4&#8243; css=&#8221;.vc_custom_1716293466427{border-bottom-width: 1px !important;border-left-width: 1px !important;border-left-color: #ffffff !important;border-left-style: dotted !important;border-bottom-color: #ffffff !important;border-bottom-style: dotted !important;border-radius: 1px !important;}&#8221;][vc_single_image image=&#8221;2704&#8243; onclick=&#8221;custom_link&#8221; img_link_target=&#8221;_blank&#8221; link=&#8221;https:\/\/envipak.sk&#8221;][vc_column_text]<strong>Spolo\u010dnos\u0165 ENVI &#8211; PAK<\/strong> zalo\u017eili v roku 2003 popredn\u00ed v\u00fdrobcovia balen\u00fdch v\u00fdrobkov. Odvtedy ENVI &#8211; PAK zabezpe\u010duje trieden\u00fd zber odpadov a jeho zhodnocovanie a recykl\u00e1ciu. 20. apr\u00edla 2016 Ministerstvo \u017eivotn\u00e9ho prostredia Slovenskej republiky udelilo spolo\u010dnosti ENVI &#8211; PAK autoriz\u00e1ciu na \u010dinnos\u0165 organiz\u00e1cie zodpovednosti v\u00fdrobcov pre obaly a s \u00fa\u010dinnos\u0165ou od 1. j\u00fala 2016 sa spolo\u010dnos\u0165 ENVI &#8211; PAK stala organiz\u00e1ciou zodpovednosti v\u00fdrobcov (OZV). ENVI &#8211; PAK je tak najdlh\u0161ie p\u00f4sobiacou organiz\u00e1ciou zodpovednosti v\u00fdrobcov (p\u00f4vodne opr\u00e1vnenou organiz\u00e1ciou) na Slovensku. Preto m\u00e1 najviac praktick\u00fdch sk\u00fasenost\u00ed, pri\u010dom know-how \u010derp\u00e1 aj od v\u00fdrobcov, ktor\u00ed maj\u00fa s riaden\u00edm syst\u00e9mov roz\u0161\u00edrenej zodpovednosti v\u00fdrobcov mnohoro\u010dn\u00e9 medzin\u00e1rodn\u00e9 sk\u00fasenosti. S\u00fa nimi Coca Cola, Nestl\u00e9, Henkel, Tetra Pak, P&amp;G, Mattoni, Unilever a Mondelez.<\/p>\n<p>ENVI &#8211; PAK zabezpe\u010duje zber, zhodnocovanie a recykl\u00e1ciu odpadov z obalov a neobalov\u00fdch v\u00fdrobkov, financuje trieden\u00fd zber v obciach a mest\u00e1ch v Slovenskej republike v zmysle z\u00e1kona o odpadoch.<\/p>\n<p>OZV ENVI &#8211; PAK funguje na princ\u00edpe spolupr\u00e1ce v\u0161etk\u00fdch subjektov podie\u013eaj\u00facich sa na toku odpadov \u2013 od os\u00f4b uv\u00e1dzaj\u00facich na trh alebo do obehu obaly a neobalov\u00e9 v\u00fdrobky, cez obce a mest\u00e1, ktor\u00e9 s\u00fa zodpovedn\u00e9 za zavedenie trieden\u00e9ho zberu na svojom \u00fazem\u00ed, zberov\u00e9 spolo\u010dnosti, ktor\u00e9 zabezpe\u010duj\u00fa zber a dotriedenie odpadov, a\u017e po spracovate\u013eov odpadov, ktor\u00ed z vytrieden\u00fdch druhotn\u00fdch surov\u00edn vyr\u00e1baj\u00fa svoje v\u00fdrobky.<br \/>\nENVI &#8211; PAK sa u\u017e pri vzniku v roku 2003 stal \u010dlenom medzin\u00e1rodn\u00e9ho zdru\u017eenia organiz\u00e1ci\u00ed zodpovednosti v\u00fdrobcov PRO Europe, prostredn\u00edctvom ktor\u00e9ho z\u00edskava a na Slovensku implementuje medzin\u00e1rodn\u00e9 know-how. Organiz\u00e1cie zdru\u017een\u00e9 v PRO Europe prev\u00e1dzkuj\u00fa syst\u00e9my zberu, zhodnocovania a recykl\u00e1cie odpadov dlh\u00e9 roky. Preto s\u00fa pre spolo\u010dnos\u0165 ENVI &#8211; PAK zdrojom odpor\u00fa\u010dan\u00ed, ktor\u00e9 m\u00f4\u017ee na Slovensku vyu\u017e\u00edva\u0165 s t\u00fdm, \u017ee boli u\u017e overen\u00e9 a dobre funguj\u00fa vo vyspel\u00fdch eur\u00f3pskych krajin\u00e1ch s dlhou trad\u00edciou.<\/p>\n<p>V roku 2013 ENVI &#8211; PAK spolo\u010dne so 17 opr\u00e1vnen\u00fdmi organiz\u00e1ciami vo svete zalo\u017eili medzin\u00e1rodn\u00e9 neziskov\u00e9 zdru\u017eenie EXPRA, ktor\u00e9ho cie\u013eom je skvalit\u0148ovanie syst\u00e9mov a procesov nap\u013a\u0148aj\u00facich spr\u00e1vne uplat\u0148ovanie princ\u00edpu roz\u0161\u00edrenej zodpovednosti v\u00fdrobcov v oblasti odpadov z obalov.[\/vc_column_text][\/vc_column_inner][\/vc_row_inner]\t\t<\/div><\/div>[\/vc_column][\/vc_row]<\/p>\n<\/div>","protected":false},"excerpt":{"rendered":"<p>[vc_row full_width=&#8221;stretch_row&#8221; content_placement=&#8221;bottom&#8221; parallax=&#8221;content-moving&#8221; remove_padding=&#8221;no-padding-vc-row&#8221; bg_type=&#8221;image&#8221; parallax_style=&#8221;vcpb-animated&#8221; bg_image_new=&#8221;id^5808|url^https:\/\/nmc.sk\/wp-content\/uploads\/2025\/01\/enviro-2025-v1-EN-BG-v2.jpg|caption^null|alt^null|title^enviro 2025 v1 EN BG v2|description^null&#8221; bg_image_size=&#8221;contain&#8221;][vc_column][\/vc_column][\/vc_row][vc_row full_width=&#8221;stretch_row&#8221; equal_height=&#8221;yes&#8221; content_placement=&#8221;top&#8221; remove_padding=&#8221;no-padding-vc-row&#8221; bg_type=&#8221;grad&#8221; css=&#8221;.vc_custom_1740415750880{padding-top: 50px !important;padding-bottom: 50px !important;}&#8221; bg_grad=&#8221;background: -webkit-gradient(linear, left top, left bottom, color-stop(0%, #000000), color-stop(100%, #383838));background: -moz-linear-gradient(top,#000000 0%,#383838 100%);background: -webkit-linear-gradient(top,#000000 0%,#383838 100%);background:&#8230;<\/p>\n","protected":false},"author":3,"featured_media":0,"parent":0,"menu_order":0,"comment_status":"closed","ping_status":"closed","template":"","meta":{"footnotes":""},"class_list":["post-6446","page","type-page","status-publish","hentry"],"yoast_head":"<!-- This site is optimized with the Yoast SEO plugin v27.4 - https:\/\/yoast.com\/product\/yoast-seo-wordpress\/ -->\n<title>EM2025-Rodenakova-Martina - NMC<\/title>\n<meta name=\"robots\" content=\"index, follow, max-snippet:-1, max-image-preview:large, max-video-preview:-1\" \/>\n<link rel=\"canonical\" href=\"https:\/\/nmc.sk\/en\/em2025-rodenakova-martina\/\" \/>\n<meta property=\"og:locale\" content=\"en_US\" \/>\n<meta property=\"og:type\" content=\"article\" \/>\n<meta property=\"og:title\" content=\"EM2025-Rodenakova-Martina - NMC\" \/>\n<meta property=\"og:description\" content=\"[vc_row full_width=&#8221;stretch_row&#8221; content_placement=&#8221;bottom&#8221; parallax=&#8221;content-moving&#8221; remove_padding=&#8221;no-padding-vc-row&#8221; bg_type=&#8221;image&#8221; parallax_style=&#8221;vcpb-animated&#8221; bg_image_new=&#8221;id^5808|url^https:\/\/nmc.sk\/wp-content\/uploads\/2025\/01\/enviro-2025-v1-EN-BG-v2.jpg|caption^null|alt^null|title^enviro 2025 v1 EN BG v2|description^null&#8221; bg_image_size=&#8221;contain&#8221;][vc_column][\/vc_column][\/vc_row][vc_row full_width=&#8221;stretch_row&#8221; equal_height=&#8221;yes&#8221; content_placement=&#8221;top&#8221; remove_padding=&#8221;no-padding-vc-row&#8221; bg_type=&#8221;grad&#8221; css=&#8221;.vc_custom_1740415750880{padding-top: 50px !important;padding-bottom: 50px !important;}&#8221; bg_grad=&#8221;background: -webkit-gradient(linear, left top, left bottom, color-stop(0%, #000000), color-stop(100%, #383838));background: -moz-linear-gradient(top,#000000 0%,#383838 100%);background: -webkit-linear-gradient(top,#000000 0%,#383838 100%);background:...\" \/>\n<meta property=\"og:url\" content=\"https:\/\/nmc.sk\/en\/em2025-rodenakova-martina\/\" \/>\n<meta property=\"og:site_name\" content=\"NMC\" \/>\n<meta property=\"article:modified_time\" content=\"2025-09-02T12:19:39+00:00\" \/>\n<meta name=\"twitter:card\" content=\"summary_large_image\" \/>\n<meta name=\"twitter:label1\" content=\"Est. reading time\" \/>\n\t<meta name=\"twitter:data1\" content=\"11 minutes\" \/>\n<script type=\"application\/ld+json\" class=\"yoast-schema-graph\">{\"@context\":\"https:\\\/\\\/schema.org\",\"@graph\":[{\"@type\":\"WebPage\",\"@id\":\"https:\\\/\\\/nmc.sk\\\/en\\\/em2025-rodenakova-martina\\\/\",\"url\":\"https:\\\/\\\/nmc.sk\\\/en\\\/em2025-rodenakova-martina\\\/\",\"name\":\"EM2025-Rodenakova-Martina - NMC\",\"isPartOf\":{\"@id\":\"https:\\\/\\\/nmc.sk\\\/en\\\/#website\"},\"datePublished\":\"2025-08-02T15:03:57+00:00\",\"dateModified\":\"2025-09-02T12:19:39+00:00\",\"breadcrumb\":{\"@id\":\"https:\\\/\\\/nmc.sk\\\/en\\\/em2025-rodenakova-martina\\\/#breadcrumb\"},\"inLanguage\":\"en-US\",\"potentialAction\":[{\"@type\":\"ReadAction\",\"target\":[\"https:\\\/\\\/nmc.sk\\\/en\\\/em2025-rodenakova-martina\\\/\"]}]},{\"@type\":\"BreadcrumbList\",\"@id\":\"https:\\\/\\\/nmc.sk\\\/en\\\/em2025-rodenakova-martina\\\/#breadcrumb\",\"itemListElement\":[{\"@type\":\"ListItem\",\"position\":1,\"name\":\"Home\",\"item\":\"https:\\\/\\\/nmc.sk\\\/en\\\/\"},{\"@type\":\"ListItem\",\"position\":2,\"name\":\"EM2025-Rodenakova-Martina\"}]},{\"@type\":\"WebSite\",\"@id\":\"https:\\\/\\\/nmc.sk\\\/en\\\/#website\",\"url\":\"https:\\\/\\\/nmc.sk\\\/en\\\/\",\"name\":\"NMC\",\"description\":\"\",\"publisher\":{\"@id\":\"https:\\\/\\\/nmc.sk\\\/en\\\/#organization\"},\"potentialAction\":[{\"@type\":\"SearchAction\",\"target\":{\"@type\":\"EntryPoint\",\"urlTemplate\":\"https:\\\/\\\/nmc.sk\\\/en\\\/?s={search_term_string}\"},\"query-input\":{\"@type\":\"PropertyValueSpecification\",\"valueRequired\":true,\"valueName\":\"search_term_string\"}}],\"inLanguage\":\"en-US\"},{\"@type\":\"Organization\",\"@id\":\"https:\\\/\\\/nmc.sk\\\/en\\\/#organization\",\"name\":\"NMC\",\"url\":\"https:\\\/\\\/nmc.sk\\\/en\\\/\",\"logo\":{\"@type\":\"ImageObject\",\"inLanguage\":\"en-US\",\"@id\":\"https:\\\/\\\/nmc.sk\\\/en\\\/#\\\/schema\\\/logo\\\/image\\\/\",\"url\":\"\",\"contentUrl\":\"\",\"caption\":\"NMC\"},\"image\":{\"@id\":\"https:\\\/\\\/nmc.sk\\\/en\\\/#\\\/schema\\\/logo\\\/image\\\/\"}}]}<\/script>\n<!-- \/ Yoast SEO plugin. -->","yoast_head_json":{"title":"EM2025-Rodenakova-Martina - NMC","robots":{"index":"index","follow":"follow","max-snippet":"max-snippet:-1","max-image-preview":"max-image-preview:large","max-video-preview":"max-video-preview:-1"},"canonical":"https:\/\/nmc.sk\/en\/em2025-rodenakova-martina\/","og_locale":"en_US","og_type":"article","og_title":"EM2025-Rodenakova-Martina - NMC","og_description":"[vc_row full_width=&#8221;stretch_row&#8221; content_placement=&#8221;bottom&#8221; parallax=&#8221;content-moving&#8221; remove_padding=&#8221;no-padding-vc-row&#8221; bg_type=&#8221;image&#8221; parallax_style=&#8221;vcpb-animated&#8221; bg_image_new=&#8221;id^5808|url^https:\/\/nmc.sk\/wp-content\/uploads\/2025\/01\/enviro-2025-v1-EN-BG-v2.jpg|caption^null|alt^null|title^enviro 2025 v1 EN BG v2|description^null&#8221; bg_image_size=&#8221;contain&#8221;][vc_column][\/vc_column][\/vc_row][vc_row full_width=&#8221;stretch_row&#8221; equal_height=&#8221;yes&#8221; content_placement=&#8221;top&#8221; remove_padding=&#8221;no-padding-vc-row&#8221; bg_type=&#8221;grad&#8221; css=&#8221;.vc_custom_1740415750880{padding-top: 50px !important;padding-bottom: 50px !important;}&#8221; bg_grad=&#8221;background: -webkit-gradient(linear, left top, left bottom, color-stop(0%, #000000), color-stop(100%, #383838));background: -moz-linear-gradient(top,#000000 0%,#383838 100%);background: -webkit-linear-gradient(top,#000000 0%,#383838 100%);background:...","og_url":"https:\/\/nmc.sk\/en\/em2025-rodenakova-martina\/","og_site_name":"NMC","article_modified_time":"2025-09-02T12:19:39+00:00","twitter_card":"summary_large_image","twitter_misc":{"Est. reading time":"11 minutes"},"schema":{"@context":"https:\/\/schema.org","@graph":[{"@type":"WebPage","@id":"https:\/\/nmc.sk\/en\/em2025-rodenakova-martina\/","url":"https:\/\/nmc.sk\/en\/em2025-rodenakova-martina\/","name":"EM2025-Rodenakova-Martina - NMC","isPartOf":{"@id":"https:\/\/nmc.sk\/en\/#website"},"datePublished":"2025-08-02T15:03:57+00:00","dateModified":"2025-09-02T12:19:39+00:00","breadcrumb":{"@id":"https:\/\/nmc.sk\/en\/em2025-rodenakova-martina\/#breadcrumb"},"inLanguage":"en-US","potentialAction":[{"@type":"ReadAction","target":["https:\/\/nmc.sk\/en\/em2025-rodenakova-martina\/"]}]},{"@type":"BreadcrumbList","@id":"https:\/\/nmc.sk\/en\/em2025-rodenakova-martina\/#breadcrumb","itemListElement":[{"@type":"ListItem","position":1,"name":"Home","item":"https:\/\/nmc.sk\/en\/"},{"@type":"ListItem","position":2,"name":"EM2025-Rodenakova-Martina"}]},{"@type":"WebSite","@id":"https:\/\/nmc.sk\/en\/#website","url":"https:\/\/nmc.sk\/en\/","name":"NMC","description":"","publisher":{"@id":"https:\/\/nmc.sk\/en\/#organization"},"potentialAction":[{"@type":"SearchAction","target":{"@type":"EntryPoint","urlTemplate":"https:\/\/nmc.sk\/en\/?s={search_term_string}"},"query-input":{"@type":"PropertyValueSpecification","valueRequired":true,"valueName":"search_term_string"}}],"inLanguage":"en-US"},{"@type":"Organization","@id":"https:\/\/nmc.sk\/en\/#organization","name":"NMC","url":"https:\/\/nmc.sk\/en\/","logo":{"@type":"ImageObject","inLanguage":"en-US","@id":"https:\/\/nmc.sk\/en\/#\/schema\/logo\/image\/","url":"","contentUrl":"","caption":"NMC"},"image":{"@id":"https:\/\/nmc.sk\/en\/#\/schema\/logo\/image\/"}}]}},"_links":{"self":[{"href":"https:\/\/nmc.sk\/en\/wp-json\/wp\/v2\/pages\/6446","targetHints":{"allow":["GET"]}}],"collection":[{"href":"https:\/\/nmc.sk\/en\/wp-json\/wp\/v2\/pages"}],"about":[{"href":"https:\/\/nmc.sk\/en\/wp-json\/wp\/v2\/types\/page"}],"author":[{"embeddable":true,"href":"https:\/\/nmc.sk\/en\/wp-json\/wp\/v2\/users\/3"}],"replies":[{"embeddable":true,"href":"https:\/\/nmc.sk\/en\/wp-json\/wp\/v2\/comments?post=6446"}],"version-history":[{"count":5,"href":"https:\/\/nmc.sk\/en\/wp-json\/wp\/v2\/pages\/6446\/revisions"}],"predecessor-version":[{"id":6449,"href":"https:\/\/nmc.sk\/en\/wp-json\/wp\/v2\/pages\/6446\/revisions\/6449"}],"wp:attachment":[{"href":"https:\/\/nmc.sk\/en\/wp-json\/wp\/v2\/media?parent=6446"}],"curies":[{"name":"wp","href":"https:\/\/api.w.org\/{rel}","templated":true}]}}